{"id":2743,"date":"2024-10-09T10:29:24","date_gmt":"2024-10-09T08:29:24","guid":{"rendered":"https:\/\/pcpr.elk.pl\/?page_id=2743"},"modified":"2024-10-09T11:37:09","modified_gmt":"2024-10-09T09:37:09","slug":"wolontariat","status":"publish","type":"page","link":"https:\/\/pcpr.elk.pl\/index.php\/wolontariat\/","title":{"rendered":"Wolontariat"},"content":{"rendered":"\n<h2 style=\"text-align: center;\"><span style=\"color: #333399;\"><strong>Powiatowe Centrum Pomocy Rodzinie w E\u0142ku poszukuje wolontariuszy do\u00a0pracy z\u00a0dzie\u0107mi w\u00a0pieczy zast\u0119pczej na\u00a0terenie powiatu e\u0142ckiego.<\/strong><\/span><\/h2>\n<ol>\n<li>\n<p align=\"JUSTIFY\">Z\u00a0wolontariuszami zostanie podpisane porozumienie wolontariackie, <span style=\"color: #333333;\">kt\u00f3re<\/span> okre\u015bla zasady obop\u00f3lnej wsp\u00f3\u0142pracy.<\/p>\n<\/li>\n<li>\n<p align=\"JUSTIFY\">Wolontariusze zostan\u0105 wprowadzeni do\u00a0rodziny zast\u0119pczej przez\u00a0koordynator\u00f3w rodzinnej pieczy zast\u0119pczej b\u0105d\u017a pracownika socjalnego pracuj\u0105cego z rodzin\u0105.<\/p>\n<\/li>\n<li>\n<p align=\"JUSTIFY\">Wolontariat odbywa si\u0119 wy\u0142\u0105cznie w\u00a0miejscu zamieszkania rodziny zast\u0119pczej.<\/p>\n<\/li>\n<li>\n<p align=\"JUSTIFY\">Wolontariusz dokumentuje przebieg swojej pracy za\u00a0pomoc\u0105 miesi\u0119cznych kart pracy, kt\u00f3re co\u00a0miesi\u0105c dostarcza do\u00a0PCPR-u.<\/p>\n<\/li>\n<li>\n<p align=\"JUSTIFY\">Wolontariusze pozostaj\u0105 w\u00a0sta\u0142ym kontakcie z\u00a0koordynatorem danej rodziny b\u0105d\u017a pracownikiem socjalnym pracuj\u0105cym z rodzin\u0105<\/p>\n<\/li>\n<li>\n<p align=\"JUSTIFY\">Wolontariusze otrzymaj\u0105 za\u015bwiadczenia i\u00a0referencje oraz\u00a0mo\u017cliwo\u015b\u0107 zdobycia nowych do\u015bwiadcze\u0144.<\/p>\n<\/li>\n<\/ol>\n<p align=\"JUSTIFY\"><strong>Zadania:<\/strong><\/p>\n<ul>\n<li>\n<p align=\"JUSTIFY\">pomoc w\u00a0bie\u017c\u0105cej nauce i\u00a0odrabianiu lekcji<\/p>\n<\/li>\n<li>\n<p align=\"JUSTIFY\">aktywizacja spo\u0142eczna dzieci i\u00a0m\u0142odzie\u017cy<\/p>\n<\/li>\n<li>\n<p align=\"JUSTIFY\">pomoc w\u00a0organizacji czasu wolnego poprzez udzia\u0142 w\u00a0grach i\u00a0zabawach<\/p>\n<\/li>\n<\/ul>\n<p align=\"JUSTIFY\">W\u00a0trakcie dzia\u0142ania w\u00a0wolontariacie PCPR zapewnia wsparcie koordynator\u00f3w rodzinnej pieczy zast\u0119pczej, pracownik\u00f3w socjalnych, kt\u00f3rzy\u00a0pomog\u0105 w\u00a0rozwi\u0105zywaniu sytuacji trudnych oraz\u00a0podziel\u0105 si\u0119 swoj\u0105 wiedz\u0105 i\u00a0do\u015bwiadczeniem.<\/p>\n<p align=\"JUSTIFY\">Ilo\u015b\u0107 godzin w\u00a0tygodniu pracy wolontariusza b\u0119dzie uzale\u017cniona od\u00a0potrzeb rodziny oraz\u00a0dyspozycyjno\u015bci czasowej osoby pomagaj\u0105cej.<\/p>\n<p align=\"JUSTIFY\"><b>Kto mo\u017ce zosta\u0107 Wolontariuszem?<\/b><\/p>\n<p align=\"JUSTIFY\">Wolontariuszem mo\u017ce zosta\u0107 osoba pe\u0142noletnia, kt\u00f3ra chce nie\u015b\u0107 pomoc innym, nawi\u0105za\u0107 nowe kontakty, ciekawie i tw\u00f3rczo sp\u0119dza\u0107 wolny czas podnosi\u0107 w\u0142asne kompetencje i umiej\u0119tno\u015bci wychowawcze, zdobywa\u0107 do\u015bwiadczenie w pracy z dzie\u0107mi i m\u0142odzie\u017c\u0105 oraz wiele innych.<\/p>\n<p align=\"JUSTIFY\">Zgodnie z ustaw\u0105 z dnia 9 czerwca 2011r. o wspieraniu rodziny i systemie pieczy zast\u0119pczej (Dz. U. z 2024 r. poz. 177 ze zm) wolontariuszem mo\u017ce zosta\u0107 osoba, kt\u00f3ra:<\/p>\n<ul>\n<li>\n<p align=\"JUSTIFY\">nie jest i nie by\u0142a pozbawiona w\u0142adzy rodzicielskiej oraz w\u0142adza rodzicielska nie jest jej ograniczona ani zawieszona,<\/p>\n<\/li>\n<\/ul>\n<ul>\n<li>\n<p align=\"JUSTIFY\">wype\u0142nia obowi\u0105zek alimentacyjny \u2013 w przypadku gdy taki obowi\u0105zek w stosunku do niej wynika\u0142 z tytu\u0142u egzekucyjnego,<\/p>\n<\/li>\n<li>\n<p align=\"JUSTIFY\">nie by\u0142a skazana prawomocnym wyrokiem za umy\u015blne przest\u0119pstwo lub umy\u015blne przest\u0119pstwo skarbowe,<\/p>\n<\/li>\n<li>\n<p align=\"JUSTIFY\">nie figuruje w bazie danych Rejestru Sprawc\u00f3w Przest\u0119pstw na Tle Seksualnym z dost\u0119pem ograniczonym.<\/p>\n<\/li>\n<\/ul>\n<h4 align=\"JUSTIFY\"><span style=\"color: #000000;\"><strong>Osoby zainteresowane pe\u0142nieniem wolontariatu proszone s\u0105\u00a0o\u00a0kontakt z\u00a0pracownikiem PCPR-u pod\u00a0numerem tel.\u00a0876211550 \u00a0lub w siedzibie Powiatowego Centrum Pomocy Rodzinie w E\u0142ku,\u00a0\u00a0 ul. <b>Marsza\u0142ka J\u00f3zefa Pi\u0142sudskiego 5, 19-300 E\u0142k <\/b><\/strong><\/span><\/h4>\n<p>\u00a0<\/p>\n<p><strong>Pliki do pobrania:<\/strong><\/p>\n<ol>\n<li><a href=\"https:\/\/pcpr.elk.pl\/wp-content\/uploads\/2024\/10\/kwestionariusz-kandydata-na-wolontariusza.pdf\">Kwestionariusz kandydata na wolontariusza &#8211; Pobierz<\/a><\/li>\n<li><a href=\"https:\/\/pcpr.elk.pl\/wp-content\/uploads\/2024\/10\/karta-pracy-wolontariusza.pdf\">Karta pracy wolontariusza &#8211; Pobierz<\/a><\/li>\n<li><a href=\"https:\/\/pcpr.elk.pl\/wp-content\/uploads\/2024\/10\/Infomacja-dot.-przet.-dan.-RSPTS.pdf\">Informacja dot. przetwarzania danych osobowych &#8211; Pobierz<\/a><\/li>\n<li><a href=\"https:\/\/pcpr.elk.pl\/wp-content\/uploads\/2024\/10\/Oswiadczenie.pdf\">O\u015bwiadczenie &#8211; Pobierz<\/a><\/li>\n<li><a href=\"https:\/\/pcpr.elk.pl\/wp-content\/uploads\/2024\/10\/Klauzula-RODO.pdf\">Klauzula RODO &#8211; Pobierz<\/a><\/li>\n<\/ol>\n<p><img loading=\"lazy\" class=\"aligncenter  wp-image-2762\" src=\"https:\/\/pcpr.elk.pl\/wp-content\/uploads\/2024\/10\/plakat-724x1024.jpg\" alt=\"\" width=\"461\" height=\"652\" srcset=\"https:\/\/pcpr.elk.pl\/wp-content\/uploads\/2024\/10\/plakat-724x1024.jpg 724w, https:\/\/pcpr.elk.pl\/wp-content\/uploads\/2024\/10\/plakat-212x300.jpg 212w, https:\/\/pcpr.elk.pl\/wp-content\/uploads\/2024\/10\/plakat-768x1086.jpg 768w, https:\/\/pcpr.elk.pl\/wp-content\/uploads\/2024\/10\/plakat-1086x1536.jpg 1086w, https:\/\/pcpr.elk.pl\/wp-content\/uploads\/2024\/10\/plakat-1448x2048.jpg 1448w, https:\/\/pcpr.elk.pl\/wp-content\/uploads\/2024\/10\/plakat-17x24.jpg 17w, https:\/\/pcpr.elk.pl\/wp-content\/uploads\/2024\/10\/plakat-25x36.jpg 25w, https:\/\/pcpr.elk.pl\/wp-content\/uploads\/2024\/10\/plakat-34x48.jpg 34w, https:\/\/pcpr.elk.pl\/wp-content\/uploads\/2024\/10\/plakat-scaled.jpg 1810w\" sizes=\"(max-width: 461px) 100vw, 461px\" \/><\/p>\n","protected":false},"excerpt":{"rendered":"<p>Powiatowe Centrum Pomocy Rodzinie w E\u0142ku poszukuje wolontariuszy do\u00a0pracy z\u00a0dzie\u0107mi w\u00a0pieczy zast\u0119pczej na\u00a0terenie powiatu e\u0142ckiego. Z\u00a0wolontariuszami zostanie podpisane porozumienie wolontariackie, kt\u00f3re okre\u015bla zasady obop\u00f3lnej wsp\u00f3\u0142pracy. Wolontariusze zostan\u0105 wprowadzeni do\u00a0rodziny zast\u0119pczej przez\u00a0koordynator\u00f3w rodzinnej pieczy zast\u0119pczej b\u0105d\u017a pracownika socjalnego pracuj\u0105cego z rodzin\u0105. Wolontariat odbywa si\u0119 wy\u0142\u0105cznie w\u00a0miejscu zamieszkania rodziny zast\u0119pczej. Wolontariusz dokumentuje przebieg swojej pracy za\u00a0pomoc\u0105 miesi\u0119cznych [&hellip;]<\/p>\n","protected":false},"author":3,"featured_media":0,"parent":0,"menu_order":0,"comment_status":"closed","ping_status":"closed","template":"","meta":[],"_links":{"self":[{"href":"https:\/\/pcpr.elk.pl\/index.php\/wp-json\/wp\/v2\/pages\/2743"}],"collection":[{"href":"https:\/\/pcpr.elk.pl\/index.php\/wp-json\/wp\/v2\/pages"}],"about":[{"href":"https:\/\/pcpr.elk.pl\/index.php\/wp-json\/wp\/v2\/types\/page"}],"author":[{"embeddable":true,"href":"https:\/\/pcpr.elk.pl\/index.php\/wp-json\/wp\/v2\/users\/3"}],"replies":[{"embeddable":true,"href":"https:\/\/pcpr.elk.pl\/index.php\/wp-json\/wp\/v2\/comments?post=2743"}],"version-history":[{"count":9,"href":"https:\/\/pcpr.elk.pl\/index.php\/wp-json\/wp\/v2\/pages\/2743\/revisions"}],"predecessor-version":[{"id":2763,"href":"https:\/\/pcpr.elk.pl\/index.php\/wp-json\/wp\/v2\/pages\/2743\/revisions\/2763"}],"wp:attachment":[{"href":"https:\/\/pcpr.elk.pl\/index.php\/wp-json\/wp\/v2\/media?parent=2743"}],"curies":[{"name":"wp","href":"https:\/\/api.w.org\/{rel}","templated":true}]}}