{"id":2641,"date":"2024-08-27T09:40:10","date_gmt":"2024-08-27T07:40:10","guid":{"rendered":"https:\/\/pcpr.elk.pl\/?page_id=2641"},"modified":"2026-03-20T07:55:59","modified_gmt":"2026-03-20T06:55:59","slug":"aktualnosci","status":"publish","type":"page","link":"https:\/\/pcpr.elk.pl\/index.php\/aktualnosci\/","title":{"rendered":"Aktualno\u015bci"},"content":{"rendered":"\n<p><\/p>\n\n\n\n<h3 style=\"text-align: center;\"><img loading=\"lazy\" class=\"aligncenter size-large wp-image-2434\" src=\"https:\/\/pcpr.elk.pl\/wp-content\/uploads\/2024\/04\/zestawienie-znakow-kolorowe-1-1024x120.jpg\" alt=\"\" width=\"683\" height=\"80\" srcset=\"https:\/\/pcpr.elk.pl\/wp-content\/uploads\/2024\/04\/zestawienie-znakow-kolorowe-1-1024x120.jpg 1024w, https:\/\/pcpr.elk.pl\/wp-content\/uploads\/2024\/04\/zestawienie-znakow-kolorowe-1-300x35.jpg 300w, https:\/\/pcpr.elk.pl\/wp-content\/uploads\/2024\/04\/zestawienie-znakow-kolorowe-1-768x90.jpg 768w, https:\/\/pcpr.elk.pl\/wp-content\/uploads\/2024\/04\/zestawienie-znakow-kolorowe-1-1536x181.jpg 1536w, https:\/\/pcpr.elk.pl\/wp-content\/uploads\/2024\/04\/zestawienie-znakow-kolorowe-1-2048x241.jpg 2048w, https:\/\/pcpr.elk.pl\/wp-content\/uploads\/2024\/04\/zestawienie-znakow-kolorowe-1-24x3.jpg 24w, https:\/\/pcpr.elk.pl\/wp-content\/uploads\/2024\/04\/zestawienie-znakow-kolorowe-1-36x4.jpg 36w, https:\/\/pcpr.elk.pl\/wp-content\/uploads\/2024\/04\/zestawienie-znakow-kolorowe-1-48x6.jpg 48w\" sizes=\"(max-width: 683px) 100vw, 683px\" \/><\/h3>\n<p><img loading=\"lazy\" class=\"alignnone size-full wp-image-3639\" src=\"https:\/\/pcpr.elk.pl\/wp-content\/uploads\/2026\/03\/plakatt.png\" alt=\"\" width=\"1024\" height=\"1536\" srcset=\"https:\/\/pcpr.elk.pl\/wp-content\/uploads\/2026\/03\/plakatt.png 1024w, https:\/\/pcpr.elk.pl\/wp-content\/uploads\/2026\/03\/plakatt-200x300.png 200w, https:\/\/pcpr.elk.pl\/wp-content\/uploads\/2026\/03\/plakatt-683x1024.png 683w, https:\/\/pcpr.elk.pl\/wp-content\/uploads\/2026\/03\/plakatt-768x1152.png 768w, https:\/\/pcpr.elk.pl\/wp-content\/uploads\/2026\/03\/plakatt-16x24.png 16w, https:\/\/pcpr.elk.pl\/wp-content\/uploads\/2026\/03\/plakatt-24x36.png 24w, https:\/\/pcpr.elk.pl\/wp-content\/uploads\/2026\/03\/plakatt-32x48.png 32w\" sizes=\"(max-width: 1024px) 100vw, 1024px\" \/><\/p>\n<hr \/>\n<div class=\"html-div xdj266r x14z9mp xat24cr x1lziwak xexx8yu xyri2b x18d9i69 x1c1uobl\" dir=\"auto\">\n<div class=\"html-div xdj266r x14z9mp xat24cr x1lziwak xexx8yu xyri2b x18d9i69 x1c1uobl\" data-ad-rendering-role=\"story_message\">\n<div id=\"_r_2r_\" class=\"x1l90r2v x1iorvi4 x1g0dm76 xpdmqnj\" data-ad-comet-preview=\"message\" data-ad-preview=\"message\">\n<div class=\"x78zum5 xdt5ytf xz62fqu x16ldp7u\">\n<div class=\"xu06os2 x1ok221b\">\n<div class=\"html-div xdj266r x14z9mp xat24cr x1lziwak xexx8yu xyri2b x18d9i69 x1c1uobl\">\n<div class=\"xdj266r x14z9mp xat24cr x1lziwak x1vvkbs x126k92a\">\n<h3 dir=\"auto\"><img loading=\"lazy\" class=\"alignnone size-full wp-image-3631\" src=\"https:\/\/pcpr.elk.pl\/wp-content\/uploads\/2026\/03\/1.png\" alt=\"\" width=\"940\" height=\"788\" srcset=\"https:\/\/pcpr.elk.pl\/wp-content\/uploads\/2026\/03\/1.png 940w, https:\/\/pcpr.elk.pl\/wp-content\/uploads\/2026\/03\/1-300x251.png 300w, https:\/\/pcpr.elk.pl\/wp-content\/uploads\/2026\/03\/1-768x644.png 768w, https:\/\/pcpr.elk.pl\/wp-content\/uploads\/2026\/03\/1-24x20.png 24w, https:\/\/pcpr.elk.pl\/wp-content\/uploads\/2026\/03\/1-36x30.png 36w, https:\/\/pcpr.elk.pl\/wp-content\/uploads\/2026\/03\/1-48x40.png 48w\" sizes=\"(max-width: 940px) 100vw, 940px\" \/><\/h3>\n<\/div>\n<\/div>\n<div class=\"html-div xdj266r x14z9mp xat24cr x1lziwak xexx8yu xyri2b x18d9i69 x1c1uobl\">\n<div class=\"xdj266r x14z9mp xat24cr x1lziwak x1vvkbs x126k92a\">\n<h3 dir=\"auto\">\u00a0<\/h3>\n<hr \/>\n<h3 dir=\"auto\" style=\"text-align: center;\"><strong>Szkolenie dla kandydat\u00f3w do pe\u0142nienia funkcji rodziny zast\u0119pczej<\/strong><\/h3>\n<div dir=\"auto\" style=\"text-align: justify;\">W dniu 21 lutego 2026 r.\u00a0 10 os\u00f3b uko\u0144czy\u0142o szkolenie dla kandydat\u00f3w do pe\u0142nienia funkcji rodziny zast\u0119pczej, kt\u00f3re rozpocz\u0119\u0142o si\u0119 25 pa\u017adziernika 2025 roku.<\/div>\n<div dir=\"auto\">\n<div class=\"html-div xdj266r x14z9mp xat24cr x1lziwak xexx8yu xyri2b x18d9i69 x1c1uobl\" dir=\"auto\">\n<div class=\"html-div xdj266r x14z9mp xat24cr x1lziwak xexx8yu xyri2b x18d9i69 x1c1uobl\" data-ad-rendering-role=\"story_message\">\n<div class=\"x1l90r2v x1iorvi4 x1g0dm76 xpdmqnj\" data-ad-comet-preview=\"message\" data-ad-preview=\"message\">\n<div class=\"x78zum5 xdt5ytf xz62fqu x16ldp7u\">\n<div class=\"xu06os2 x1ok221b\">\n<div class=\"html-div xdj266r x14z9mp xat24cr x1lziwak xexx8yu xyri2b x18d9i69 x1c1uobl\">\n<div class=\"xdj266r x14z9mp xat24cr x1lziwak x1vvkbs x126k92a\">\n<div dir=\"auto\" style=\"text-align: justify;\">Przez ostatnie miesi\u0105ce uczestnicy szkolenia zdobywali wiedz\u0119 i umiej\u0119tno\u015bci niezb\u0119dne do zapewnienia dzieciom bezpiecze\u0144stwa, wsparcia oraz stabilnego, pe\u0142nego ciep\u0142a domu.<\/div>\n<\/div>\n<\/div>\n<\/div>\n<\/div>\n<div dir=\"auto\">\u00a0<\/div>\n<div class=\"x78zum5 xdt5ytf xz62fqu x16ldp7u\">\n<div class=\"xu06os2 x1ok221b\">\n<div class=\"html-div xdj266r x14z9mp xat24cr x1lziwak xexx8yu xyri2b x18d9i69 x1c1uobl\">\n<div class=\"xdj266r x14z9mp xat24cr x1lziwak x1vvkbs x126k92a\">\n<div dir=\"auto\" style=\"text-align: justify;\">Gratulujemy wszystkim uczestnikom wytrwa\u0142o\u015bci, zaanga\u017cowania i otwarto\u015bci na nowe wyzwania.<\/div>\n<div dir=\"auto\">\u00a0<\/div>\n<\/div>\n<div dir=\"auto\" style=\"text-align: justify;\">Wydarzenie zosta\u0142o zrealizowane w ramach projektu \u201eKrok w przysz\u0142o\u015b\u0107\u201d, wsp\u00f3\u0142finansowanego ze \u015brodk\u00f3w EFS+ FEWiM 2021\u20132027.<\/div>\n<\/div>\n<\/div>\n<div dir=\"auto\">\u00a0<\/div>\n<\/div>\n<\/div>\n<div dir=\"auto\"><img loading=\"lazy\" class=\"alignnone size-full wp-image-3543\" src=\"https:\/\/pcpr.elk.pl\/wp-content\/uploads\/2026\/02\/20260221_103930-scaled.jpg\" alt=\"\" width=\"2560\" height=\"1523\" srcset=\"https:\/\/pcpr.elk.pl\/wp-content\/uploads\/2026\/02\/20260221_103930-scaled.jpg 2560w, https:\/\/pcpr.elk.pl\/wp-content\/uploads\/2026\/02\/20260221_103930-300x178.jpg 300w, https:\/\/pcpr.elk.pl\/wp-content\/uploads\/2026\/02\/20260221_103930-1024x609.jpg 1024w, https:\/\/pcpr.elk.pl\/wp-content\/uploads\/2026\/02\/20260221_103930-768x457.jpg 768w, https:\/\/pcpr.elk.pl\/wp-content\/uploads\/2026\/02\/20260221_103930-1536x914.jpg 1536w, https:\/\/pcpr.elk.pl\/wp-content\/uploads\/2026\/02\/20260221_103930-2048x1218.jpg 2048w, https:\/\/pcpr.elk.pl\/wp-content\/uploads\/2026\/02\/20260221_103930-24x14.jpg 24w, https:\/\/pcpr.elk.pl\/wp-content\/uploads\/2026\/02\/20260221_103930-36x21.jpg 36w, https:\/\/pcpr.elk.pl\/wp-content\/uploads\/2026\/02\/20260221_103930-48x29.jpg 48w\" sizes=\"(max-width: 2560px) 100vw, 2560px\" \/><\/div>\n<div dir=\"auto\"><img loading=\"lazy\" class=\"alignnone size-full wp-image-3544\" src=\"https:\/\/pcpr.elk.pl\/wp-content\/uploads\/2026\/02\/20260221_103531-scaled.jpg\" alt=\"\" width=\"2560\" height=\"1920\" srcset=\"https:\/\/pcpr.elk.pl\/wp-content\/uploads\/2026\/02\/20260221_103531-scaled.jpg 2560w, https:\/\/pcpr.elk.pl\/wp-content\/uploads\/2026\/02\/20260221_103531-300x225.jpg 300w, https:\/\/pcpr.elk.pl\/wp-content\/uploads\/2026\/02\/20260221_103531-1024x768.jpg 1024w, https:\/\/pcpr.elk.pl\/wp-content\/uploads\/2026\/02\/20260221_103531-768x576.jpg 768w, https:\/\/pcpr.elk.pl\/wp-content\/uploads\/2026\/02\/20260221_103531-1536x1152.jpg 1536w, https:\/\/pcpr.elk.pl\/wp-content\/uploads\/2026\/02\/20260221_103531-2048x1536.jpg 2048w, https:\/\/pcpr.elk.pl\/wp-content\/uploads\/2026\/02\/20260221_103531-24x18.jpg 24w, https:\/\/pcpr.elk.pl\/wp-content\/uploads\/2026\/02\/20260221_103531-36x27.jpg 36w, https:\/\/pcpr.elk.pl\/wp-content\/uploads\/2026\/02\/20260221_103531-48x36.jpg 48w\" sizes=\"(max-width: 2560px) 100vw, 2560px\" \/><\/div>\n<div dir=\"auto\"><img loading=\"lazy\" class=\"alignnone size-full wp-image-3545\" src=\"https:\/\/pcpr.elk.pl\/wp-content\/uploads\/2026\/02\/20260221_103400-scaled.jpg\" alt=\"\" width=\"2560\" height=\"1920\" srcset=\"https:\/\/pcpr.elk.pl\/wp-content\/uploads\/2026\/02\/20260221_103400-scaled.jpg 2560w, https:\/\/pcpr.elk.pl\/wp-content\/uploads\/2026\/02\/20260221_103400-300x225.jpg 300w, https:\/\/pcpr.elk.pl\/wp-content\/uploads\/2026\/02\/20260221_103400-1024x768.jpg 1024w, https:\/\/pcpr.elk.pl\/wp-content\/uploads\/2026\/02\/20260221_103400-768x576.jpg 768w, https:\/\/pcpr.elk.pl\/wp-content\/uploads\/2026\/02\/20260221_103400-1536x1152.jpg 1536w, https:\/\/pcpr.elk.pl\/wp-content\/uploads\/2026\/02\/20260221_103400-2048x1536.jpg 2048w, https:\/\/pcpr.elk.pl\/wp-content\/uploads\/2026\/02\/20260221_103400-24x18.jpg 24w, https:\/\/pcpr.elk.pl\/wp-content\/uploads\/2026\/02\/20260221_103400-36x27.jpg 36w, https:\/\/pcpr.elk.pl\/wp-content\/uploads\/2026\/02\/20260221_103400-48x36.jpg 48w\" sizes=\"(max-width: 2560px) 100vw, 2560px\" \/><\/div>\n<div dir=\"auto\"><img loading=\"lazy\" class=\"alignnone size-full wp-image-3546\" src=\"https:\/\/pcpr.elk.pl\/wp-content\/uploads\/2026\/02\/20260221_103554-scaled.jpg\" alt=\"\" width=\"2560\" height=\"1920\" srcset=\"https:\/\/pcpr.elk.pl\/wp-content\/uploads\/2026\/02\/20260221_103554-scaled.jpg 2560w, https:\/\/pcpr.elk.pl\/wp-content\/uploads\/2026\/02\/20260221_103554-300x225.jpg 300w, https:\/\/pcpr.elk.pl\/wp-content\/uploads\/2026\/02\/20260221_103554-1024x768.jpg 1024w, https:\/\/pcpr.elk.pl\/wp-content\/uploads\/2026\/02\/20260221_103554-768x576.jpg 768w, https:\/\/pcpr.elk.pl\/wp-content\/uploads\/2026\/02\/20260221_103554-1536x1152.jpg 1536w, https:\/\/pcpr.elk.pl\/wp-content\/uploads\/2026\/02\/20260221_103554-2048x1536.jpg 2048w, https:\/\/pcpr.elk.pl\/wp-content\/uploads\/2026\/02\/20260221_103554-24x18.jpg 24w, https:\/\/pcpr.elk.pl\/wp-content\/uploads\/2026\/02\/20260221_103554-36x27.jpg 36w, https:\/\/pcpr.elk.pl\/wp-content\/uploads\/2026\/02\/20260221_103554-48x36.jpg 48w\" sizes=\"(max-width: 2560px) 100vw, 2560px\" \/><\/div>\n<\/div>\n<\/div>\n<div class=\"html-div xdj266r x14z9mp xat24cr x1lziwak xexx8yu xyri2b x18d9i69 x1c1uobl\" dir=\"auto\">\n<div class=\"html-div xdj266r x14z9mp xat24cr x1lziwak xexx8yu xyri2b x18d9i69 x1c1uobl\" data-ad-rendering-role=\"story_message\">\n<div dir=\"auto\"><img loading=\"lazy\" class=\"alignnone size-full wp-image-3542\" src=\"https:\/\/pcpr.elk.pl\/wp-content\/uploads\/2026\/02\/20260221_1039020-scaled.jpg\" alt=\"\" width=\"2560\" height=\"1395\" srcset=\"https:\/\/pcpr.elk.pl\/wp-content\/uploads\/2026\/02\/20260221_1039020-scaled.jpg 2560w, https:\/\/pcpr.elk.pl\/wp-content\/uploads\/2026\/02\/20260221_1039020-300x164.jpg 300w, https:\/\/pcpr.elk.pl\/wp-content\/uploads\/2026\/02\/20260221_1039020-1024x558.jpg 1024w, https:\/\/pcpr.elk.pl\/wp-content\/uploads\/2026\/02\/20260221_1039020-768x419.jpg 768w, https:\/\/pcpr.elk.pl\/wp-content\/uploads\/2026\/02\/20260221_1039020-1536x837.jpg 1536w, https:\/\/pcpr.elk.pl\/wp-content\/uploads\/2026\/02\/20260221_1039020-2048x1116.jpg 2048w, https:\/\/pcpr.elk.pl\/wp-content\/uploads\/2026\/02\/20260221_1039020-24x13.jpg 24w, https:\/\/pcpr.elk.pl\/wp-content\/uploads\/2026\/02\/20260221_1039020-36x20.jpg 36w, https:\/\/pcpr.elk.pl\/wp-content\/uploads\/2026\/02\/20260221_1039020-48x26.jpg 48w\" sizes=\"(max-width: 2560px) 100vw, 2560px\" \/><\/div>\n<\/div>\n<div dir=\"auto\"><img loading=\"lazy\" class=\"alignnone size-full wp-image-3547\" src=\"https:\/\/pcpr.elk.pl\/wp-content\/uploads\/2026\/02\/20260221_103507-scaled.jpg\" alt=\"\" width=\"2560\" height=\"1920\" srcset=\"https:\/\/pcpr.elk.pl\/wp-content\/uploads\/2026\/02\/20260221_103507-scaled.jpg 2560w, https:\/\/pcpr.elk.pl\/wp-content\/uploads\/2026\/02\/20260221_103507-300x225.jpg 300w, https:\/\/pcpr.elk.pl\/wp-content\/uploads\/2026\/02\/20260221_103507-1024x768.jpg 1024w, https:\/\/pcpr.elk.pl\/wp-content\/uploads\/2026\/02\/20260221_103507-768x576.jpg 768w, https:\/\/pcpr.elk.pl\/wp-content\/uploads\/2026\/02\/20260221_103507-1536x1152.jpg 1536w, https:\/\/pcpr.elk.pl\/wp-content\/uploads\/2026\/02\/20260221_103507-2048x1536.jpg 2048w, https:\/\/pcpr.elk.pl\/wp-content\/uploads\/2026\/02\/20260221_103507-24x18.jpg 24w, https:\/\/pcpr.elk.pl\/wp-content\/uploads\/2026\/02\/20260221_103507-36x27.jpg 36w, https:\/\/pcpr.elk.pl\/wp-content\/uploads\/2026\/02\/20260221_103507-48x36.jpg 48w\" sizes=\"(max-width: 2560px) 100vw, 2560px\" \/><\/div>\n<div dir=\"auto\"><img loading=\"lazy\" class=\"alignnone size-full wp-image-3548\" src=\"https:\/\/pcpr.elk.pl\/wp-content\/uploads\/2026\/02\/20260221_103746-scaled.jpg\" alt=\"\" width=\"2560\" height=\"1920\" srcset=\"https:\/\/pcpr.elk.pl\/wp-content\/uploads\/2026\/02\/20260221_103746-scaled.jpg 2560w, https:\/\/pcpr.elk.pl\/wp-content\/uploads\/2026\/02\/20260221_103746-300x225.jpg 300w, https:\/\/pcpr.elk.pl\/wp-content\/uploads\/2026\/02\/20260221_103746-1024x768.jpg 1024w, https:\/\/pcpr.elk.pl\/wp-content\/uploads\/2026\/02\/20260221_103746-768x576.jpg 768w, https:\/\/pcpr.elk.pl\/wp-content\/uploads\/2026\/02\/20260221_103746-1536x1152.jpg 1536w, https:\/\/pcpr.elk.pl\/wp-content\/uploads\/2026\/02\/20260221_103746-2048x1536.jpg 2048w, https:\/\/pcpr.elk.pl\/wp-content\/uploads\/2026\/02\/20260221_103746-24x18.jpg 24w, https:\/\/pcpr.elk.pl\/wp-content\/uploads\/2026\/02\/20260221_103746-36x27.jpg 36w, https:\/\/pcpr.elk.pl\/wp-content\/uploads\/2026\/02\/20260221_103746-48x36.jpg 48w\" sizes=\"(max-width: 2560px) 100vw, 2560px\" \/><\/div>\n<div dir=\"auto\"><img loading=\"lazy\" class=\"alignnone size-full wp-image-3549\" src=\"https:\/\/pcpr.elk.pl\/wp-content\/uploads\/2026\/02\/20260221_103733-scaled.jpg\" alt=\"\" width=\"2560\" height=\"1920\" srcset=\"https:\/\/pcpr.elk.pl\/wp-content\/uploads\/2026\/02\/20260221_103733-scaled.jpg 2560w, https:\/\/pcpr.elk.pl\/wp-content\/uploads\/2026\/02\/20260221_103733-300x225.jpg 300w, https:\/\/pcpr.elk.pl\/wp-content\/uploads\/2026\/02\/20260221_103733-1024x768.jpg 1024w, https:\/\/pcpr.elk.pl\/wp-content\/uploads\/2026\/02\/20260221_103733-768x576.jpg 768w, https:\/\/pcpr.elk.pl\/wp-content\/uploads\/2026\/02\/20260221_103733-1536x1152.jpg 1536w, https:\/\/pcpr.elk.pl\/wp-content\/uploads\/2026\/02\/20260221_103733-2048x1536.jpg 2048w, https:\/\/pcpr.elk.pl\/wp-content\/uploads\/2026\/02\/20260221_103733-24x18.jpg 24w, https:\/\/pcpr.elk.pl\/wp-content\/uploads\/2026\/02\/20260221_103733-36x27.jpg 36w, https:\/\/pcpr.elk.pl\/wp-content\/uploads\/2026\/02\/20260221_103733-48x36.jpg 48w\" sizes=\"(max-width: 2560px) 100vw, 2560px\" \/><\/div>\n<\/div>\n<\/div>\n<div dir=\"auto\">\u00a0<\/div>\n<\/div>\n<\/div>\n<\/div>\n<\/div>\n<div dir=\"auto\">\u00a0<\/div>\n<div class=\"x78zum5 xdt5ytf xz62fqu x16ldp7u\">\n<div class=\"xu06os2 x1ok221b\">\n<div class=\"html-div xdj266r x14z9mp xat24cr x1lziwak xexx8yu xyri2b x18d9i69 x1c1uobl\">\n<div class=\"xdj266r x14z9mp xat24cr x1lziwak x1vvkbs x126k92a\">\n<div dir=\"auto\">\n<div class=\"html-div xdj266r x14z9mp xat24cr x1lziwak xexx8yu xyri2b x18d9i69 x1c1uobl\" dir=\"auto\">\n<div class=\"html-div xdj266r x14z9mp xat24cr x1lziwak xexx8yu xyri2b x18d9i69 x1c1uobl\" data-ad-rendering-role=\"story_message\">\n<div class=\"x1l90r2v x1iorvi4 x1g0dm76 xpdmqnj\" data-ad-comet-preview=\"message\" data-ad-preview=\"message\">\n<div class=\"x78zum5 xdt5ytf xz62fqu x16ldp7u\">\n<div class=\"xu06os2 x1ok221b\">\n<div class=\"html-div xdj266r x14z9mp xat24cr x1lziwak xexx8yu xyri2b x18d9i69 x1c1uobl\">\n<div class=\"xdj266r x14z9mp xat24cr x1lziwak x1vvkbs x126k92a\">\n<div dir=\"auto\">\u00a0<\/div>\n<div dir=\"auto\"><hr \/><\/div>\n<\/div>\n<\/div>\n<\/div>\n<\/div>\n<\/div>\n<\/div>\n<\/div>\n<\/div>\n<div dir=\"auto\">\u00a0<\/div>\n<div dir=\"auto\" style=\"text-align: center;\"><strong>Spotkanie Miko\u0142ajkowe dla rodzin zast\u0119pczych i rodzinnych dom\u00f3w dziecka\u00a0<\/strong><\/div>\n<\/div>\n<\/div>\n<div dir=\"auto\" style=\"text-align: justify;\">\u00a0<\/div>\n<div class=\"html-div xdj266r x14z9mp xat24cr x1lziwak xexx8yu xyri2b x18d9i69 x1c1uobl\">\n<div class=\"x14z9mp xat24cr x1lziwak x1vvkbs xtlvy1s x126k92a\" style=\"text-align: justify;\">\n<div dir=\"auto\">Dnia 19 grudnia 2025 r. w Restauracji Fregata w E\u0142ku odby\u0142o si\u0119 wyj\u0105tkowe Spotkanie Miko\u0142ajkowe skierowane do rodzin zast\u0119pczych, os\u00f3b prowadz\u0105cych rodzinne domy dziecka oraz dzieci przebywaj\u0105cych w pieczy zast\u0119pczej.<\/div>\n<div dir=\"auto\">\u00a0<\/div>\n<\/div>\n<div class=\"x14z9mp xat24cr x1lziwak x1vvkbs xtlvy1s x126k92a\" style=\"text-align: justify;\">\n<div dir=\"auto\">W wydarzeniu wzi\u0119\u0142o udzia\u0142 oko\u0142o 150 os\u00f3b, kt\u00f3re wsp\u00f3lnie sp\u0119dzi\u0142y czas w \u015bwi\u0105tecznej, pe\u0142nej rado\u015bci atmosferze.<\/div>\n<\/div>\n<div class=\"x14z9mp xat24cr x1lziwak x1vvkbs xtlvy1s x126k92a\" style=\"text-align: justify;\">\n<div dir=\"auto\">Spotkanie trwa\u0142o od godziny 15:30 do 19:30 i obfitowa\u0142o w liczne atrakcje przygotowane z my\u015bl\u0105 zar\u00f3wno o dzieciach, jak i doros\u0142ych.<\/div>\n<div dir=\"auto\">\u00a0<\/div>\n<\/div>\n<div class=\"x14z9mp xat24cr x1lziwak x1vvkbs xtlvy1s x126k92a\" style=\"text-align: justify;\">\n<div dir=\"auto\">W programie znalaz\u0142y si\u0119 zabawy integracyjne, animacje i atrakcje \u015bwi\u0105teczne, gry i konkursy oraz kreatywne warsztaty.<\/div>\n<\/div>\n<div class=\"x14z9mp xat24cr x1lziwak x1vvkbs xtlvy1s x126k92a\" style=\"text-align: justify;\">\n<div dir=\"auto\">Najwi\u0119ksz\u0105 rado\u015b\u0107 najm\u0142odszym uczestnikom sprawi\u0142a wizyta \u015awi\u0119tego Miko\u0142aja i elf\u00f3w, kt\u00f3ra by\u0142a jednym z najbardziej wyczekiwanych moment\u00f3w wydarzenia. <span class=\"html-span xexx8yu xyri2b x18d9i69 x1c1uobl x1hl2dhg x16tdsg8 x1vvkbs x3nfvp2 x1j61x8r x1fcty0u xdj266r xat24cr xm2jcoa x1mpyi22 xxymvpz xlup9mm x1kky2od\"><img loading=\"lazy\" class=\"xz74otr x15mokao x1ga7v0g x16uus16 xbiv7yw\" src=\"https:\/\/static.xx.fbcdn.net\/images\/emoji.php\/v9\/t88\/1\/16\/1f385.png\" alt=\"\ud83c\udf85\" width=\"16\" height=\"16\" \/><\/span><\/div>\n<div dir=\"auto\">\u00a0<\/div>\n<\/div>\n<div class=\"x14z9mp xat24cr x1lziwak x1vvkbs xtlvy1s x126k92a\" style=\"text-align: justify;\">\n<div dir=\"auto\">W\u015br\u00f3d przyby\u0142ych go\u015bci obecne by\u0142y r\u00f3wnie\u017c Ewelina Truszkowska &#8211; Przewodnicz\u0105ca Komisji Rodziny, Zdrowia i Pomocy Spo\u0142ecznej oraz Natalia Piwko &#8211; Radna Powiatu E\u0142ckiego, kt\u00f3re aktywnie uczestniczy\u0142y w spotkaniu, wsp\u00f3lnie bawi\u0105c si\u0119 z dzie\u0107mi i w\u0142\u0105czaj\u0105c si\u0119 w \u015bwi\u0105teczne atrakcje.<\/div>\n<div dir=\"auto\">\u00a0<\/div>\n<\/div>\n<div class=\"x14z9mp xat24cr x1lziwak x1vvkbs xtlvy1s x126k92a\" style=\"text-align: justify;\">\n<div dir=\"auto\">Celem spotkania by\u0142o stworzenie przestrzeni do integracji, budowania relacji oraz wsp\u00f3lnego celebrowania nadchodz\u0105cych \u015awi\u0105t Bo\u017cego Narodzenia w gronie rodzin tworz\u0105cych piecz\u0119 zast\u0119pcz\u0105.<\/div>\n<div dir=\"auto\">\u00a0<\/div>\n<\/div>\n<div class=\"x14z9mp xat24cr x1lziwak x1vvkbs xtlvy1s x126k92a\">\n<div dir=\"auto\" style=\"text-align: justify;\">Wydarzenie zosta\u0142o zrealizowane w ramach projektu \u201eKrok w przysz\u0142o\u015b\u0107\u201d, wsp\u00f3\u0142finansowanego ze \u015brodk\u00f3w EFS+ FEWiM 2021\u20132027.<\/div>\n<div dir=\"auto\">\u00a0<\/div>\n<\/div>\n<\/div>\n<\/div>\n<\/div>\n<\/div>\n<\/div>\n<div dir=\"auto\"><img loading=\"lazy\" class=\"alignnone size-full wp-image-3425\" src=\"https:\/\/pcpr.elk.pl\/wp-content\/uploads\/2025\/12\/uDxPXr5y.jpg\" alt=\"\" width=\"1536\" height=\"2048\" srcset=\"https:\/\/pcpr.elk.pl\/wp-content\/uploads\/2025\/12\/uDxPXr5y.jpg 1536w, https:\/\/pcpr.elk.pl\/wp-content\/uploads\/2025\/12\/uDxPXr5y-225x300.jpg 225w, https:\/\/pcpr.elk.pl\/wp-content\/uploads\/2025\/12\/uDxPXr5y-768x1024.jpg 768w, https:\/\/pcpr.elk.pl\/wp-content\/uploads\/2025\/12\/uDxPXr5y-1152x1536.jpg 1152w, https:\/\/pcpr.elk.pl\/wp-content\/uploads\/2025\/12\/uDxPXr5y-18x24.jpg 18w, https:\/\/pcpr.elk.pl\/wp-content\/uploads\/2025\/12\/uDxPXr5y-27x36.jpg 27w, https:\/\/pcpr.elk.pl\/wp-content\/uploads\/2025\/12\/uDxPXr5y-36x48.jpg 36w\" sizes=\"(max-width: 1536px) 100vw, 1536px\" \/> <img loading=\"lazy\" class=\"alignnone size-full wp-image-3426\" src=\"https:\/\/pcpr.elk.pl\/wp-content\/uploads\/2025\/12\/Qirro1bF.jpg\" alt=\"\" width=\"1536\" height=\"2048\" srcset=\"https:\/\/pcpr.elk.pl\/wp-content\/uploads\/2025\/12\/Qirro1bF.jpg 1536w, https:\/\/pcpr.elk.pl\/wp-content\/uploads\/2025\/12\/Qirro1bF-225x300.jpg 225w, https:\/\/pcpr.elk.pl\/wp-content\/uploads\/2025\/12\/Qirro1bF-768x1024.jpg 768w, https:\/\/pcpr.elk.pl\/wp-content\/uploads\/2025\/12\/Qirro1bF-1152x1536.jpg 1152w, https:\/\/pcpr.elk.pl\/wp-content\/uploads\/2025\/12\/Qirro1bF-18x24.jpg 18w, https:\/\/pcpr.elk.pl\/wp-content\/uploads\/2025\/12\/Qirro1bF-27x36.jpg 27w, https:\/\/pcpr.elk.pl\/wp-content\/uploads\/2025\/12\/Qirro1bF-36x48.jpg 36w\" sizes=\"(max-width: 1536px) 100vw, 1536px\" \/> <img loading=\"lazy\" class=\"alignnone size-full wp-image-3427\" src=\"https:\/\/pcpr.elk.pl\/wp-content\/uploads\/2025\/12\/cz5X7cHU.jpg\" alt=\"\" width=\"1536\" height=\"2048\" srcset=\"https:\/\/pcpr.elk.pl\/wp-content\/uploads\/2025\/12\/cz5X7cHU.jpg 1536w, https:\/\/pcpr.elk.pl\/wp-content\/uploads\/2025\/12\/cz5X7cHU-225x300.jpg 225w, https:\/\/pcpr.elk.pl\/wp-content\/uploads\/2025\/12\/cz5X7cHU-768x1024.jpg 768w, https:\/\/pcpr.elk.pl\/wp-content\/uploads\/2025\/12\/cz5X7cHU-1152x1536.jpg 1152w, https:\/\/pcpr.elk.pl\/wp-content\/uploads\/2025\/12\/cz5X7cHU-18x24.jpg 18w, https:\/\/pcpr.elk.pl\/wp-content\/uploads\/2025\/12\/cz5X7cHU-27x36.jpg 27w, https:\/\/pcpr.elk.pl\/wp-content\/uploads\/2025\/12\/cz5X7cHU-36x48.jpg 36w\" sizes=\"(max-width: 1536px) 100vw, 1536px\" \/> <img loading=\"lazy\" class=\"alignnone size-full wp-image-3429\" src=\"https:\/\/pcpr.elk.pl\/wp-content\/uploads\/2025\/12\/ZUHsgzJU.jpg\" alt=\"\" width=\"2048\" height=\"1536\" srcset=\"https:\/\/pcpr.elk.pl\/wp-content\/uploads\/2025\/12\/ZUHsgzJU.jpg 2048w, https:\/\/pcpr.elk.pl\/wp-content\/uploads\/2025\/12\/ZUHsgzJU-300x225.jpg 300w, https:\/\/pcpr.elk.pl\/wp-content\/uploads\/2025\/12\/ZUHsgzJU-1024x768.jpg 1024w, https:\/\/pcpr.elk.pl\/wp-content\/uploads\/2025\/12\/ZUHsgzJU-768x576.jpg 768w, https:\/\/pcpr.elk.pl\/wp-content\/uploads\/2025\/12\/ZUHsgzJU-1536x1152.jpg 1536w, https:\/\/pcpr.elk.pl\/wp-content\/uploads\/2025\/12\/ZUHsgzJU-24x18.jpg 24w, https:\/\/pcpr.elk.pl\/wp-content\/uploads\/2025\/12\/ZUHsgzJU-36x27.jpg 36w, https:\/\/pcpr.elk.pl\/wp-content\/uploads\/2025\/12\/ZUHsgzJU-48x36.jpg 48w\" sizes=\"(max-width: 2048px) 100vw, 2048px\" \/> <img loading=\"lazy\" class=\"alignnone size-full wp-image-3430\" src=\"https:\/\/pcpr.elk.pl\/wp-content\/uploads\/2025\/12\/7UgBBqbA.jpg\" alt=\"\" width=\"2048\" height=\"1536\" srcset=\"https:\/\/pcpr.elk.pl\/wp-content\/uploads\/2025\/12\/7UgBBqbA.jpg 2048w, https:\/\/pcpr.elk.pl\/wp-content\/uploads\/2025\/12\/7UgBBqbA-300x225.jpg 300w, https:\/\/pcpr.elk.pl\/wp-content\/uploads\/2025\/12\/7UgBBqbA-1024x768.jpg 1024w, https:\/\/pcpr.elk.pl\/wp-content\/uploads\/2025\/12\/7UgBBqbA-768x576.jpg 768w, https:\/\/pcpr.elk.pl\/wp-content\/uploads\/2025\/12\/7UgBBqbA-1536x1152.jpg 1536w, https:\/\/pcpr.elk.pl\/wp-content\/uploads\/2025\/12\/7UgBBqbA-24x18.jpg 24w, https:\/\/pcpr.elk.pl\/wp-content\/uploads\/2025\/12\/7UgBBqbA-36x27.jpg 36w, https:\/\/pcpr.elk.pl\/wp-content\/uploads\/2025\/12\/7UgBBqbA-48x36.jpg 48w\" sizes=\"(max-width: 2048px) 100vw, 2048px\" \/> <img loading=\"lazy\" class=\"alignnone size-full wp-image-3431\" src=\"https:\/\/pcpr.elk.pl\/wp-content\/uploads\/2025\/12\/aq1tQjkB.jpg\" alt=\"\" width=\"2048\" height=\"1536\" srcset=\"https:\/\/pcpr.elk.pl\/wp-content\/uploads\/2025\/12\/aq1tQjkB.jpg 2048w, https:\/\/pcpr.elk.pl\/wp-content\/uploads\/2025\/12\/aq1tQjkB-300x225.jpg 300w, https:\/\/pcpr.elk.pl\/wp-content\/uploads\/2025\/12\/aq1tQjkB-1024x768.jpg 1024w, https:\/\/pcpr.elk.pl\/wp-content\/uploads\/2025\/12\/aq1tQjkB-768x576.jpg 768w, https:\/\/pcpr.elk.pl\/wp-content\/uploads\/2025\/12\/aq1tQjkB-1536x1152.jpg 1536w, https:\/\/pcpr.elk.pl\/wp-content\/uploads\/2025\/12\/aq1tQjkB-24x18.jpg 24w, https:\/\/pcpr.elk.pl\/wp-content\/uploads\/2025\/12\/aq1tQjkB-36x27.jpg 36w, https:\/\/pcpr.elk.pl\/wp-content\/uploads\/2025\/12\/aq1tQjkB-48x36.jpg 48w\" sizes=\"(max-width: 2048px) 100vw, 2048px\" \/> <img loading=\"lazy\" class=\"alignnone size-full wp-image-3432\" src=\"https:\/\/pcpr.elk.pl\/wp-content\/uploads\/2025\/12\/bbAKxR2a.jpg\" alt=\"\" width=\"2048\" height=\"1536\" srcset=\"https:\/\/pcpr.elk.pl\/wp-content\/uploads\/2025\/12\/bbAKxR2a.jpg 2048w, https:\/\/pcpr.elk.pl\/wp-content\/uploads\/2025\/12\/bbAKxR2a-300x225.jpg 300w, https:\/\/pcpr.elk.pl\/wp-content\/uploads\/2025\/12\/bbAKxR2a-1024x768.jpg 1024w, https:\/\/pcpr.elk.pl\/wp-content\/uploads\/2025\/12\/bbAKxR2a-768x576.jpg 768w, https:\/\/pcpr.elk.pl\/wp-content\/uploads\/2025\/12\/bbAKxR2a-1536x1152.jpg 1536w, https:\/\/pcpr.elk.pl\/wp-content\/uploads\/2025\/12\/bbAKxR2a-24x18.jpg 24w, https:\/\/pcpr.elk.pl\/wp-content\/uploads\/2025\/12\/bbAKxR2a-36x27.jpg 36w, https:\/\/pcpr.elk.pl\/wp-content\/uploads\/2025\/12\/bbAKxR2a-48x36.jpg 48w\" sizes=\"(max-width: 2048px) 100vw, 2048px\" \/> <img loading=\"lazy\" class=\"alignnone size-full wp-image-3433\" src=\"https:\/\/pcpr.elk.pl\/wp-content\/uploads\/2025\/12\/mEIOESKL.jpg\" alt=\"\" width=\"1536\" height=\"2048\" srcset=\"https:\/\/pcpr.elk.pl\/wp-content\/uploads\/2025\/12\/mEIOESKL.jpg 1536w, https:\/\/pcpr.elk.pl\/wp-content\/uploads\/2025\/12\/mEIOESKL-225x300.jpg 225w, https:\/\/pcpr.elk.pl\/wp-content\/uploads\/2025\/12\/mEIOESKL-768x1024.jpg 768w, https:\/\/pcpr.elk.pl\/wp-content\/uploads\/2025\/12\/mEIOESKL-1152x1536.jpg 1152w, https:\/\/pcpr.elk.pl\/wp-content\/uploads\/2025\/12\/mEIOESKL-18x24.jpg 18w, https:\/\/pcpr.elk.pl\/wp-content\/uploads\/2025\/12\/mEIOESKL-27x36.jpg 27w, https:\/\/pcpr.elk.pl\/wp-content\/uploads\/2025\/12\/mEIOESKL-36x48.jpg 36w\" sizes=\"(max-width: 1536px) 100vw, 1536px\" \/> <img loading=\"lazy\" class=\"alignnone size-full wp-image-3434\" src=\"https:\/\/pcpr.elk.pl\/wp-content\/uploads\/2025\/12\/65lo8KU7.jpg\" alt=\"\" width=\"1536\" height=\"2048\" srcset=\"https:\/\/pcpr.elk.pl\/wp-content\/uploads\/2025\/12\/65lo8KU7.jpg 1536w, https:\/\/pcpr.elk.pl\/wp-content\/uploads\/2025\/12\/65lo8KU7-225x300.jpg 225w, https:\/\/pcpr.elk.pl\/wp-content\/uploads\/2025\/12\/65lo8KU7-768x1024.jpg 768w, https:\/\/pcpr.elk.pl\/wp-content\/uploads\/2025\/12\/65lo8KU7-1152x1536.jpg 1152w, https:\/\/pcpr.elk.pl\/wp-content\/uploads\/2025\/12\/65lo8KU7-18x24.jpg 18w, https:\/\/pcpr.elk.pl\/wp-content\/uploads\/2025\/12\/65lo8KU7-27x36.jpg 27w, https:\/\/pcpr.elk.pl\/wp-content\/uploads\/2025\/12\/65lo8KU7-36x48.jpg 36w\" sizes=\"(max-width: 1536px) 100vw, 1536px\" \/> <img loading=\"lazy\" class=\"alignnone size-full wp-image-3435\" src=\"https:\/\/pcpr.elk.pl\/wp-content\/uploads\/2025\/12\/uuFL1-DA.jpg\" alt=\"\" width=\"2048\" height=\"1536\" srcset=\"https:\/\/pcpr.elk.pl\/wp-content\/uploads\/2025\/12\/uuFL1-DA.jpg 2048w, https:\/\/pcpr.elk.pl\/wp-content\/uploads\/2025\/12\/uuFL1-DA-300x225.jpg 300w, https:\/\/pcpr.elk.pl\/wp-content\/uploads\/2025\/12\/uuFL1-DA-1024x768.jpg 1024w, https:\/\/pcpr.elk.pl\/wp-content\/uploads\/2025\/12\/uuFL1-DA-768x576.jpg 768w, https:\/\/pcpr.elk.pl\/wp-content\/uploads\/2025\/12\/uuFL1-DA-1536x1152.jpg 1536w, https:\/\/pcpr.elk.pl\/wp-content\/uploads\/2025\/12\/uuFL1-DA-24x18.jpg 24w, https:\/\/pcpr.elk.pl\/wp-content\/uploads\/2025\/12\/uuFL1-DA-36x27.jpg 36w, https:\/\/pcpr.elk.pl\/wp-content\/uploads\/2025\/12\/uuFL1-DA-48x36.jpg 48w\" sizes=\"(max-width: 2048px) 100vw, 2048px\" \/> <img loading=\"lazy\" class=\"alignnone size-full wp-image-3436\" src=\"https:\/\/pcpr.elk.pl\/wp-content\/uploads\/2025\/12\/JA-iOqui.jpg\" alt=\"\" width=\"2048\" height=\"1536\" srcset=\"https:\/\/pcpr.elk.pl\/wp-content\/uploads\/2025\/12\/JA-iOqui.jpg 2048w, https:\/\/pcpr.elk.pl\/wp-content\/uploads\/2025\/12\/JA-iOqui-300x225.jpg 300w, https:\/\/pcpr.elk.pl\/wp-content\/uploads\/2025\/12\/JA-iOqui-1024x768.jpg 1024w, https:\/\/pcpr.elk.pl\/wp-content\/uploads\/2025\/12\/JA-iOqui-768x576.jpg 768w, https:\/\/pcpr.elk.pl\/wp-content\/uploads\/2025\/12\/JA-iOqui-1536x1152.jpg 1536w, https:\/\/pcpr.elk.pl\/wp-content\/uploads\/2025\/12\/JA-iOqui-24x18.jpg 24w, https:\/\/pcpr.elk.pl\/wp-content\/uploads\/2025\/12\/JA-iOqui-36x27.jpg 36w, https:\/\/pcpr.elk.pl\/wp-content\/uploads\/2025\/12\/JA-iOqui-48x36.jpg 48w\" sizes=\"(max-width: 2048px) 100vw, 2048px\" \/> <img loading=\"lazy\" class=\"alignnone size-full wp-image-3437\" src=\"https:\/\/pcpr.elk.pl\/wp-content\/uploads\/2025\/12\/W2dRHQFp.jpg\" alt=\"\" width=\"2048\" height=\"1536\" srcset=\"https:\/\/pcpr.elk.pl\/wp-content\/uploads\/2025\/12\/W2dRHQFp.jpg 2048w, https:\/\/pcpr.elk.pl\/wp-content\/uploads\/2025\/12\/W2dRHQFp-300x225.jpg 300w, https:\/\/pcpr.elk.pl\/wp-content\/uploads\/2025\/12\/W2dRHQFp-1024x768.jpg 1024w, https:\/\/pcpr.elk.pl\/wp-content\/uploads\/2025\/12\/W2dRHQFp-768x576.jpg 768w, https:\/\/pcpr.elk.pl\/wp-content\/uploads\/2025\/12\/W2dRHQFp-1536x1152.jpg 1536w, https:\/\/pcpr.elk.pl\/wp-content\/uploads\/2025\/12\/W2dRHQFp-24x18.jpg 24w, https:\/\/pcpr.elk.pl\/wp-content\/uploads\/2025\/12\/W2dRHQFp-36x27.jpg 36w, https:\/\/pcpr.elk.pl\/wp-content\/uploads\/2025\/12\/W2dRHQFp-48x36.jpg 48w\" sizes=\"(max-width: 2048px) 100vw, 2048px\" \/> <img loading=\"lazy\" class=\"alignnone size-full wp-image-3438\" src=\"https:\/\/pcpr.elk.pl\/wp-content\/uploads\/2025\/12\/cPuIhPKQ.jpg\" alt=\"\" width=\"2048\" height=\"1536\" srcset=\"https:\/\/pcpr.elk.pl\/wp-content\/uploads\/2025\/12\/cPuIhPKQ.jpg 2048w, https:\/\/pcpr.elk.pl\/wp-content\/uploads\/2025\/12\/cPuIhPKQ-300x225.jpg 300w, https:\/\/pcpr.elk.pl\/wp-content\/uploads\/2025\/12\/cPuIhPKQ-1024x768.jpg 1024w, https:\/\/pcpr.elk.pl\/wp-content\/uploads\/2025\/12\/cPuIhPKQ-768x576.jpg 768w, https:\/\/pcpr.elk.pl\/wp-content\/uploads\/2025\/12\/cPuIhPKQ-1536x1152.jpg 1536w, https:\/\/pcpr.elk.pl\/wp-content\/uploads\/2025\/12\/cPuIhPKQ-24x18.jpg 24w, https:\/\/pcpr.elk.pl\/wp-content\/uploads\/2025\/12\/cPuIhPKQ-36x27.jpg 36w, https:\/\/pcpr.elk.pl\/wp-content\/uploads\/2025\/12\/cPuIhPKQ-48x36.jpg 48w\" sizes=\"(max-width: 2048px) 100vw, 2048px\" \/> <img loading=\"lazy\" class=\"alignnone size-full wp-image-3439\" src=\"https:\/\/pcpr.elk.pl\/wp-content\/uploads\/2025\/12\/OPrTjrD-.jpg\" alt=\"\" width=\"2048\" height=\"1536\" srcset=\"https:\/\/pcpr.elk.pl\/wp-content\/uploads\/2025\/12\/OPrTjrD-.jpg 2048w, https:\/\/pcpr.elk.pl\/wp-content\/uploads\/2025\/12\/OPrTjrD--300x225.jpg 300w, https:\/\/pcpr.elk.pl\/wp-content\/uploads\/2025\/12\/OPrTjrD--1024x768.jpg 1024w, https:\/\/pcpr.elk.pl\/wp-content\/uploads\/2025\/12\/OPrTjrD--768x576.jpg 768w, https:\/\/pcpr.elk.pl\/wp-content\/uploads\/2025\/12\/OPrTjrD--1536x1152.jpg 1536w, https:\/\/pcpr.elk.pl\/wp-content\/uploads\/2025\/12\/OPrTjrD--24x18.jpg 24w, https:\/\/pcpr.elk.pl\/wp-content\/uploads\/2025\/12\/OPrTjrD--36x27.jpg 36w, https:\/\/pcpr.elk.pl\/wp-content\/uploads\/2025\/12\/OPrTjrD--48x36.jpg 48w\" sizes=\"(max-width: 2048px) 100vw, 2048px\" \/> <img loading=\"lazy\" class=\"alignnone size-full wp-image-3440\" src=\"https:\/\/pcpr.elk.pl\/wp-content\/uploads\/2025\/12\/PCus8Co3.jpg\" alt=\"\" width=\"2048\" height=\"1536\" srcset=\"https:\/\/pcpr.elk.pl\/wp-content\/uploads\/2025\/12\/PCus8Co3.jpg 2048w, https:\/\/pcpr.elk.pl\/wp-content\/uploads\/2025\/12\/PCus8Co3-300x225.jpg 300w, https:\/\/pcpr.elk.pl\/wp-content\/uploads\/2025\/12\/PCus8Co3-1024x768.jpg 1024w, https:\/\/pcpr.elk.pl\/wp-content\/uploads\/2025\/12\/PCus8Co3-768x576.jpg 768w, https:\/\/pcpr.elk.pl\/wp-content\/uploads\/2025\/12\/PCus8Co3-1536x1152.jpg 1536w, https:\/\/pcpr.elk.pl\/wp-content\/uploads\/2025\/12\/PCus8Co3-24x18.jpg 24w, https:\/\/pcpr.elk.pl\/wp-content\/uploads\/2025\/12\/PCus8Co3-36x27.jpg 36w, https:\/\/pcpr.elk.pl\/wp-content\/uploads\/2025\/12\/PCus8Co3-48x36.jpg 48w\" sizes=\"(max-width: 2048px) 100vw, 2048px\" \/> <img loading=\"lazy\" class=\"alignnone size-full wp-image-3441\" src=\"https:\/\/pcpr.elk.pl\/wp-content\/uploads\/2025\/12\/cp_pSyXm.jpg\" alt=\"\" width=\"1536\" height=\"2048\" srcset=\"https:\/\/pcpr.elk.pl\/wp-content\/uploads\/2025\/12\/cp_pSyXm.jpg 1536w, https:\/\/pcpr.elk.pl\/wp-content\/uploads\/2025\/12\/cp_pSyXm-225x300.jpg 225w, https:\/\/pcpr.elk.pl\/wp-content\/uploads\/2025\/12\/cp_pSyXm-768x1024.jpg 768w, https:\/\/pcpr.elk.pl\/wp-content\/uploads\/2025\/12\/cp_pSyXm-1152x1536.jpg 1152w, https:\/\/pcpr.elk.pl\/wp-content\/uploads\/2025\/12\/cp_pSyXm-18x24.jpg 18w, https:\/\/pcpr.elk.pl\/wp-content\/uploads\/2025\/12\/cp_pSyXm-27x36.jpg 27w, https:\/\/pcpr.elk.pl\/wp-content\/uploads\/2025\/12\/cp_pSyXm-36x48.jpg 36w\" sizes=\"(max-width: 1536px) 100vw, 1536px\" \/> <img loading=\"lazy\" class=\"alignnone size-full wp-image-3442\" src=\"https:\/\/pcpr.elk.pl\/wp-content\/uploads\/2025\/12\/QdOTROGG.jpg\" alt=\"\" width=\"2048\" height=\"1536\" srcset=\"https:\/\/pcpr.elk.pl\/wp-content\/uploads\/2025\/12\/QdOTROGG.jpg 2048w, https:\/\/pcpr.elk.pl\/wp-content\/uploads\/2025\/12\/QdOTROGG-300x225.jpg 300w, https:\/\/pcpr.elk.pl\/wp-content\/uploads\/2025\/12\/QdOTROGG-1024x768.jpg 1024w, https:\/\/pcpr.elk.pl\/wp-content\/uploads\/2025\/12\/QdOTROGG-768x576.jpg 768w, https:\/\/pcpr.elk.pl\/wp-content\/uploads\/2025\/12\/QdOTROGG-1536x1152.jpg 1536w, https:\/\/pcpr.elk.pl\/wp-content\/uploads\/2025\/12\/QdOTROGG-24x18.jpg 24w, https:\/\/pcpr.elk.pl\/wp-content\/uploads\/2025\/12\/QdOTROGG-36x27.jpg 36w, https:\/\/pcpr.elk.pl\/wp-content\/uploads\/2025\/12\/QdOTROGG-48x36.jpg 48w\" sizes=\"(max-width: 2048px) 100vw, 2048px\" \/><\/div>\n<\/div>\n<hr \/>\n<p style=\"text-align: justify;\">Z przyjemno\u015bci\u0105 informujemy, \u017ce dwoje pracownik\u00f3w naszego Centrum uko\u0144czy\u0142o szkolenie trenerskie PRIDE \u2013 Rodzinna Piecza Zast\u0119pcza, przygotowuj\u0105ce specjalist\u00f3w do prowadzenia szkole\u0144 dla kandydat\u00f3w na rodziny zast\u0119pcze.<\/p>\n<p style=\"text-align: justify;\">Program PRIDE to rekomendowany standard szkoleniowy, kt\u00f3ry kompleksowo przygotowuje do pe\u0142nienia funkcji rodziny zast\u0119pczej. Obejmuje on m.in. zagadnienia zwi\u0105zane z rozumieniem potrzeb dzieci, budowaniem bezpiecznych relacji, wsp\u00f3\u0142prac\u0105 z rodzin\u0105 biologiczn\u0105 oraz instytucjami, a tak\u017ce wzmacnianiem kompetencji wychowawczych i opieku\u0144czych.<\/p>\n<p style=\"text-align: justify;\">Dzi\u0119ki uko\u0144czeniu szkolenia trenerskiego przez kolejnych pracownik\u00f3w, potencja\u0142 naszego Centrum w zakresie realizacji programu PRIDE zosta\u0142 znacz\u0105co wzmocniony. Obecnie w jego zasobach znajduje si\u0119 jeden wykwalifikowany trener PRIDE oraz dw\u00f3ch trener\u00f3w w trakcie certyfikacji, kt\u00f3rzy uko\u0144czyli szkolenie dla trener\u00f3w i prowadz\u0105 szkolenia dla kandydat\u00f3w pod superwizj\u0105 \u2013 do lutego 2026 roku.<\/p>\n<p style=\"text-align: justify;\">Dzia\u0142ania te realizowane s\u0105 w ramach projektu \u201eKrok w przysz\u0142o\u015b\u0107\u201d, wsp\u00f3\u0142finansowanego ze \u015brodk\u00f3w Unii Europejskiej w ramach programu regionalnego Fundusze Europejskie dla Warmii i Mazur (FEWiM) 2021\u20132027, z Europejskiego Funduszu Spo\u0142ecznego Plus, Priorytet 9: W\u0142\u0105czenie i integracja EFS+, Dzia\u0142anie 9.9: System Pieczy Zast\u0119pczej.<\/p>\n<p style=\"text-align: justify;\">Zapraszamy wszystkie osoby zainteresowane do uczestnictwa w szkoleniach PRIDE dla kandydat\u00f3w do pe\u0142nienia funkcji rodziny zast\u0119pczej. Szczeg\u00f3\u0142owe informacje dotycz\u0105ce rekrutacji mo\u017cna uzyska\u0107, kontaktuj\u0105c si\u0119 z naszym Centrum.<\/p>\n<hr \/>\n<h3 align=\"center\"><img loading=\"lazy\" class=\"alignnone  wp-image-3385\" src=\"https:\/\/pcpr.elk.pl\/wp-content\/uploads\/2025\/12\/ChatGPT-Image-11-gru-2025-11_08_23.png\" alt=\"\" width=\"655\" height=\"983\" srcset=\"https:\/\/pcpr.elk.pl\/wp-content\/uploads\/2025\/12\/ChatGPT-Image-11-gru-2025-11_08_23.png 1024w, https:\/\/pcpr.elk.pl\/wp-content\/uploads\/2025\/12\/ChatGPT-Image-11-gru-2025-11_08_23-200x300.png 200w, https:\/\/pcpr.elk.pl\/wp-content\/uploads\/2025\/12\/ChatGPT-Image-11-gru-2025-11_08_23-683x1024.png 683w, https:\/\/pcpr.elk.pl\/wp-content\/uploads\/2025\/12\/ChatGPT-Image-11-gru-2025-11_08_23-768x1152.png 768w, https:\/\/pcpr.elk.pl\/wp-content\/uploads\/2025\/12\/ChatGPT-Image-11-gru-2025-11_08_23-16x24.png 16w, https:\/\/pcpr.elk.pl\/wp-content\/uploads\/2025\/12\/ChatGPT-Image-11-gru-2025-11_08_23-24x36.png 24w, https:\/\/pcpr.elk.pl\/wp-content\/uploads\/2025\/12\/ChatGPT-Image-11-gru-2025-11_08_23-32x48.png 32w\" sizes=\"(max-width: 655px) 100vw, 655px\" \/><\/h3>\n<hr \/>\n<h3 align=\"center\">Wyjazd rozwojowy dla rodzin<\/h3>\n<p style=\"text-align: justify;\" align=\"center\">W dniu 25 pa\u017adziernika 2025 roku odby\u0142 si\u0119 jednodniowy wyjazd rozwojowy dla rodzin zast\u0119pczych z powiatu e\u0142ckiego do Warszawy. W wycieczce uczestniczy\u0142o 45 os\u00f3b, kt\u00f3re mia\u0142y okazj\u0119 wsp\u00f3lnie poznawa\u0107 stolic\u0119 i jej najwa\u017cniejsze zabytki.<br \/>Podczas wyjazdu uczestnicy zwiedzili Stare Miasto w Warszawie, w tym Zamek Kr\u00f3lewski, Kolumn\u0119 Zygmunta III Wazy, Archikatedr\u0119 \u015bw. Jana Chrzciciela, Rynek Starego Miasta, Pomnik Syrenki Warszawskiej, mury miejskie oraz Pomnik Ma\u0142ego Powsta\u0144ca. Towarzyszy\u0142y im opowie\u015bci o najciekawszych w\u0105tkach historycznych i legendach warszawskich \u2013 o Warsie i Sawie, Bazyliszku oraz Syrence.<br \/>Rodziny odwiedzi\u0142y r\u00f3wnie\u017c Centrum Nauki Kopernik, gdzie uczestniczy\u0142y w zaj\u0119ciach edukacyjnych i seansie w planetarium, oraz Fabryk\u0119 Czekolady E. Wedla, poznaj\u0105c proces powstawania s\u0142ynnych s\u0142odyczy.<br \/>Wyjazd by\u0142 doskona\u0142\u0105 okazj\u0105 do wsp\u00f3lnego sp\u0119dzenia czasu, integracji i poszerzania wiedzy o historii oraz kulturze naszego kraju. Dzi\u0119kujemy wszystkim uczestnikom za aktywny udzia\u0142 i zaanga\u017cowanie.<br \/>Wyjazd zosta\u0142 zorganizowany w ramach projektu \u201eKrok w przysz\u0142o\u015b\u0107\u201d, wsp\u00f3\u0142finansowanego ze \u015brodk\u00f3w Unii Europejskiej w ramach programu regionalnego Fundusze Europejskie dla Warmii i Mazur (FEWiM) na lata 2021\u20132027, ze \u015brodk\u00f3w Europejskiego Funduszu Spo\u0142ecznego Plus. Priorytet 9: W\u0142\u0105czenie i integracja EFS+, Dzia\u0142anie 9.9: System Pieczy Zast\u0119pczej.<\/p>\n<p align=\"center\"><img loading=\"lazy\" class=\"alignnone  wp-image-3341\" src=\"https:\/\/pcpr.elk.pl\/wp-content\/uploads\/2025\/10\/Brown-Breakfast-Collage-Food-Facebook-Post1.png\" alt=\"\" width=\"688\" height=\"577\" srcset=\"https:\/\/pcpr.elk.pl\/wp-content\/uploads\/2025\/10\/Brown-Breakfast-Collage-Food-Facebook-Post1.png 940w, https:\/\/pcpr.elk.pl\/wp-content\/uploads\/2025\/10\/Brown-Breakfast-Collage-Food-Facebook-Post1-300x251.png 300w, https:\/\/pcpr.elk.pl\/wp-content\/uploads\/2025\/10\/Brown-Breakfast-Collage-Food-Facebook-Post1-768x644.png 768w, https:\/\/pcpr.elk.pl\/wp-content\/uploads\/2025\/10\/Brown-Breakfast-Collage-Food-Facebook-Post1-24x20.png 24w, https:\/\/pcpr.elk.pl\/wp-content\/uploads\/2025\/10\/Brown-Breakfast-Collage-Food-Facebook-Post1-36x30.png 36w, https:\/\/pcpr.elk.pl\/wp-content\/uploads\/2025\/10\/Brown-Breakfast-Collage-Food-Facebook-Post1-48x40.png 48w\" sizes=\"(max-width: 688px) 100vw, 688px\" \/><\/p>\n<hr \/>\n<h3 class=\"v1western\" align=\"center\">Ob\u00f3z profilaktyczny dla m\u0142odzie\u017cy przebywaj\u0105cej w pieczy zast\u0119pczej<\/h3>\n<p align=\"justify\">W dniach 23\u201327 sierpnia 2025 r. w Gda\u0144sku odby\u0142 si\u0119 5-dniowy ob\u00f3z profilaktyczny dla m\u0142odzie\u017cy przebywaj\u0105cej w pieczy zast\u0119pczej na terenie powiatu e\u0142ckiego.<\/p>\n<p align=\"justify\">Ob\u00f3z zosta\u0142 zorganizowany w ramach projektu \u201eKrok w przysz\u0142o\u015b\u0107\u201d, wsp\u00f3\u0142finansowanego ze \u015brodk\u00f3w Unii Europejskiej w ramach programu regionalnego Fundusze Europejskie dla Warmii i Mazur (FEWiM) na lata 2021\u20132027, ze \u015brodk\u00f3w Europejskiego Funduszu Spo\u0142ecznego Plus. Priorytet 9: <em>W\u0142\u0105czenie i integracja EFS+<\/em>, Dzia\u0142anie 9.9: <em>System Pieczy Zast\u0119pczej<\/em>.<\/p>\n<p align=\"justify\">W wyje\u017adzie uczestniczy\u0142o 30 os\u00f3b w wieku 12\u201318 lat wraz z 3 opiekunami \u2013 pedagogami.<\/p>\n<p align=\"justify\">Podczas obozu m\u0142odzie\u017c bra\u0142a udzia\u0142 w:<\/p>\n<ul>\n<li>\n<p align=\"justify\">zaj\u0119ciach edukacyjno-profilaktycznych (16 godzin), po\u015bwi\u0119conych m.in. profilaktyce uzale\u017cnie\u0144 od e-medi\u00f3w i substancji psychoaktywnych, przeciwdzia\u0142aniu przemocy r\u00f3wie\u015bniczej oraz budowaniu pozytywnych relacji w grupie,<\/p>\n<\/li>\n<li>\n<p align=\"justify\">zaj\u0119ciach terapeutycznych (18 godzin), prowadzonych przez specjalist\u00f3w, dotycz\u0105cych emocji, radzenia sobie ze stresem oraz konstruktywnych sposob\u00f3w regulowania uczu\u0107,<\/p>\n<\/li>\n<li>\n<p align=\"justify\">zaj\u0119ciach survivalowych (4 godziny), kt\u00f3re rozwija\u0142y umiej\u0119tno\u015bci wsp\u00f3\u0142pracy, samodzielno\u015bci i kreatywno\u015bci.<\/p>\n<\/li>\n<\/ul>\n<p align=\"justify\">Uczestnicy mieli zapewnione noclegi, pe\u0142ne wy\u017cywienie, transport oraz ubezpieczenie NNW. Zaj\u0119cia prowadzone by\u0142y w podziale na grupy, co umo\u017cliwia\u0142o lepsze dopasowanie tre\u015bci i metod do potrzeb uczestnik\u00f3w.<\/p>\n<p align=\"justify\">Wyjazd okaza\u0142 si\u0119 nie tylko okazj\u0105 do zdobywania wiedzy i umiej\u0119tno\u015bci, ale r\u00f3wnie\u017c do integracji, aktywnego sp\u0119dzania czasu oraz rozwijania postaw prozdrowotnych i spo\u0142ecznych.<\/p>\n<p align=\"justify\">Nad prawid\u0142ow\u0105 realizacj\u0105 obozu oraz jego przebiegiem czuwali pracownicy Powiatowego Centrum Pomocy Rodzinie w E\u0142ku.<\/p>\n<h3 align=\"JUSTIFY\"><img loading=\"lazy\" class=\"wp-image-3285 aligncenter\" src=\"https:\/\/pcpr.elk.pl\/wp-content\/uploads\/2025\/09\/plakat5-oboz.jpg\" alt=\"\" width=\"678\" height=\"1019\" srcset=\"https:\/\/pcpr.elk.pl\/wp-content\/uploads\/2025\/09\/plakat5-oboz.jpg 1020w, https:\/\/pcpr.elk.pl\/wp-content\/uploads\/2025\/09\/plakat5-oboz-200x300.jpg 200w, https:\/\/pcpr.elk.pl\/wp-content\/uploads\/2025\/09\/plakat5-oboz-681x1024.jpg 681w, https:\/\/pcpr.elk.pl\/wp-content\/uploads\/2025\/09\/plakat5-oboz-768x1154.jpg 768w, https:\/\/pcpr.elk.pl\/wp-content\/uploads\/2025\/09\/plakat5-oboz-16x24.jpg 16w, https:\/\/pcpr.elk.pl\/wp-content\/uploads\/2025\/09\/plakat5-oboz-24x36.jpg 24w, https:\/\/pcpr.elk.pl\/wp-content\/uploads\/2025\/09\/plakat5-oboz-32x48.jpg 32w\" sizes=\"(max-width: 678px) 100vw, 678px\" \/><\/h3>\n<hr \/>\n<h3 style=\"text-align: center;\" align=\"JUSTIFY\"><b>MOBILNY PUNKT INFORMACYJNO &#8211; PROMOCYJNY<\/b><\/h3>\n<div class=\"html-div xdj266r x14z9mp xat24cr x1lziwak xexx8yu xyri2b x18d9i69 x1c1uobl\" dir=\"auto\">\n<div class=\"html-div xdj266r x14z9mp xat24cr x1lziwak xexx8yu xyri2b x18d9i69 x1c1uobl\" data-ad-rendering-role=\"story_message\">\n<div id=\"_r_95_\" class=\"x1l90r2v x1iorvi4 x1g0dm76 xpdmqnj\" data-ad-comet-preview=\"message\" data-ad-preview=\"message\">\n<div class=\"x78zum5 xdt5ytf xz62fqu x16ldp7u\">\n<div class=\"xu06os2 x1ok221b\">\n<div class=\"html-div xdj266r x14z9mp xat24cr x1lziwak xexx8yu xyri2b x18d9i69 x1c1uobl\">\n<div class=\"xdj266r x14z9mp xat24cr x1lziwak x1vvkbs x126k92a\">\n<div dir=\"auto\" style=\"text-align: justify;\">Dzisiejszego dnia tj. 21.08.2025 r. w ramach <strong>Mobilnego Punktu Informacyjno-Promocyjnego<\/strong> <span class=\"html-span xdj266r x14z9mp xat24cr x1lziwak xexx8yu xyri2b x18d9i69 x1c1uobl x1hl2dhg x16tdsg8 x1vvkbs\"><span class=\"xt0psk2\"><span class=\"xjp7ctv\">Powiatowe Centrum Pomocy Rodzinie w E\u0142ku<\/span><\/span><\/span> spotykamy si\u0119 z Pa\u0144stwem od 16:30 przy <span class=\"html-span xdj266r x14z9mp xat24cr x1lziwak xexx8yu xyri2b x18d9i69 x1c1uobl x1hl2dhg x16tdsg8 x1vvkbs\"><span class=\"xt0psk2\"><span class=\"xjp7ctv\">Galeria Brama Mazur<\/span><\/span><\/span> podczas <span class=\"html-span xdj266r x14z9mp xat24cr x1lziwak xexx8yu xyri2b x18d9i69 x1c1uobl x1hl2dhg x16tdsg8 x1vvkbs\"><span class=\"xt0psk2\"><span class=\"xjp7ctv\">E\u0142ckie Lato Kulturalne<\/span><\/span><\/span>. Do zobaczenia.<\/div>\n<div dir=\"auto\" style=\"text-align: justify;\">Dzia\u0142anie realizowane jest w ramach projektu \u201eKROK W PRZYSZ\u0141O\u015a\u0106\u201d, wsp\u00f3\u0142finansowanego ze \u015brodk\u00f3w Unii Europejskiej w ramach programu regionalnego Fundusze Europejskie dla Warmii i Mazur (FEWiM) na lata 2021\u20132027, ze \u015brodk\u00f3w Europejskiego Funduszu Spo\u0142ecznego Plus. Priorytet 9: W\u0142\u0105czenie i integracja EFS+, Dzia\u0142anie 9.9: System Pieczy Zast\u0119pczej.<\/div>\n<div dir=\"auto\">\u00a0<\/div>\n<\/div>\n<\/div>\n<div dir=\"auto\"><img loading=\"lazy\" class=\"alignnone size-full wp-image-3277\" src=\"https:\/\/pcpr.elk.pl\/wp-content\/uploads\/2025\/09\/536933046_1182455467257890_3634593742421879082_n.jpg\" alt=\"\" width=\"2048\" height=\"1536\" srcset=\"https:\/\/pcpr.elk.pl\/wp-content\/uploads\/2025\/09\/536933046_1182455467257890_3634593742421879082_n.jpg 2048w, https:\/\/pcpr.elk.pl\/wp-content\/uploads\/2025\/09\/536933046_1182455467257890_3634593742421879082_n-300x225.jpg 300w, https:\/\/pcpr.elk.pl\/wp-content\/uploads\/2025\/09\/536933046_1182455467257890_3634593742421879082_n-1024x768.jpg 1024w, https:\/\/pcpr.elk.pl\/wp-content\/uploads\/2025\/09\/536933046_1182455467257890_3634593742421879082_n-768x576.jpg 768w, https:\/\/pcpr.elk.pl\/wp-content\/uploads\/2025\/09\/536933046_1182455467257890_3634593742421879082_n-1536x1152.jpg 1536w, https:\/\/pcpr.elk.pl\/wp-content\/uploads\/2025\/09\/536933046_1182455467257890_3634593742421879082_n-24x18.jpg 24w, https:\/\/pcpr.elk.pl\/wp-content\/uploads\/2025\/09\/536933046_1182455467257890_3634593742421879082_n-36x27.jpg 36w, https:\/\/pcpr.elk.pl\/wp-content\/uploads\/2025\/09\/536933046_1182455467257890_3634593742421879082_n-48x36.jpg 48w\" sizes=\"(max-width: 2048px) 100vw, 2048px\" \/> <img loading=\"lazy\" class=\"alignnone size-full wp-image-3278\" src=\"https:\/\/pcpr.elk.pl\/wp-content\/uploads\/2025\/09\/536356536_1182455580591212_7921277578755165880_n.jpg\" alt=\"\" width=\"2048\" height=\"1536\" srcset=\"https:\/\/pcpr.elk.pl\/wp-content\/uploads\/2025\/09\/536356536_1182455580591212_7921277578755165880_n.jpg 2048w, https:\/\/pcpr.elk.pl\/wp-content\/uploads\/2025\/09\/536356536_1182455580591212_7921277578755165880_n-300x225.jpg 300w, https:\/\/pcpr.elk.pl\/wp-content\/uploads\/2025\/09\/536356536_1182455580591212_7921277578755165880_n-1024x768.jpg 1024w, https:\/\/pcpr.elk.pl\/wp-content\/uploads\/2025\/09\/536356536_1182455580591212_7921277578755165880_n-768x576.jpg 768w, https:\/\/pcpr.elk.pl\/wp-content\/uploads\/2025\/09\/536356536_1182455580591212_7921277578755165880_n-1536x1152.jpg 1536w, https:\/\/pcpr.elk.pl\/wp-content\/uploads\/2025\/09\/536356536_1182455580591212_7921277578755165880_n-24x18.jpg 24w, https:\/\/pcpr.elk.pl\/wp-content\/uploads\/2025\/09\/536356536_1182455580591212_7921277578755165880_n-36x27.jpg 36w, https:\/\/pcpr.elk.pl\/wp-content\/uploads\/2025\/09\/536356536_1182455580591212_7921277578755165880_n-48x36.jpg 48w\" sizes=\"(max-width: 2048px) 100vw, 2048px\" \/> <img loading=\"lazy\" class=\"alignnone size-full wp-image-3279\" src=\"https:\/\/pcpr.elk.pl\/wp-content\/uploads\/2025\/09\/536572166_1182455810591189_8168318828976807401_n.jpg\" alt=\"\" width=\"2048\" height=\"1536\" srcset=\"https:\/\/pcpr.elk.pl\/wp-content\/uploads\/2025\/09\/536572166_1182455810591189_8168318828976807401_n.jpg 2048w, https:\/\/pcpr.elk.pl\/wp-content\/uploads\/2025\/09\/536572166_1182455810591189_8168318828976807401_n-300x225.jpg 300w, https:\/\/pcpr.elk.pl\/wp-content\/uploads\/2025\/09\/536572166_1182455810591189_8168318828976807401_n-1024x768.jpg 1024w, https:\/\/pcpr.elk.pl\/wp-content\/uploads\/2025\/09\/536572166_1182455810591189_8168318828976807401_n-768x576.jpg 768w, https:\/\/pcpr.elk.pl\/wp-content\/uploads\/2025\/09\/536572166_1182455810591189_8168318828976807401_n-1536x1152.jpg 1536w, https:\/\/pcpr.elk.pl\/wp-content\/uploads\/2025\/09\/536572166_1182455810591189_8168318828976807401_n-24x18.jpg 24w, https:\/\/pcpr.elk.pl\/wp-content\/uploads\/2025\/09\/536572166_1182455810591189_8168318828976807401_n-36x27.jpg 36w, https:\/\/pcpr.elk.pl\/wp-content\/uploads\/2025\/09\/536572166_1182455810591189_8168318828976807401_n-48x36.jpg 48w\" sizes=\"(max-width: 2048px) 100vw, 2048px\" \/> <img loading=\"lazy\" class=\"alignnone size-full wp-image-3280\" src=\"https:\/\/pcpr.elk.pl\/wp-content\/uploads\/2025\/09\/536696986_1182540440582726_5967645743118024370_n.jpg\" alt=\"\" width=\"2048\" height=\"1536\" srcset=\"https:\/\/pcpr.elk.pl\/wp-content\/uploads\/2025\/09\/536696986_1182540440582726_5967645743118024370_n.jpg 2048w, https:\/\/pcpr.elk.pl\/wp-content\/uploads\/2025\/09\/536696986_1182540440582726_5967645743118024370_n-300x225.jpg 300w, https:\/\/pcpr.elk.pl\/wp-content\/uploads\/2025\/09\/536696986_1182540440582726_5967645743118024370_n-1024x768.jpg 1024w, https:\/\/pcpr.elk.pl\/wp-content\/uploads\/2025\/09\/536696986_1182540440582726_5967645743118024370_n-768x576.jpg 768w, https:\/\/pcpr.elk.pl\/wp-content\/uploads\/2025\/09\/536696986_1182540440582726_5967645743118024370_n-1536x1152.jpg 1536w, https:\/\/pcpr.elk.pl\/wp-content\/uploads\/2025\/09\/536696986_1182540440582726_5967645743118024370_n-24x18.jpg 24w, https:\/\/pcpr.elk.pl\/wp-content\/uploads\/2025\/09\/536696986_1182540440582726_5967645743118024370_n-36x27.jpg 36w, https:\/\/pcpr.elk.pl\/wp-content\/uploads\/2025\/09\/536696986_1182540440582726_5967645743118024370_n-48x36.jpg 48w\" sizes=\"(max-width: 2048px) 100vw, 2048px\" \/><\/div>\n<\/div>\n<\/div>\n<\/div>\n<\/div>\n<\/div>\n<p align=\"CENTER\">\u00a0<\/p>\n<hr \/>\n<h3 style=\"text-align: center;\" align=\"JUSTIFY\"><b>MOBILNY PUNKT INFORMACYJNO &#8211; PROMOCYJNY<\/b><\/h3>\n<div class=\"html-div xdj266r x14z9mp xat24cr x1lziwak xexx8yu xyri2b x18d9i69 x1c1uobl\" dir=\"auto\">\n<div class=\"html-div xdj266r x14z9mp xat24cr x1lziwak xexx8yu xyri2b x18d9i69 x1c1uobl\" data-ad-rendering-role=\"story_message\">\n<div id=\"_r_a3_\" class=\"x1l90r2v x1iorvi4 x1g0dm76 xpdmqnj\" data-ad-comet-preview=\"message\" data-ad-preview=\"message\">\n<div class=\"x78zum5 xdt5ytf xz62fqu x16ldp7u\">\n<div class=\"xu06os2 x1ok221b\">\n<div class=\"html-div xdj266r x14z9mp xat24cr x1lziwak xexx8yu xyri2b x18d9i69 x1c1uobl\">\n<div class=\"xdj266r x14z9mp xat24cr x1lziwak x1vvkbs x126k92a\">\n<div dir=\"auto\" style=\"text-align: justify;\">W ramach <strong>mobilnego punktu informacyjno-promocyjnego<\/strong> <span class=\"html-span xdj266r x14z9mp xat24cr x1lziwak xexx8yu xyri2b x18d9i69 x1c1uobl x1hl2dhg x16tdsg8 x1vvkbs\"><span class=\"xt0psk2\"><span class=\"xjp7ctv\">Powiatowe Centrum Pomocy Rodzinie w E\u0142ku<\/span><\/span><\/span>, w sobot\u0119 09.08.2025 r. spotkali\u015bmy si\u0119 z mieszka\u0144cami oraz uczestnikami Festiwalu \u015aredniowiecza w Starych Juchach.<\/div>\n<div dir=\"auto\" style=\"text-align: justify;\">Rozmawiali\u015bmy o tym, jak mo\u017cna zosta\u0107 rodzin\u0105 zast\u0119pcz\u0105 \u2013 rozwiewali\u015bmy w\u0105tpliwo\u015bci i odpowiadali\u015bmy na pytania. By\u0142a to doskona\u0142a okazja do wymiany do\u015bwiadcze\u0144 oraz przybli\u017cenia dzia\u0142a\u0144 naszego Centrum.<\/div>\n<\/div>\n<div class=\"x14z9mp xat24cr x1lziwak x1vvkbs xtlvy1s x126k92a\" style=\"text-align: justify;\">\n<div dir=\"auto\">Przypominamy, \u017ce ju\u017c 25 pa\u017adziernika 2025 r. rozpocznie si\u0119 bezp\u0142atne szkolenie dla kandydat\u00f3w na rodziny zast\u0119pcze. Serdecznie zapraszamy do udzia\u0142u!<\/div>\n<div dir=\"auto\">Szczeg\u00f3\u0142y procedury kwalifikacyjnej dost\u0119pne s\u0105 na naszej stronie:<\/div>\n<div dir=\"auto\"><span class=\"html-span xexx8yu xyri2b x18d9i69 x1c1uobl x1hl2dhg x16tdsg8 x1vvkbs x3nfvp2 x1j61x8r x1fcty0u xdj266r xat24cr xm2jcoa x1mpyi22 xxymvpz xlup9mm x1kky2od\"><img loading=\"lazy\" class=\"xz74otr x15mokao x1ga7v0g x16uus16 xbiv7yw\" src=\"https:\/\/static.xx.fbcdn.net\/images\/emoji.php\/v9\/tb3\/1\/16\/1f517.png\" alt=\"\ud83d\udd17\" width=\"16\" height=\"16\" \/><\/span> <span class=\"html-span xdj266r x14z9mp xat24cr x1lziwak xexx8yu xyri2b x18d9i69 x1c1uobl x1hl2dhg x16tdsg8 x1vvkbs\"><a class=\"x1i10hfl xjbqb8w x1ejq31n x18oe1m7 x1sy0etr xstzfhl x972fbf x10w94by x1qhh985 x14e42zd x9f619 x1ypdohk xt0psk2 x3ct3a4 xdj266r x14z9mp xat24cr x1lziwak xexx8yu xyri2b x18d9i69 x1c1uobl x16tdsg8 x1hl2dhg xggy1nq x1a2a7pz xkrqix3 x1sur9pj x1fey0fg x1s688f\" tabindex=\"0\" role=\"link\" href=\"https:\/\/pcpr.elk.pl\/index.php\/strona-glowna\/kandydaci-na-rodzine-zastepcza\/?fbclid=IwZXh0bgNhZW0CMTAAYnJpZBEwMU1CanZnbWdESDloZDFYNgEe2MT4yZcWIfi4e7mC9uZNNSEurOzgrZMwDTVAlqdi2yPMjTHCeqBNlQtC6h0_aem_Qfr5YFyL44MA4UXcgzqzhw\" target=\"_blank\" rel=\"nofollow noopener noreferrer\">https:\/\/pcpr.elk.pl\/&#8230;\/kandydaci-na-rodzine-zastepcza\/<\/a><\/span><\/div>\n<\/div>\n<div class=\"x14z9mp xat24cr x1lziwak x1vvkbs xtlvy1s x126k92a\">\n<div dir=\"auto\" style=\"text-align: justify;\">Dzia\u0142ania realizowane s\u0105 w ramach projektu \u201eKROK W PRZYSZ\u0141O\u015a\u0106\u201d, wsp\u00f3\u0142finansowanego ze \u015brodk\u00f3w Unii Europejskiej w ramach programu regionalnego Fundusze Europejskie dla Warmii i Mazur (FEWiM) na lata 2021\u20132027, ze \u015brodk\u00f3w Europejskiego Funduszu Spo\u0142ecznego Plus. Priorytet 9: W\u0142\u0105czenie i integracja EFS+ Dzia\u0142anie 9.9: System Pieczy Zast\u0119pczej.<\/div>\n<\/div>\n<\/div>\n<\/div>\n<\/div>\n<\/div>\n<\/div>\n<\/div>\n<p align=\"CENTER\"><img loading=\"lazy\" class=\"alignnone size-full wp-image-3269\" src=\"https:\/\/pcpr.elk.pl\/wp-content\/uploads\/2025\/09\/532057159_1174618014708302_3714272079683136025_n.jpg\" alt=\"\" width=\"2048\" height=\"1536\" srcset=\"https:\/\/pcpr.elk.pl\/wp-content\/uploads\/2025\/09\/532057159_1174618014708302_3714272079683136025_n.jpg 2048w, https:\/\/pcpr.elk.pl\/wp-content\/uploads\/2025\/09\/532057159_1174618014708302_3714272079683136025_n-300x225.jpg 300w, https:\/\/pcpr.elk.pl\/wp-content\/uploads\/2025\/09\/532057159_1174618014708302_3714272079683136025_n-1024x768.jpg 1024w, https:\/\/pcpr.elk.pl\/wp-content\/uploads\/2025\/09\/532057159_1174618014708302_3714272079683136025_n-768x576.jpg 768w, https:\/\/pcpr.elk.pl\/wp-content\/uploads\/2025\/09\/532057159_1174618014708302_3714272079683136025_n-1536x1152.jpg 1536w, https:\/\/pcpr.elk.pl\/wp-content\/uploads\/2025\/09\/532057159_1174618014708302_3714272079683136025_n-24x18.jpg 24w, https:\/\/pcpr.elk.pl\/wp-content\/uploads\/2025\/09\/532057159_1174618014708302_3714272079683136025_n-36x27.jpg 36w, https:\/\/pcpr.elk.pl\/wp-content\/uploads\/2025\/09\/532057159_1174618014708302_3714272079683136025_n-48x36.jpg 48w\" sizes=\"(max-width: 2048px) 100vw, 2048px\" \/> <img loading=\"lazy\" class=\"alignnone size-full wp-image-3270\" src=\"https:\/\/pcpr.elk.pl\/wp-content\/uploads\/2025\/09\/530812852_1174617958041641_1700754904471795890_n.jpg\" alt=\"\" width=\"1536\" height=\"2048\" srcset=\"https:\/\/pcpr.elk.pl\/wp-content\/uploads\/2025\/09\/530812852_1174617958041641_1700754904471795890_n.jpg 1536w, https:\/\/pcpr.elk.pl\/wp-content\/uploads\/2025\/09\/530812852_1174617958041641_1700754904471795890_n-225x300.jpg 225w, https:\/\/pcpr.elk.pl\/wp-content\/uploads\/2025\/09\/530812852_1174617958041641_1700754904471795890_n-768x1024.jpg 768w, https:\/\/pcpr.elk.pl\/wp-content\/uploads\/2025\/09\/530812852_1174617958041641_1700754904471795890_n-1152x1536.jpg 1152w, https:\/\/pcpr.elk.pl\/wp-content\/uploads\/2025\/09\/530812852_1174617958041641_1700754904471795890_n-18x24.jpg 18w, https:\/\/pcpr.elk.pl\/wp-content\/uploads\/2025\/09\/530812852_1174617958041641_1700754904471795890_n-27x36.jpg 27w, https:\/\/pcpr.elk.pl\/wp-content\/uploads\/2025\/09\/530812852_1174617958041641_1700754904471795890_n-36x48.jpg 36w\" sizes=\"(max-width: 1536px) 100vw, 1536px\" \/> <img loading=\"lazy\" class=\"alignnone size-full wp-image-3271\" src=\"https:\/\/pcpr.elk.pl\/wp-content\/uploads\/2025\/09\/532210792_1174618018041635_1312528458307728917_n.jpg\" alt=\"\" width=\"1536\" height=\"2048\" srcset=\"https:\/\/pcpr.elk.pl\/wp-content\/uploads\/2025\/09\/532210792_1174618018041635_1312528458307728917_n.jpg 1536w, https:\/\/pcpr.elk.pl\/wp-content\/uploads\/2025\/09\/532210792_1174618018041635_1312528458307728917_n-225x300.jpg 225w, https:\/\/pcpr.elk.pl\/wp-content\/uploads\/2025\/09\/532210792_1174618018041635_1312528458307728917_n-768x1024.jpg 768w, https:\/\/pcpr.elk.pl\/wp-content\/uploads\/2025\/09\/532210792_1174618018041635_1312528458307728917_n-1152x1536.jpg 1152w, https:\/\/pcpr.elk.pl\/wp-content\/uploads\/2025\/09\/532210792_1174618018041635_1312528458307728917_n-18x24.jpg 18w, https:\/\/pcpr.elk.pl\/wp-content\/uploads\/2025\/09\/532210792_1174618018041635_1312528458307728917_n-27x36.jpg 27w, https:\/\/pcpr.elk.pl\/wp-content\/uploads\/2025\/09\/532210792_1174618018041635_1312528458307728917_n-36x48.jpg 36w\" sizes=\"(max-width: 1536px) 100vw, 1536px\" \/> <img loading=\"lazy\" class=\"alignnone size-full wp-image-3272\" src=\"https:\/\/pcpr.elk.pl\/wp-content\/uploads\/2025\/09\/531405934_1174618011374969_7027068577030447527_n.jpg\" alt=\"\" width=\"2048\" height=\"1536\" srcset=\"https:\/\/pcpr.elk.pl\/wp-content\/uploads\/2025\/09\/531405934_1174618011374969_7027068577030447527_n.jpg 2048w, https:\/\/pcpr.elk.pl\/wp-content\/uploads\/2025\/09\/531405934_1174618011374969_7027068577030447527_n-300x225.jpg 300w, https:\/\/pcpr.elk.pl\/wp-content\/uploads\/2025\/09\/531405934_1174618011374969_7027068577030447527_n-1024x768.jpg 1024w, https:\/\/pcpr.elk.pl\/wp-content\/uploads\/2025\/09\/531405934_1174618011374969_7027068577030447527_n-768x576.jpg 768w, https:\/\/pcpr.elk.pl\/wp-content\/uploads\/2025\/09\/531405934_1174618011374969_7027068577030447527_n-1536x1152.jpg 1536w, https:\/\/pcpr.elk.pl\/wp-content\/uploads\/2025\/09\/531405934_1174618011374969_7027068577030447527_n-24x18.jpg 24w, https:\/\/pcpr.elk.pl\/wp-content\/uploads\/2025\/09\/531405934_1174618011374969_7027068577030447527_n-36x27.jpg 36w, https:\/\/pcpr.elk.pl\/wp-content\/uploads\/2025\/09\/531405934_1174618011374969_7027068577030447527_n-48x36.jpg 48w\" sizes=\"(max-width: 2048px) 100vw, 2048px\" \/><\/p>\n<p align=\"CENTER\">\u00a0<\/p>\n<hr \/>\n<p align=\"CENTER\"><span style=\"font-family: Times New Roman, serif;\"><span style=\"font-size: large;\"><b>Uroczyste Obchody Dnia Pieczy Zast\u0119pczej<\/b><\/span><\/span><\/p>\n<p align=\"JUSTIFY\"><span style=\"font-family: Times New Roman, serif;\"><span style=\"font-size: large;\">W dniu 2 lipca 2025 r. w Centrum Edukacji Ekologicznej w E\u0142ku odby\u0142y si\u0119 uroczyste obchody Dnia Pieczy Zast\u0119pczej, zorganizowane przez Powiatowe Centrum Pomocy Rodzinie w E\u0142ku. <\/span><\/span><\/p>\n<p align=\"JUSTIFY\"><span style=\"font-family: Times New Roman, serif;\"><span style=\"font-size: large;\"> W wydarzeniu wzi\u0119\u0142o udzia\u0142 oko\u0142o 150 os\u00f3b \u2013 rodzice zast\u0119pczy, prowadz\u0105cy rodzinne domy dziecka oraz ich podopieczni. Na uczestnik\u00f3w czeka\u0142 pocz\u0119stunek, stanowiska z wat\u0105 cukrow\u0105 i popcornem oraz wiele atrakcji, takich jak: malowanie twarzy, tatua\u017ce brokatowe, zaplatanie warkoczyk\u00f3w, dmuchana zje\u017cd\u017calnia, stoiska edukacyjne, gry i zabawy ruchowe wspieraj\u0105ce rozw\u00f3j spo\u0142eczny i emocjonalny dzieci, zabawy metod\u0105 Klanzy, ta\u0144ce integracyjne oraz animacje przy muzyce.<\/span><\/span><\/p>\n<p align=\"JUSTIFY\"><span style=\"font-family: Times New Roman, serif;\"><span style=\"font-size: large;\"> Swoj\u0105 obecno\u015bci\u0105 wydarzenie zaszczycili: Anna Wojciechowska \u2013 Pose\u0142 na Sejm RP, Ma\u0142gorzata Kopoczko \u2013 Wicestarosta E\u0142cki, Miros\u0142aw Ho\u0142ubowicz \u2013 Zast\u0119pca Prezydenta Miasta E\u0142ku, Ewelina Truszkowska \u2013 Przewodnicz\u0105ca Komisji Rodziny, Zdrowia i Pomocy Spo\u0142ecznej, Natalia Piwko \u2013 Radna Powiatu E\u0142ckiego.<\/span><\/span><\/p>\n<p align=\"JUSTIFY\"><span style=\"font-family: Times New Roman, serif;\"><span style=\"font-size: large;\"> Uroczysto\u015b\u0107 rozpocz\u0119\u0142a Anna Brdys, Dyrektor Powiatowego Centrum Pomocy Rodzinie w E\u0142ku, oficjalnym powitaniem uczestnik\u00f3w. Przybyli go\u015bcie wyrazili podzi\u0119kowanie rodzinom zast\u0119pczym oraz prowadz\u0105cym rodzinne domy dziecka za ich codzienn\u0105 prac\u0119, po\u015bwi\u0119cenie i zaanga\u017cowanie w trud opieki i wychowania dzieci. <\/span><\/span><\/p>\n<p align=\"JUSTIFY\"><span style=\"font-family: Times New Roman, serif;\"><span style=\"font-size: large;\">Wydarzenie zosta\u0142o zorganizowane w ramach projektu <\/span><\/span><strong><span style=\"font-family: Times New Roman, serif;\"><span style=\"font-size: large;\">\u201eKrok w przysz\u0142o\u015b\u0107\u201d<\/span><\/span><\/strong><span style=\"font-family: Times New Roman, serif;\"><span style=\"font-size: large;\">, wsp\u00f3\u0142finansowanego ze \u015brodk\u00f3w Unii Europejskiej w ramach programu regionalnego <\/span><\/span><strong><span style=\"font-family: Times New Roman, serif;\"><span style=\"font-size: large;\">Fundusze Europejskie dla Warmii i Mazur (FEWiM) na lata 2021\u20132027<\/span><\/span><\/strong><span style=\"font-family: Times New Roman, serif;\"><span style=\"font-size: large;\">, ze \u015brodk\u00f3w <\/span><\/span><strong><span style=\"font-family: Times New Roman, serif;\"><span style=\"font-size: large;\">Europejskiego Funduszu Spo\u0142ecznego Plus<\/span><\/span><\/strong><span style=\"font-family: Times New Roman, serif;\"><span style=\"font-size: large;\">. Projekt realizowany jest w ramach <\/span><\/span><strong><span style=\"font-family: Times New Roman, serif;\"><span style=\"font-size: large;\">Priorytetu 9: W\u0142\u0105czenie i integracja EFS+, Dzia\u0142anie 9.9: System Pieczy Zast\u0119pczej<\/span><\/span><\/strong><span style=\"font-family: Times New Roman, serif;\"><span style=\"font-size: large;\">.<\/span><\/span><\/p>\n<p align=\"JUSTIFY\"><img loading=\"lazy\" class=\"alignnone size-full wp-image-3209\" src=\"https:\/\/pcpr.elk.pl\/wp-content\/uploads\/2025\/07\/EDfYjUvM.jpg\" alt=\"\" width=\"2048\" height=\"1536\" srcset=\"https:\/\/pcpr.elk.pl\/wp-content\/uploads\/2025\/07\/EDfYjUvM.jpg 2048w, https:\/\/pcpr.elk.pl\/wp-content\/uploads\/2025\/07\/EDfYjUvM-300x225.jpg 300w, https:\/\/pcpr.elk.pl\/wp-content\/uploads\/2025\/07\/EDfYjUvM-1024x768.jpg 1024w, https:\/\/pcpr.elk.pl\/wp-content\/uploads\/2025\/07\/EDfYjUvM-768x576.jpg 768w, https:\/\/pcpr.elk.pl\/wp-content\/uploads\/2025\/07\/EDfYjUvM-1536x1152.jpg 1536w, https:\/\/pcpr.elk.pl\/wp-content\/uploads\/2025\/07\/EDfYjUvM-24x18.jpg 24w, https:\/\/pcpr.elk.pl\/wp-content\/uploads\/2025\/07\/EDfYjUvM-36x27.jpg 36w, https:\/\/pcpr.elk.pl\/wp-content\/uploads\/2025\/07\/EDfYjUvM-48x36.jpg 48w\" sizes=\"(max-width: 2048px) 100vw, 2048px\" \/><img loading=\"lazy\" class=\"alignnone size-full wp-image-3210\" src=\"https:\/\/pcpr.elk.pl\/wp-content\/uploads\/2025\/07\/mBmh3KJo.jpg\" alt=\"\" width=\"2048\" height=\"1536\" srcset=\"https:\/\/pcpr.elk.pl\/wp-content\/uploads\/2025\/07\/mBmh3KJo.jpg 2048w, https:\/\/pcpr.elk.pl\/wp-content\/uploads\/2025\/07\/mBmh3KJo-300x225.jpg 300w, https:\/\/pcpr.elk.pl\/wp-content\/uploads\/2025\/07\/mBmh3KJo-1024x768.jpg 1024w, https:\/\/pcpr.elk.pl\/wp-content\/uploads\/2025\/07\/mBmh3KJo-768x576.jpg 768w, https:\/\/pcpr.elk.pl\/wp-content\/uploads\/2025\/07\/mBmh3KJo-1536x1152.jpg 1536w, https:\/\/pcpr.elk.pl\/wp-content\/uploads\/2025\/07\/mBmh3KJo-24x18.jpg 24w, https:\/\/pcpr.elk.pl\/wp-content\/uploads\/2025\/07\/mBmh3KJo-36x27.jpg 36w, https:\/\/pcpr.elk.pl\/wp-content\/uploads\/2025\/07\/mBmh3KJo-48x36.jpg 48w\" sizes=\"(max-width: 2048px) 100vw, 2048px\" \/><\/p>\n<p align=\"JUSTIFY\"><img loading=\"lazy\" class=\"alignnone size-full wp-image-3193\" src=\"https:\/\/pcpr.elk.pl\/wp-content\/uploads\/2025\/07\/MfrGteNq.jpg\" alt=\"\" width=\"2048\" height=\"1536\" srcset=\"https:\/\/pcpr.elk.pl\/wp-content\/uploads\/2025\/07\/MfrGteNq.jpg 2048w, https:\/\/pcpr.elk.pl\/wp-content\/uploads\/2025\/07\/MfrGteNq-300x225.jpg 300w, https:\/\/pcpr.elk.pl\/wp-content\/uploads\/2025\/07\/MfrGteNq-1024x768.jpg 1024w, https:\/\/pcpr.elk.pl\/wp-content\/uploads\/2025\/07\/MfrGteNq-768x576.jpg 768w, https:\/\/pcpr.elk.pl\/wp-content\/uploads\/2025\/07\/MfrGteNq-1536x1152.jpg 1536w, https:\/\/pcpr.elk.pl\/wp-content\/uploads\/2025\/07\/MfrGteNq-24x18.jpg 24w, https:\/\/pcpr.elk.pl\/wp-content\/uploads\/2025\/07\/MfrGteNq-36x27.jpg 36w, https:\/\/pcpr.elk.pl\/wp-content\/uploads\/2025\/07\/MfrGteNq-48x36.jpg 48w\" sizes=\"(max-width: 2048px) 100vw, 2048px\" \/> <img loading=\"lazy\" class=\"alignnone size-full wp-image-3194\" src=\"https:\/\/pcpr.elk.pl\/wp-content\/uploads\/2025\/07\/7sytBfnZ.jpg\" alt=\"\" width=\"2048\" height=\"1536\" srcset=\"https:\/\/pcpr.elk.pl\/wp-content\/uploads\/2025\/07\/7sytBfnZ.jpg 2048w, https:\/\/pcpr.elk.pl\/wp-content\/uploads\/2025\/07\/7sytBfnZ-300x225.jpg 300w, https:\/\/pcpr.elk.pl\/wp-content\/uploads\/2025\/07\/7sytBfnZ-1024x768.jpg 1024w, https:\/\/pcpr.elk.pl\/wp-content\/uploads\/2025\/07\/7sytBfnZ-768x576.jpg 768w, https:\/\/pcpr.elk.pl\/wp-content\/uploads\/2025\/07\/7sytBfnZ-1536x1152.jpg 1536w, https:\/\/pcpr.elk.pl\/wp-content\/uploads\/2025\/07\/7sytBfnZ-24x18.jpg 24w, https:\/\/pcpr.elk.pl\/wp-content\/uploads\/2025\/07\/7sytBfnZ-36x27.jpg 36w, https:\/\/pcpr.elk.pl\/wp-content\/uploads\/2025\/07\/7sytBfnZ-48x36.jpg 48w\" sizes=\"(max-width: 2048px) 100vw, 2048px\" \/> <img loading=\"lazy\" class=\"alignnone size-full wp-image-3195\" src=\"https:\/\/pcpr.elk.pl\/wp-content\/uploads\/2025\/07\/w6hnT0aU.jpg\" alt=\"\" width=\"2048\" height=\"1536\" srcset=\"https:\/\/pcpr.elk.pl\/wp-content\/uploads\/2025\/07\/w6hnT0aU.jpg 2048w, https:\/\/pcpr.elk.pl\/wp-content\/uploads\/2025\/07\/w6hnT0aU-300x225.jpg 300w, https:\/\/pcpr.elk.pl\/wp-content\/uploads\/2025\/07\/w6hnT0aU-1024x768.jpg 1024w, https:\/\/pcpr.elk.pl\/wp-content\/uploads\/2025\/07\/w6hnT0aU-768x576.jpg 768w, https:\/\/pcpr.elk.pl\/wp-content\/uploads\/2025\/07\/w6hnT0aU-1536x1152.jpg 1536w, https:\/\/pcpr.elk.pl\/wp-content\/uploads\/2025\/07\/w6hnT0aU-24x18.jpg 24w, https:\/\/pcpr.elk.pl\/wp-content\/uploads\/2025\/07\/w6hnT0aU-36x27.jpg 36w, https:\/\/pcpr.elk.pl\/wp-content\/uploads\/2025\/07\/w6hnT0aU-48x36.jpg 48w\" sizes=\"(max-width: 2048px) 100vw, 2048px\" \/> <img loading=\"lazy\" class=\"alignnone size-full wp-image-3196\" src=\"https:\/\/pcpr.elk.pl\/wp-content\/uploads\/2025\/07\/985sRuke.jpg\" alt=\"\" width=\"2048\" height=\"1536\" srcset=\"https:\/\/pcpr.elk.pl\/wp-content\/uploads\/2025\/07\/985sRuke.jpg 2048w, https:\/\/pcpr.elk.pl\/wp-content\/uploads\/2025\/07\/985sRuke-300x225.jpg 300w, https:\/\/pcpr.elk.pl\/wp-content\/uploads\/2025\/07\/985sRuke-1024x768.jpg 1024w, https:\/\/pcpr.elk.pl\/wp-content\/uploads\/2025\/07\/985sRuke-768x576.jpg 768w, https:\/\/pcpr.elk.pl\/wp-content\/uploads\/2025\/07\/985sRuke-1536x1152.jpg 1536w, https:\/\/pcpr.elk.pl\/wp-content\/uploads\/2025\/07\/985sRuke-24x18.jpg 24w, https:\/\/pcpr.elk.pl\/wp-content\/uploads\/2025\/07\/985sRuke-36x27.jpg 36w, https:\/\/pcpr.elk.pl\/wp-content\/uploads\/2025\/07\/985sRuke-48x36.jpg 48w\" sizes=\"(max-width: 2048px) 100vw, 2048px\" \/> <img loading=\"lazy\" class=\"alignnone size-full wp-image-3197\" src=\"https:\/\/pcpr.elk.pl\/wp-content\/uploads\/2025\/07\/Yayh64WR.jpg\" alt=\"\" width=\"2048\" height=\"1536\" srcset=\"https:\/\/pcpr.elk.pl\/wp-content\/uploads\/2025\/07\/Yayh64WR.jpg 2048w, https:\/\/pcpr.elk.pl\/wp-content\/uploads\/2025\/07\/Yayh64WR-300x225.jpg 300w, https:\/\/pcpr.elk.pl\/wp-content\/uploads\/2025\/07\/Yayh64WR-1024x768.jpg 1024w, https:\/\/pcpr.elk.pl\/wp-content\/uploads\/2025\/07\/Yayh64WR-768x576.jpg 768w, https:\/\/pcpr.elk.pl\/wp-content\/uploads\/2025\/07\/Yayh64WR-1536x1152.jpg 1536w, https:\/\/pcpr.elk.pl\/wp-content\/uploads\/2025\/07\/Yayh64WR-24x18.jpg 24w, https:\/\/pcpr.elk.pl\/wp-content\/uploads\/2025\/07\/Yayh64WR-36x27.jpg 36w, https:\/\/pcpr.elk.pl\/wp-content\/uploads\/2025\/07\/Yayh64WR-48x36.jpg 48w\" sizes=\"(max-width: 2048px) 100vw, 2048px\" \/> <img loading=\"lazy\" class=\"alignnone size-full wp-image-3199\" src=\"https:\/\/pcpr.elk.pl\/wp-content\/uploads\/2025\/07\/R3qboH35.jpg\" alt=\"\" width=\"2048\" height=\"1536\" srcset=\"https:\/\/pcpr.elk.pl\/wp-content\/uploads\/2025\/07\/R3qboH35.jpg 2048w, https:\/\/pcpr.elk.pl\/wp-content\/uploads\/2025\/07\/R3qboH35-300x225.jpg 300w, https:\/\/pcpr.elk.pl\/wp-content\/uploads\/2025\/07\/R3qboH35-1024x768.jpg 1024w, https:\/\/pcpr.elk.pl\/wp-content\/uploads\/2025\/07\/R3qboH35-768x576.jpg 768w, https:\/\/pcpr.elk.pl\/wp-content\/uploads\/2025\/07\/R3qboH35-1536x1152.jpg 1536w, https:\/\/pcpr.elk.pl\/wp-content\/uploads\/2025\/07\/R3qboH35-24x18.jpg 24w, https:\/\/pcpr.elk.pl\/wp-content\/uploads\/2025\/07\/R3qboH35-36x27.jpg 36w, https:\/\/pcpr.elk.pl\/wp-content\/uploads\/2025\/07\/R3qboH35-48x36.jpg 48w\" sizes=\"(max-width: 2048px) 100vw, 2048px\" \/> <img loading=\"lazy\" class=\"alignnone size-full wp-image-3200\" src=\"https:\/\/pcpr.elk.pl\/wp-content\/uploads\/2025\/07\/4u1bYjnV.jpg\" alt=\"\" width=\"2048\" height=\"1536\" srcset=\"https:\/\/pcpr.elk.pl\/wp-content\/uploads\/2025\/07\/4u1bYjnV.jpg 2048w, https:\/\/pcpr.elk.pl\/wp-content\/uploads\/2025\/07\/4u1bYjnV-300x225.jpg 300w, https:\/\/pcpr.elk.pl\/wp-content\/uploads\/2025\/07\/4u1bYjnV-1024x768.jpg 1024w, https:\/\/pcpr.elk.pl\/wp-content\/uploads\/2025\/07\/4u1bYjnV-768x576.jpg 768w, https:\/\/pcpr.elk.pl\/wp-content\/uploads\/2025\/07\/4u1bYjnV-1536x1152.jpg 1536w, https:\/\/pcpr.elk.pl\/wp-content\/uploads\/2025\/07\/4u1bYjnV-24x18.jpg 24w, https:\/\/pcpr.elk.pl\/wp-content\/uploads\/2025\/07\/4u1bYjnV-36x27.jpg 36w, https:\/\/pcpr.elk.pl\/wp-content\/uploads\/2025\/07\/4u1bYjnV-48x36.jpg 48w\" sizes=\"(max-width: 2048px) 100vw, 2048px\" \/> <img loading=\"lazy\" class=\"alignnone size-full wp-image-3201\" src=\"https:\/\/pcpr.elk.pl\/wp-content\/uploads\/2025\/07\/snbNcmTe.jpg\" alt=\"\" width=\"2048\" height=\"1536\" srcset=\"https:\/\/pcpr.elk.pl\/wp-content\/uploads\/2025\/07\/snbNcmTe.jpg 2048w, https:\/\/pcpr.elk.pl\/wp-content\/uploads\/2025\/07\/snbNcmTe-300x225.jpg 300w, https:\/\/pcpr.elk.pl\/wp-content\/uploads\/2025\/07\/snbNcmTe-1024x768.jpg 1024w, https:\/\/pcpr.elk.pl\/wp-content\/uploads\/2025\/07\/snbNcmTe-768x576.jpg 768w, https:\/\/pcpr.elk.pl\/wp-content\/uploads\/2025\/07\/snbNcmTe-1536x1152.jpg 1536w, https:\/\/pcpr.elk.pl\/wp-content\/uploads\/2025\/07\/snbNcmTe-24x18.jpg 24w, https:\/\/pcpr.elk.pl\/wp-content\/uploads\/2025\/07\/snbNcmTe-36x27.jpg 36w, https:\/\/pcpr.elk.pl\/wp-content\/uploads\/2025\/07\/snbNcmTe-48x36.jpg 48w\" sizes=\"(max-width: 2048px) 100vw, 2048px\" \/> <img loading=\"lazy\" class=\"alignnone size-full wp-image-3202\" src=\"https:\/\/pcpr.elk.pl\/wp-content\/uploads\/2025\/07\/IQRCzIGj.jpg\" alt=\"\" width=\"2048\" height=\"1536\" srcset=\"https:\/\/pcpr.elk.pl\/wp-content\/uploads\/2025\/07\/IQRCzIGj.jpg 2048w, https:\/\/pcpr.elk.pl\/wp-content\/uploads\/2025\/07\/IQRCzIGj-300x225.jpg 300w, https:\/\/pcpr.elk.pl\/wp-content\/uploads\/2025\/07\/IQRCzIGj-1024x768.jpg 1024w, https:\/\/pcpr.elk.pl\/wp-content\/uploads\/2025\/07\/IQRCzIGj-768x576.jpg 768w, https:\/\/pcpr.elk.pl\/wp-content\/uploads\/2025\/07\/IQRCzIGj-1536x1152.jpg 1536w, https:\/\/pcpr.elk.pl\/wp-content\/uploads\/2025\/07\/IQRCzIGj-24x18.jpg 24w, https:\/\/pcpr.elk.pl\/wp-content\/uploads\/2025\/07\/IQRCzIGj-36x27.jpg 36w, https:\/\/pcpr.elk.pl\/wp-content\/uploads\/2025\/07\/IQRCzIGj-48x36.jpg 48w\" sizes=\"(max-width: 2048px) 100vw, 2048px\" \/> <img loading=\"lazy\" class=\"alignnone size-full wp-image-3203\" src=\"https:\/\/pcpr.elk.pl\/wp-content\/uploads\/2025\/07\/6xTOx-9j.jpg\" alt=\"\" width=\"2048\" height=\"1536\" srcset=\"https:\/\/pcpr.elk.pl\/wp-content\/uploads\/2025\/07\/6xTOx-9j.jpg 2048w, https:\/\/pcpr.elk.pl\/wp-content\/uploads\/2025\/07\/6xTOx-9j-300x225.jpg 300w, https:\/\/pcpr.elk.pl\/wp-content\/uploads\/2025\/07\/6xTOx-9j-1024x768.jpg 1024w, https:\/\/pcpr.elk.pl\/wp-content\/uploads\/2025\/07\/6xTOx-9j-768x576.jpg 768w, https:\/\/pcpr.elk.pl\/wp-content\/uploads\/2025\/07\/6xTOx-9j-1536x1152.jpg 1536w, https:\/\/pcpr.elk.pl\/wp-content\/uploads\/2025\/07\/6xTOx-9j-24x18.jpg 24w, https:\/\/pcpr.elk.pl\/wp-content\/uploads\/2025\/07\/6xTOx-9j-36x27.jpg 36w, https:\/\/pcpr.elk.pl\/wp-content\/uploads\/2025\/07\/6xTOx-9j-48x36.jpg 48w\" sizes=\"(max-width: 2048px) 100vw, 2048px\" \/> <img loading=\"lazy\" class=\"alignnone size-full wp-image-3204\" src=\"https:\/\/pcpr.elk.pl\/wp-content\/uploads\/2025\/07\/WGeWLfqY.jpg\" alt=\"\" width=\"2048\" height=\"1536\" srcset=\"https:\/\/pcpr.elk.pl\/wp-content\/uploads\/2025\/07\/WGeWLfqY.jpg 2048w, https:\/\/pcpr.elk.pl\/wp-content\/uploads\/2025\/07\/WGeWLfqY-300x225.jpg 300w, https:\/\/pcpr.elk.pl\/wp-content\/uploads\/2025\/07\/WGeWLfqY-1024x768.jpg 1024w, https:\/\/pcpr.elk.pl\/wp-content\/uploads\/2025\/07\/WGeWLfqY-768x576.jpg 768w, https:\/\/pcpr.elk.pl\/wp-content\/uploads\/2025\/07\/WGeWLfqY-1536x1152.jpg 1536w, https:\/\/pcpr.elk.pl\/wp-content\/uploads\/2025\/07\/WGeWLfqY-24x18.jpg 24w, https:\/\/pcpr.elk.pl\/wp-content\/uploads\/2025\/07\/WGeWLfqY-36x27.jpg 36w, https:\/\/pcpr.elk.pl\/wp-content\/uploads\/2025\/07\/WGeWLfqY-48x36.jpg 48w\" sizes=\"(max-width: 2048px) 100vw, 2048px\" \/> <img loading=\"lazy\" class=\"alignnone size-full wp-image-3205\" src=\"https:\/\/pcpr.elk.pl\/wp-content\/uploads\/2025\/07\/yeAIfHU2.jpg\" alt=\"\" width=\"2048\" height=\"1536\" srcset=\"https:\/\/pcpr.elk.pl\/wp-content\/uploads\/2025\/07\/yeAIfHU2.jpg 2048w, https:\/\/pcpr.elk.pl\/wp-content\/uploads\/2025\/07\/yeAIfHU2-300x225.jpg 300w, https:\/\/pcpr.elk.pl\/wp-content\/uploads\/2025\/07\/yeAIfHU2-1024x768.jpg 1024w, https:\/\/pcpr.elk.pl\/wp-content\/uploads\/2025\/07\/yeAIfHU2-768x576.jpg 768w, https:\/\/pcpr.elk.pl\/wp-content\/uploads\/2025\/07\/yeAIfHU2-1536x1152.jpg 1536w, https:\/\/pcpr.elk.pl\/wp-content\/uploads\/2025\/07\/yeAIfHU2-24x18.jpg 24w, https:\/\/pcpr.elk.pl\/wp-content\/uploads\/2025\/07\/yeAIfHU2-36x27.jpg 36w, https:\/\/pcpr.elk.pl\/wp-content\/uploads\/2025\/07\/yeAIfHU2-48x36.jpg 48w\" sizes=\"(max-width: 2048px) 100vw, 2048px\" \/> <img loading=\"lazy\" class=\"alignnone size-full wp-image-3206\" src=\"https:\/\/pcpr.elk.pl\/wp-content\/uploads\/2025\/07\/zzuRFmLr.jpg\" alt=\"\" width=\"2048\" height=\"1536\" srcset=\"https:\/\/pcpr.elk.pl\/wp-content\/uploads\/2025\/07\/zzuRFmLr.jpg 2048w, https:\/\/pcpr.elk.pl\/wp-content\/uploads\/2025\/07\/zzuRFmLr-300x225.jpg 300w, https:\/\/pcpr.elk.pl\/wp-content\/uploads\/2025\/07\/zzuRFmLr-1024x768.jpg 1024w, https:\/\/pcpr.elk.pl\/wp-content\/uploads\/2025\/07\/zzuRFmLr-768x576.jpg 768w, https:\/\/pcpr.elk.pl\/wp-content\/uploads\/2025\/07\/zzuRFmLr-1536x1152.jpg 1536w, https:\/\/pcpr.elk.pl\/wp-content\/uploads\/2025\/07\/zzuRFmLr-24x18.jpg 24w, https:\/\/pcpr.elk.pl\/wp-content\/uploads\/2025\/07\/zzuRFmLr-36x27.jpg 36w, https:\/\/pcpr.elk.pl\/wp-content\/uploads\/2025\/07\/zzuRFmLr-48x36.jpg 48w\" sizes=\"(max-width: 2048px) 100vw, 2048px\" \/> <img loading=\"lazy\" class=\"alignnone size-full wp-image-3207\" src=\"https:\/\/pcpr.elk.pl\/wp-content\/uploads\/2025\/07\/bUJ0LNfR.jpg\" alt=\"\" width=\"2048\" height=\"1536\" srcset=\"https:\/\/pcpr.elk.pl\/wp-content\/uploads\/2025\/07\/bUJ0LNfR.jpg 2048w, https:\/\/pcpr.elk.pl\/wp-content\/uploads\/2025\/07\/bUJ0LNfR-300x225.jpg 300w, https:\/\/pcpr.elk.pl\/wp-content\/uploads\/2025\/07\/bUJ0LNfR-1024x768.jpg 1024w, https:\/\/pcpr.elk.pl\/wp-content\/uploads\/2025\/07\/bUJ0LNfR-768x576.jpg 768w, https:\/\/pcpr.elk.pl\/wp-content\/uploads\/2025\/07\/bUJ0LNfR-1536x1152.jpg 1536w, https:\/\/pcpr.elk.pl\/wp-content\/uploads\/2025\/07\/bUJ0LNfR-24x18.jpg 24w, https:\/\/pcpr.elk.pl\/wp-content\/uploads\/2025\/07\/bUJ0LNfR-36x27.jpg 36w, https:\/\/pcpr.elk.pl\/wp-content\/uploads\/2025\/07\/bUJ0LNfR-48x36.jpg 48w\" sizes=\"(max-width: 2048px) 100vw, 2048px\" \/><\/p>\n<hr \/>\n<h3 align=\"JUSTIFY\"><img loading=\"lazy\" class=\"size-full wp-image-3144 aligncenter\" src=\"https:\/\/pcpr.elk.pl\/wp-content\/uploads\/2025\/06\/Obchody.png\" alt=\"\" width=\"940\" height=\"788\" srcset=\"https:\/\/pcpr.elk.pl\/wp-content\/uploads\/2025\/06\/Obchody.png 940w, https:\/\/pcpr.elk.pl\/wp-content\/uploads\/2025\/06\/Obchody-300x251.png 300w, https:\/\/pcpr.elk.pl\/wp-content\/uploads\/2025\/06\/Obchody-768x644.png 768w, https:\/\/pcpr.elk.pl\/wp-content\/uploads\/2025\/06\/Obchody-24x20.png 24w, https:\/\/pcpr.elk.pl\/wp-content\/uploads\/2025\/06\/Obchody-36x30.png 36w, https:\/\/pcpr.elk.pl\/wp-content\/uploads\/2025\/06\/Obchody-48x40.png 48w\" sizes=\"(max-width: 940px) 100vw, 940px\" \/><\/h3>\n<p>\u00a0<\/p>\n<hr \/>\n<h3 style=\"text-align: center;\" align=\"JUSTIFY\"><span style=\"color: #000000;\"><strong>SPOTKANIE MIKO\u0141AJKOWE<\/strong><\/span><\/h3>\n<p align=\"JUSTIFY\"><span style=\"color: #000000;\"><span style=\"font-family: Verdana, sans-serif;\"><span style=\"font-size: small;\"><span lang=\"pl-PL\">D<\/span><\/span><\/span><span style=\"font-family: Verdana, sans-serif;\"><span style=\"font-size: small;\">nia 11 grudnia 2024 r. w <\/span><\/span><span style=\"font-family: Verdana, sans-serif;\"><span style=\"font-size: small;\">WANS (Wschodnioeuropejska Akademia Nauk Stosowanych),<\/span><\/span><span style=\"font-family: Verdana, sans-serif;\"><span style=\"font-size: small;\"> odby\u0142o si\u0119 <\/span><\/span><span style=\"font-family: Verdana, sans-serif;\"><span style=\"font-size: small;\"><b>spotkanie Miko\u0142ajkowe<\/b><\/span><\/span><span style=\"font-family: Verdana, sans-serif;\"><span style=\"font-size: small;\"> dla uczestnik\u00f3w projektu &#8222;Krok w przyszo\u015b\u0107&#8221;, w<\/span><\/span><span style=\"font-family: Verdana, sans-serif;\"><span style=\"font-size: small;\"><span lang=\"pl-PL\">sp\u00f3\u0142finansowanego ze \u015brodk\u00f3w Unii Europejskiej w ramach programu regionalnego Fundusze Europejskie dla Warmii i Mazur (FEWiM) na lata 2021 \u2013 2027<\/span><\/span><\/span><span style=\"font-family: Verdana, sans-serif;\"><span style=\"font-size: small;\"><span lang=\"pl-PL\">.<\/span><\/span><\/span><\/span><\/p>\n<p align=\"JUSTIFY\"><span style=\"font-size: small; color: #000000;\"><span style=\"font-family: Verdana, sans-serif;\"> W wydarzeniu wzi\u0119\u0142o udzia\u0142 ok. 160 os\u00f3b; rodzice zast\u0119pczy, prowadz\u0105cy rodzinne domy dziecka oraz ich podopieczni. Uczestnikom zapewniono<\/span><span style=\"font-family: Verdana, sans-serif;\"> pocz\u0119stunek, warsztaty rozwojowe pn.: warsztaty bajkoterapii, warsztaty robienia bombek oraz zdobienia pierniczk\u00f3w. <\/span><\/span><\/p>\n<p align=\"JUSTIFY\"><span style=\"font-family: Verdana, sans-serif; color: #000000;\"><span style=\"font-size: small;\"> Swoj\u0105 obecno\u015bci\u0105 przyby\u0142ych go\u015bci zaszczyci\u0142y w\u0142adze Powiatu E\u0142ckiego: Marek Chojnowski Starosta Powiatu E\u0142ckiego, Ma\u0142gorzata Kopiczko Wicestarosta Powiatu E\u0142ckiego.<\/span><\/span><\/p>\n<p align=\"JUSTIFY\"><span style=\"color: #000000;\"><span style=\"font-family: Verdana, sans-serif;\"><span style=\"font-size: small;\"> Przyby\u0142e dzieci odwiedzi\u0142 Miko\u0142aj z upominkami, w \u015bwi\u0105teczn\u0105 atmosfer\u0119 wprowadzi\u0142y go\u015bci piosenki, kol\u0119dy i prowadz\u0105ca. <\/span><\/span><\/span><\/p>\n<p align=\"JUSTIFY\"><span style=\"color: #000000;\"><span style=\"font-family: Verdana, sans-serif;\"><span style=\"font-size: small;\"> Ca\u0142o\u015b\u0107 wydarzenia zosta\u0142a upami\u0119tniona na zdj\u0119ciach \ud83d\ude42<\/span><\/span><\/span><\/p>\n<p align=\"JUSTIFY\"><img loading=\"lazy\" class=\"aligncenter size-large wp-image-2908\" src=\"https:\/\/pcpr.elk.pl\/wp-content\/uploads\/2024\/12\/ALi7DAFD-1024x768.jpg\" alt=\"\" width=\"683\" height=\"512\" srcset=\"https:\/\/pcpr.elk.pl\/wp-content\/uploads\/2024\/12\/ALi7DAFD-1024x768.jpg 1024w, https:\/\/pcpr.elk.pl\/wp-content\/uploads\/2024\/12\/ALi7DAFD-300x225.jpg 300w, https:\/\/pcpr.elk.pl\/wp-content\/uploads\/2024\/12\/ALi7DAFD-768x576.jpg 768w, https:\/\/pcpr.elk.pl\/wp-content\/uploads\/2024\/12\/ALi7DAFD-1536x1152.jpg 1536w, https:\/\/pcpr.elk.pl\/wp-content\/uploads\/2024\/12\/ALi7DAFD-24x18.jpg 24w, https:\/\/pcpr.elk.pl\/wp-content\/uploads\/2024\/12\/ALi7DAFD-36x27.jpg 36w, https:\/\/pcpr.elk.pl\/wp-content\/uploads\/2024\/12\/ALi7DAFD-48x36.jpg 48w, https:\/\/pcpr.elk.pl\/wp-content\/uploads\/2024\/12\/ALi7DAFD.jpg 2016w\" sizes=\"(max-width: 683px) 100vw, 683px\" \/><\/p>\n<p align=\"JUSTIFY\"><img loading=\"lazy\" class=\"aligncenter size-large wp-image-2907\" src=\"https:\/\/pcpr.elk.pl\/wp-content\/uploads\/2024\/12\/Mbvlvewj-1024x768.jpg\" alt=\"\" width=\"683\" height=\"512\" srcset=\"https:\/\/pcpr.elk.pl\/wp-content\/uploads\/2024\/12\/Mbvlvewj-1024x768.jpg 1024w, https:\/\/pcpr.elk.pl\/wp-content\/uploads\/2024\/12\/Mbvlvewj-300x225.jpg 300w, https:\/\/pcpr.elk.pl\/wp-content\/uploads\/2024\/12\/Mbvlvewj-768x576.jpg 768w, https:\/\/pcpr.elk.pl\/wp-content\/uploads\/2024\/12\/Mbvlvewj-1536x1152.jpg 1536w, https:\/\/pcpr.elk.pl\/wp-content\/uploads\/2024\/12\/Mbvlvewj-24x18.jpg 24w, https:\/\/pcpr.elk.pl\/wp-content\/uploads\/2024\/12\/Mbvlvewj-36x27.jpg 36w, https:\/\/pcpr.elk.pl\/wp-content\/uploads\/2024\/12\/Mbvlvewj-48x36.jpg 48w, https:\/\/pcpr.elk.pl\/wp-content\/uploads\/2024\/12\/Mbvlvewj.jpg 2016w\" sizes=\"(max-width: 683px) 100vw, 683px\" \/><\/p>\n<p align=\"JUSTIFY\">\u00a0<\/p>\n<p align=\"JUSTIFY\"><img loading=\"lazy\" class=\"aligncenter size-large wp-image-2905\" src=\"https:\/\/pcpr.elk.pl\/wp-content\/uploads\/2024\/12\/4vigoUkk-1024x768.jpg\" alt=\"\" width=\"683\" height=\"512\" srcset=\"https:\/\/pcpr.elk.pl\/wp-content\/uploads\/2024\/12\/4vigoUkk-1024x768.jpg 1024w, https:\/\/pcpr.elk.pl\/wp-content\/uploads\/2024\/12\/4vigoUkk-300x225.jpg 300w, https:\/\/pcpr.elk.pl\/wp-content\/uploads\/2024\/12\/4vigoUkk-768x576.jpg 768w, https:\/\/pcpr.elk.pl\/wp-content\/uploads\/2024\/12\/4vigoUkk-1536x1152.jpg 1536w, https:\/\/pcpr.elk.pl\/wp-content\/uploads\/2024\/12\/4vigoUkk-24x18.jpg 24w, https:\/\/pcpr.elk.pl\/wp-content\/uploads\/2024\/12\/4vigoUkk-36x27.jpg 36w, https:\/\/pcpr.elk.pl\/wp-content\/uploads\/2024\/12\/4vigoUkk-48x36.jpg 48w, https:\/\/pcpr.elk.pl\/wp-content\/uploads\/2024\/12\/4vigoUkk.jpg 2016w\" sizes=\"(max-width: 683px) 100vw, 683px\" \/><\/p>\n<p align=\"JUSTIFY\"><img loading=\"lazy\" class=\"aligncenter size-large wp-image-2904\" src=\"https:\/\/pcpr.elk.pl\/wp-content\/uploads\/2024\/12\/R95_Bkk8-1024x768.jpg\" alt=\"\" width=\"683\" height=\"512\" srcset=\"https:\/\/pcpr.elk.pl\/wp-content\/uploads\/2024\/12\/R95_Bkk8-1024x768.jpg 1024w, https:\/\/pcpr.elk.pl\/wp-content\/uploads\/2024\/12\/R95_Bkk8-300x225.jpg 300w, https:\/\/pcpr.elk.pl\/wp-content\/uploads\/2024\/12\/R95_Bkk8-768x576.jpg 768w, https:\/\/pcpr.elk.pl\/wp-content\/uploads\/2024\/12\/R95_Bkk8-1536x1152.jpg 1536w, https:\/\/pcpr.elk.pl\/wp-content\/uploads\/2024\/12\/R95_Bkk8-24x18.jpg 24w, https:\/\/pcpr.elk.pl\/wp-content\/uploads\/2024\/12\/R95_Bkk8-36x27.jpg 36w, https:\/\/pcpr.elk.pl\/wp-content\/uploads\/2024\/12\/R95_Bkk8-48x36.jpg 48w, https:\/\/pcpr.elk.pl\/wp-content\/uploads\/2024\/12\/R95_Bkk8.jpg 2016w\" sizes=\"(max-width: 683px) 100vw, 683px\" \/><\/p>\n<p align=\"JUSTIFY\"><img loading=\"lazy\" class=\"aligncenter size-large wp-image-2903\" src=\"https:\/\/pcpr.elk.pl\/wp-content\/uploads\/2024\/12\/05z3ATvx-768x1024.jpg\" alt=\"\" width=\"683\" height=\"911\" srcset=\"https:\/\/pcpr.elk.pl\/wp-content\/uploads\/2024\/12\/05z3ATvx-768x1024.jpg 768w, https:\/\/pcpr.elk.pl\/wp-content\/uploads\/2024\/12\/05z3ATvx-225x300.jpg 225w, https:\/\/pcpr.elk.pl\/wp-content\/uploads\/2024\/12\/05z3ATvx-1152x1536.jpg 1152w, https:\/\/pcpr.elk.pl\/wp-content\/uploads\/2024\/12\/05z3ATvx-18x24.jpg 18w, https:\/\/pcpr.elk.pl\/wp-content\/uploads\/2024\/12\/05z3ATvx-27x36.jpg 27w, https:\/\/pcpr.elk.pl\/wp-content\/uploads\/2024\/12\/05z3ATvx-36x48.jpg 36w, https:\/\/pcpr.elk.pl\/wp-content\/uploads\/2024\/12\/05z3ATvx.jpg 1512w\" sizes=\"(max-width: 683px) 100vw, 683px\" \/><\/p>\n<p lang=\"pl-PL\" align=\"CENTER\"><img loading=\"lazy\" class=\"aligncenter size-full wp-image-2912\" src=\"https:\/\/pcpr.elk.pl\/wp-content\/uploads\/2024\/12\/YQglkwj2.jpg\" alt=\"\" width=\"768\" height=\"1024\" srcset=\"https:\/\/pcpr.elk.pl\/wp-content\/uploads\/2024\/12\/YQglkwj2.jpg 768w, https:\/\/pcpr.elk.pl\/wp-content\/uploads\/2024\/12\/YQglkwj2-225x300.jpg 225w, https:\/\/pcpr.elk.pl\/wp-content\/uploads\/2024\/12\/YQglkwj2-18x24.jpg 18w, https:\/\/pcpr.elk.pl\/wp-content\/uploads\/2024\/12\/YQglkwj2-27x36.jpg 27w, https:\/\/pcpr.elk.pl\/wp-content\/uploads\/2024\/12\/YQglkwj2-36x48.jpg 36w\" sizes=\"(max-width: 768px) 100vw, 768px\" \/><\/p>\n<p lang=\"pl-PL\" align=\"CENTER\"><img loading=\"lazy\" class=\"aligncenter size-full wp-image-2913\" src=\"https:\/\/pcpr.elk.pl\/wp-content\/uploads\/2024\/12\/2vz7UPVz.jpg\" alt=\"\" width=\"768\" height=\"1024\" srcset=\"https:\/\/pcpr.elk.pl\/wp-content\/uploads\/2024\/12\/2vz7UPVz.jpg 768w, https:\/\/pcpr.elk.pl\/wp-content\/uploads\/2024\/12\/2vz7UPVz-225x300.jpg 225w, https:\/\/pcpr.elk.pl\/wp-content\/uploads\/2024\/12\/2vz7UPVz-18x24.jpg 18w, https:\/\/pcpr.elk.pl\/wp-content\/uploads\/2024\/12\/2vz7UPVz-27x36.jpg 27w, https:\/\/pcpr.elk.pl\/wp-content\/uploads\/2024\/12\/2vz7UPVz-36x48.jpg 36w\" sizes=\"(max-width: 768px) 100vw, 768px\" \/><\/p>\n<p lang=\"pl-PL\" align=\"CENTER\"><img loading=\"lazy\" class=\"aligncenter size-full wp-image-2914\" src=\"https:\/\/pcpr.elk.pl\/wp-content\/uploads\/2024\/12\/DIlRd3gA.jpg\" alt=\"\" width=\"768\" height=\"1024\" srcset=\"https:\/\/pcpr.elk.pl\/wp-content\/uploads\/2024\/12\/DIlRd3gA.jpg 768w, https:\/\/pcpr.elk.pl\/wp-content\/uploads\/2024\/12\/DIlRd3gA-225x300.jpg 225w, https:\/\/pcpr.elk.pl\/wp-content\/uploads\/2024\/12\/DIlRd3gA-18x24.jpg 18w, https:\/\/pcpr.elk.pl\/wp-content\/uploads\/2024\/12\/DIlRd3gA-27x36.jpg 27w, https:\/\/pcpr.elk.pl\/wp-content\/uploads\/2024\/12\/DIlRd3gA-36x48.jpg 36w\" sizes=\"(max-width: 768px) 100vw, 768px\" \/><\/p>\n<p lang=\"pl-PL\" align=\"CENTER\"><img loading=\"lazy\" class=\"aligncenter size-full wp-image-2915\" src=\"https:\/\/pcpr.elk.pl\/wp-content\/uploads\/2024\/12\/da1AhSMn.jpg\" alt=\"\" width=\"768\" height=\"1024\" srcset=\"https:\/\/pcpr.elk.pl\/wp-content\/uploads\/2024\/12\/da1AhSMn.jpg 768w, https:\/\/pcpr.elk.pl\/wp-content\/uploads\/2024\/12\/da1AhSMn-225x300.jpg 225w, https:\/\/pcpr.elk.pl\/wp-content\/uploads\/2024\/12\/da1AhSMn-18x24.jpg 18w, https:\/\/pcpr.elk.pl\/wp-content\/uploads\/2024\/12\/da1AhSMn-27x36.jpg 27w, https:\/\/pcpr.elk.pl\/wp-content\/uploads\/2024\/12\/da1AhSMn-36x48.jpg 36w\" sizes=\"(max-width: 768px) 100vw, 768px\" \/><\/p>\n<p lang=\"pl-PL\" align=\"CENTER\">__________________________________________________________________________________________________________<\/p>\n<p lang=\"pl-PL\" align=\"CENTER\"><span style=\"font-family: Times New Roman, serif; color: #000000;\"><span style=\"font-size: medium;\"><b>WYJAZD ROZWOJOWY DLA RODZIN <\/b><\/span><\/span><\/p>\n<p lang=\"pl-PL\" align=\"JUSTIFY\"><span style=\"font-family: Times New Roman, serif; color: #000000;\"><span style=\"font-size: medium;\"> Dnia 28 wrze\u015bnia 2024 r. uczestnicy projektu &#8222;Krok w przysz\u0142o\u015b\u0107&#8221; wsp\u00f3\u0142finansowanego ze \u015brodk\u00f3w Unii Europejskiej w ramach programu regionalnego Fundusze Europejskie dla Warmii i Mazur (FEWiM) na lata 2021 \u2013 2027, ze \u015brodk\u00f3w Europejskiego Funduszu Spo\u0142ecznego Plus uczestniczyli w jednodniowym wyje\u017adzie rekreacyjno-turystycznym do Parku Krajobrazowego Puszczy Rominckiej. <\/span><\/span><\/p>\n<p lang=\"pl-PL\" align=\"JUSTIFY\"><span style=\"color: #000000;\"><span style=\"font-family: Times New Roman, serif;\"><span style=\"font-size: medium;\"> W wyje\u017adzie uczestniczy\u0142o 45 os\u00f3b. Uczestnikom zapewniono liczne atrakcje turystyczne p\u00f3\u0142nocnych kra\u0144c\u00f3w Mazur, opiek\u0119 pilota, obiad oraz dwa warsztaty rozwojowe.<\/span><\/span><\/span><\/p>\n<p lang=\"pl-PL\" align=\"CENTER\"><img loading=\"lazy\" class=\"aligncenter size-large wp-image-2735\" src=\"https:\/\/pcpr.elk.pl\/wp-content\/uploads\/2024\/09\/HKNpEKQx-1024x768.jpg\" alt=\"\" width=\"683\" height=\"512\" srcset=\"https:\/\/pcpr.elk.pl\/wp-content\/uploads\/2024\/09\/HKNpEKQx-1024x768.jpg 1024w, https:\/\/pcpr.elk.pl\/wp-content\/uploads\/2024\/09\/HKNpEKQx-300x225.jpg 300w, https:\/\/pcpr.elk.pl\/wp-content\/uploads\/2024\/09\/HKNpEKQx-768x576.jpg 768w, https:\/\/pcpr.elk.pl\/wp-content\/uploads\/2024\/09\/HKNpEKQx-1536x1152.jpg 1536w, https:\/\/pcpr.elk.pl\/wp-content\/uploads\/2024\/09\/HKNpEKQx-24x18.jpg 24w, https:\/\/pcpr.elk.pl\/wp-content\/uploads\/2024\/09\/HKNpEKQx-36x27.jpg 36w, https:\/\/pcpr.elk.pl\/wp-content\/uploads\/2024\/09\/HKNpEKQx-48x36.jpg 48w, https:\/\/pcpr.elk.pl\/wp-content\/uploads\/2024\/09\/HKNpEKQx.jpg 2048w\" sizes=\"(max-width: 683px) 100vw, 683px\" \/><\/p>\n<p lang=\"pl-PL\" align=\"CENTER\">\u00a0<\/p>\n<p lang=\"pl-PL\" align=\"CENTER\">__________________________________________________________________________________________________________<\/p>\n<p lang=\"pl-PL\" align=\"CENTER\"><span style=\"color: #050505;\"><span style=\"font-family: Times New Roman, serif;\"><span style=\"font-size: medium;\"><b>MOBILNY PUNKT INFORMACYJNO &#8211; PROMOCYJNY<\/b><\/span><\/span><\/span><\/p>\n<p style=\"text-align: justify;\"><span style=\"font-family: Times New Roman, serif; color: #000000;\"><span style=\"font-size: medium;\"> Dnia 28 wrze\u015bnia 2024 r. pracownicy Powiatowego Centrum Pomocy Rodzinie w E\u0142ku, ju\u017c po raz trzeci promowali ide\u0119 rodzicielstwa zast\u0119pczego. <\/span><\/span><\/p>\n<p style=\"text-align: justify;\"><span style=\"font-family: Times New Roman, serif; color: #000000;\"><span style=\"font-size: medium;\"> Z ramienia Powiatowego Centrum Pomocy Rodzinie w E\u0142ku piecz\u0119 zast\u0119pcz\u0105 podczas wydarzenia jakim by\u0142o zako\u0144czenie sezonu E\u0142ckiej Kolei W\u0105skotorowej, po\u0142\u0105czone z obchodami Dnia Kolejarza, promowali koordynatorzy rodzinnej pieczy zast\u0119pczej Katarzyna Matysiak oraz Karol Malinowski.<\/span><\/span><\/p>\n<p style=\"text-align: justify;\"><span style=\"font-family: Times New Roman, serif; color: #000000;\"><span style=\"font-size: medium;\"> Popularyzacja rodzicielstwa zast\u0119pczego odbywa si\u0119 w ramach <b>m<\/b><b>obilnego punktu informacyjno-promocyjnego<\/b>, sfinansowanego w ramach projektu &#8222;Krok w przysz\u0142o\u015b\u0107&#8221; wsp\u00f3\u0142finansowanego ze \u015brodk\u00f3w Unii Europejskiej w ramach programu regionalnego Fundusze Europejskie dla Warmii i Mazur (FEWiM) na lata 2021 \u2013 2027, ze \u015brodk\u00f3w Europejskiego Funduszu Spo\u0142ecznego Plus. Priorytet 9: W\u0142\u0105czenie i integracja EFS+, Dzia\u0142anie 9.9: System Pieczy Zast\u0119pczej.<\/span><\/span><\/p>\n<p><img loading=\"lazy\" class=\"aligncenter size-large wp-image-2728\" src=\"https:\/\/pcpr.elk.pl\/wp-content\/uploads\/2024\/09\/KOQzD6H-1024x768.jpg\" alt=\"\" width=\"683\" height=\"512\" srcset=\"https:\/\/pcpr.elk.pl\/wp-content\/uploads\/2024\/09\/KOQzD6H-1024x768.jpg 1024w, https:\/\/pcpr.elk.pl\/wp-content\/uploads\/2024\/09\/KOQzD6H-300x225.jpg 300w, https:\/\/pcpr.elk.pl\/wp-content\/uploads\/2024\/09\/KOQzD6H-768x576.jpg 768w, https:\/\/pcpr.elk.pl\/wp-content\/uploads\/2024\/09\/KOQzD6H-1536x1152.jpg 1536w, https:\/\/pcpr.elk.pl\/wp-content\/uploads\/2024\/09\/KOQzD6H-24x18.jpg 24w, https:\/\/pcpr.elk.pl\/wp-content\/uploads\/2024\/09\/KOQzD6H-36x27.jpg 36w, https:\/\/pcpr.elk.pl\/wp-content\/uploads\/2024\/09\/KOQzD6H-48x36.jpg 48w, https:\/\/pcpr.elk.pl\/wp-content\/uploads\/2024\/09\/KOQzD6H.jpg 2048w\" sizes=\"(max-width: 683px) 100vw, 683px\" \/><\/p>\n<p align=\"JUSTIFY\"><img loading=\"lazy\" class=\"aligncenter  wp-image-2729\" src=\"https:\/\/pcpr.elk.pl\/wp-content\/uploads\/2024\/09\/cV3uJGQ2-768x1024.jpg\" alt=\"\" width=\"595\" height=\"794\" srcset=\"https:\/\/pcpr.elk.pl\/wp-content\/uploads\/2024\/09\/cV3uJGQ2-768x1024.jpg 768w, https:\/\/pcpr.elk.pl\/wp-content\/uploads\/2024\/09\/cV3uJGQ2-225x300.jpg 225w, https:\/\/pcpr.elk.pl\/wp-content\/uploads\/2024\/09\/cV3uJGQ2-1152x1536.jpg 1152w, https:\/\/pcpr.elk.pl\/wp-content\/uploads\/2024\/09\/cV3uJGQ2-18x24.jpg 18w, https:\/\/pcpr.elk.pl\/wp-content\/uploads\/2024\/09\/cV3uJGQ2-27x36.jpg 27w, https:\/\/pcpr.elk.pl\/wp-content\/uploads\/2024\/09\/cV3uJGQ2-36x48.jpg 36w, https:\/\/pcpr.elk.pl\/wp-content\/uploads\/2024\/09\/cV3uJGQ2.jpg 1530w\" sizes=\"(max-width: 595px) 100vw, 595px\" \/><\/p>\n<p align=\"JUSTIFY\"><img loading=\"lazy\" class=\"aligncenter  wp-image-2730\" src=\"https:\/\/pcpr.elk.pl\/wp-content\/uploads\/2024\/09\/PCt7sCZ3-768x1024.jpg\" alt=\"\" width=\"623\" height=\"831\" srcset=\"https:\/\/pcpr.elk.pl\/wp-content\/uploads\/2024\/09\/PCt7sCZ3-768x1024.jpg 768w, https:\/\/pcpr.elk.pl\/wp-content\/uploads\/2024\/09\/PCt7sCZ3-225x300.jpg 225w, https:\/\/pcpr.elk.pl\/wp-content\/uploads\/2024\/09\/PCt7sCZ3-1152x1536.jpg 1152w, https:\/\/pcpr.elk.pl\/wp-content\/uploads\/2024\/09\/PCt7sCZ3-18x24.jpg 18w, https:\/\/pcpr.elk.pl\/wp-content\/uploads\/2024\/09\/PCt7sCZ3-27x36.jpg 27w, https:\/\/pcpr.elk.pl\/wp-content\/uploads\/2024\/09\/PCt7sCZ3-36x48.jpg 36w, https:\/\/pcpr.elk.pl\/wp-content\/uploads\/2024\/09\/PCt7sCZ3.jpg 1530w\" sizes=\"(max-width: 623px) 100vw, 623px\" \/><\/p>\n<p align=\"JUSTIFY\"><img loading=\"lazy\" class=\"aligncenter size-large wp-image-2731\" src=\"https:\/\/pcpr.elk.pl\/wp-content\/uploads\/2024\/09\/mns6UW1L-1024x768.jpg\" alt=\"\" width=\"683\" height=\"512\" srcset=\"https:\/\/pcpr.elk.pl\/wp-content\/uploads\/2024\/09\/mns6UW1L-1024x768.jpg 1024w, https:\/\/pcpr.elk.pl\/wp-content\/uploads\/2024\/09\/mns6UW1L-300x225.jpg 300w, https:\/\/pcpr.elk.pl\/wp-content\/uploads\/2024\/09\/mns6UW1L-768x576.jpg 768w, https:\/\/pcpr.elk.pl\/wp-content\/uploads\/2024\/09\/mns6UW1L-1536x1152.jpg 1536w, https:\/\/pcpr.elk.pl\/wp-content\/uploads\/2024\/09\/mns6UW1L-24x18.jpg 24w, https:\/\/pcpr.elk.pl\/wp-content\/uploads\/2024\/09\/mns6UW1L-36x27.jpg 36w, https:\/\/pcpr.elk.pl\/wp-content\/uploads\/2024\/09\/mns6UW1L-48x36.jpg 48w, https:\/\/pcpr.elk.pl\/wp-content\/uploads\/2024\/09\/mns6UW1L.jpg 2040w\" sizes=\"(max-width: 683px) 100vw, 683px\" \/><\/p>\n<p align=\"JUSTIFY\"><img loading=\"lazy\" class=\"aligncenter size-large wp-image-2732\" src=\"https:\/\/pcpr.elk.pl\/wp-content\/uploads\/2024\/09\/nTKIfxa5-1024x768.jpg\" alt=\"\" width=\"683\" height=\"512\" srcset=\"https:\/\/pcpr.elk.pl\/wp-content\/uploads\/2024\/09\/nTKIfxa5-1024x768.jpg 1024w, https:\/\/pcpr.elk.pl\/wp-content\/uploads\/2024\/09\/nTKIfxa5-300x225.jpg 300w, https:\/\/pcpr.elk.pl\/wp-content\/uploads\/2024\/09\/nTKIfxa5-768x576.jpg 768w, https:\/\/pcpr.elk.pl\/wp-content\/uploads\/2024\/09\/nTKIfxa5-1536x1152.jpg 1536w, https:\/\/pcpr.elk.pl\/wp-content\/uploads\/2024\/09\/nTKIfxa5-24x18.jpg 24w, https:\/\/pcpr.elk.pl\/wp-content\/uploads\/2024\/09\/nTKIfxa5-36x27.jpg 36w, https:\/\/pcpr.elk.pl\/wp-content\/uploads\/2024\/09\/nTKIfxa5-48x36.jpg 48w, https:\/\/pcpr.elk.pl\/wp-content\/uploads\/2024\/09\/nTKIfxa5.jpg 2040w\" sizes=\"(max-width: 683px) 100vw, 683px\" \/><\/p>\n<p align=\"JUSTIFY\"><img loading=\"lazy\" class=\"aligncenter size-large wp-image-2733\" src=\"https:\/\/pcpr.elk.pl\/wp-content\/uploads\/2024\/09\/nzigtr2y-768x1024.jpg\" alt=\"\" width=\"683\" height=\"911\" srcset=\"https:\/\/pcpr.elk.pl\/wp-content\/uploads\/2024\/09\/nzigtr2y-768x1024.jpg 768w, https:\/\/pcpr.elk.pl\/wp-content\/uploads\/2024\/09\/nzigtr2y-225x300.jpg 225w, https:\/\/pcpr.elk.pl\/wp-content\/uploads\/2024\/09\/nzigtr2y-1152x1536.jpg 1152w, https:\/\/pcpr.elk.pl\/wp-content\/uploads\/2024\/09\/nzigtr2y-18x24.jpg 18w, https:\/\/pcpr.elk.pl\/wp-content\/uploads\/2024\/09\/nzigtr2y-27x36.jpg 27w, https:\/\/pcpr.elk.pl\/wp-content\/uploads\/2024\/09\/nzigtr2y-36x48.jpg 36w, https:\/\/pcpr.elk.pl\/wp-content\/uploads\/2024\/09\/nzigtr2y.jpg 1530w\" sizes=\"(max-width: 683px) 100vw, 683px\" \/><\/p>\n<p align=\"JUSTIFY\"><img loading=\"lazy\" class=\"aligncenter size-large wp-image-2734\" src=\"https:\/\/pcpr.elk.pl\/wp-content\/uploads\/2024\/09\/1NE9RN5f-1024x768.jpg\" alt=\"\" width=\"683\" height=\"512\" srcset=\"https:\/\/pcpr.elk.pl\/wp-content\/uploads\/2024\/09\/1NE9RN5f-1024x768.jpg 1024w, https:\/\/pcpr.elk.pl\/wp-content\/uploads\/2024\/09\/1NE9RN5f-300x225.jpg 300w, https:\/\/pcpr.elk.pl\/wp-content\/uploads\/2024\/09\/1NE9RN5f-768x576.jpg 768w, https:\/\/pcpr.elk.pl\/wp-content\/uploads\/2024\/09\/1NE9RN5f-1536x1152.jpg 1536w, https:\/\/pcpr.elk.pl\/wp-content\/uploads\/2024\/09\/1NE9RN5f-24x18.jpg 24w, https:\/\/pcpr.elk.pl\/wp-content\/uploads\/2024\/09\/1NE9RN5f-36x27.jpg 36w, https:\/\/pcpr.elk.pl\/wp-content\/uploads\/2024\/09\/1NE9RN5f-48x36.jpg 48w, https:\/\/pcpr.elk.pl\/wp-content\/uploads\/2024\/09\/1NE9RN5f.jpg 2040w\" sizes=\"(max-width: 683px) 100vw, 683px\" \/><\/p>\n<p align=\"JUSTIFY\">______________________________________________________________________________________________________________________________<\/p>\n<p align=\"JUSTIFY\"><span style=\"color: #333333;\"><span style=\"font-family: Arial, sans-serif;\"><span style=\"font-size: medium;\">P<\/span><\/span><span style=\"font-family: Arial, sans-serif;\"><span style=\"font-size: medium;\"><span lang=\"pl-PL\">o raz kolejny pracownicy Powiatowego Centrum Pomocy Rodzinie w E\u0142ku promowali ide\u0119 rodzicielstwa zast\u0119pczego podczas imprezy masowej jak\u0105 by\u0142y Do\u017cynki Gminy E\u0142k, kt\u00f3re odby\u0142y si\u0119 31 sierpnia 2024 r. <\/span><\/span><\/span><\/span><\/p>\n<p lang=\"pl-PL\" align=\"JUSTIFY\"><span style=\"font-family: Arial, sans-serif; color: #333333;\"><span style=\"font-size: medium;\"> Z<\/span><span style=\"font-size: medium;\"> ramienia Powiatowego Centrum Pomocy Rodzinie w E\u0142ku piecz\u0119 zast\u0119pcz\u0105 promowali koordynatorzy rodzinnej pieczy zast\u0119pczej Marta Narewska oraz Karol Malinowski.<\/span><\/span><\/p>\n<p lang=\"pl-PL\" align=\"JUSTIFY\"><span style=\"font-family: Arial, sans-serif; color: #333333;\"><span style=\"font-size: medium;\"> Popularyzacja rodzicielstwa zast\u0119pczego odbywa si\u0119 w ramach <\/span><span style=\"font-size: medium;\"><b>m<\/b><\/span><span style=\"font-size: medium;\"><b>obilnego punktu informacyjno-promocyjnego<\/b><\/span><span style=\"font-size: medium;\">, <\/span><span style=\"font-size: medium;\">sfinansowanego w ramach projektu &#8222;Krok w przysz\u0142o\u015b\u0107&#8221; w<\/span><span style=\"font-size: medium;\">sp\u00f3\u0142finansowanego ze \u015brodk\u00f3w Unii Europejskiej w ramach programu regionalnego Fundusze Europejskie dla Warmii i Mazur (FEWiM) na lata 2021 \u2013 2027, ze \u015brodk\u00f3w Europejskiego Funduszu Spo\u0142ecznego Plus. <\/span><span style=\"font-size: medium;\">Priorytet 9: W\u0142\u0105czenie i integracja EFS+, Dzia\u0142anie 9.9: System Pieczy Zast\u0119pczej.<\/span><\/span><\/p>\n<p lang=\"pl-PL\" align=\"JUSTIFY\"><img loading=\"lazy\" class=\"aligncenter size-large wp-image-2705\" src=\"https:\/\/pcpr.elk.pl\/wp-content\/uploads\/2024\/09\/20240831_141321-1024x768.jpg\" alt=\"\" width=\"683\" height=\"512\" srcset=\"https:\/\/pcpr.elk.pl\/wp-content\/uploads\/2024\/09\/20240831_141321-1024x768.jpg 1024w, https:\/\/pcpr.elk.pl\/wp-content\/uploads\/2024\/09\/20240831_141321-300x225.jpg 300w, https:\/\/pcpr.elk.pl\/wp-content\/uploads\/2024\/09\/20240831_141321-768x576.jpg 768w, https:\/\/pcpr.elk.pl\/wp-content\/uploads\/2024\/09\/20240831_141321-1536x1152.jpg 1536w, https:\/\/pcpr.elk.pl\/wp-content\/uploads\/2024\/09\/20240831_141321-2048x1536.jpg 2048w, https:\/\/pcpr.elk.pl\/wp-content\/uploads\/2024\/09\/20240831_141321-24x18.jpg 24w, https:\/\/pcpr.elk.pl\/wp-content\/uploads\/2024\/09\/20240831_141321-36x27.jpg 36w, https:\/\/pcpr.elk.pl\/wp-content\/uploads\/2024\/09\/20240831_141321-48x36.jpg 48w\" sizes=\"(max-width: 683px) 100vw, 683px\" \/><\/p>\n<p lang=\"pl-PL\" align=\"JUSTIFY\"><img loading=\"lazy\" class=\"aligncenter size-large wp-image-2706\" src=\"https:\/\/pcpr.elk.pl\/wp-content\/uploads\/2024\/09\/20240831_141739-1024x768.jpg\" alt=\"\" width=\"683\" height=\"512\" srcset=\"https:\/\/pcpr.elk.pl\/wp-content\/uploads\/2024\/09\/20240831_141739-1024x768.jpg 1024w, https:\/\/pcpr.elk.pl\/wp-content\/uploads\/2024\/09\/20240831_141739-300x225.jpg 300w, https:\/\/pcpr.elk.pl\/wp-content\/uploads\/2024\/09\/20240831_141739-768x576.jpg 768w, https:\/\/pcpr.elk.pl\/wp-content\/uploads\/2024\/09\/20240831_141739-1536x1152.jpg 1536w, https:\/\/pcpr.elk.pl\/wp-content\/uploads\/2024\/09\/20240831_141739-2048x1536.jpg 2048w, https:\/\/pcpr.elk.pl\/wp-content\/uploads\/2024\/09\/20240831_141739-24x18.jpg 24w, https:\/\/pcpr.elk.pl\/wp-content\/uploads\/2024\/09\/20240831_141739-36x27.jpg 36w, https:\/\/pcpr.elk.pl\/wp-content\/uploads\/2024\/09\/20240831_141739-48x36.jpg 48w\" sizes=\"(max-width: 683px) 100vw, 683px\" \/><\/p>\n<p lang=\"pl-PL\" align=\"JUSTIFY\"><img loading=\"lazy\" class=\"aligncenter size-large wp-image-2707\" src=\"https:\/\/pcpr.elk.pl\/wp-content\/uploads\/2024\/09\/20240831_141335-1024x768.jpg\" alt=\"\" width=\"683\" height=\"512\" srcset=\"https:\/\/pcpr.elk.pl\/wp-content\/uploads\/2024\/09\/20240831_141335-1024x768.jpg 1024w, https:\/\/pcpr.elk.pl\/wp-content\/uploads\/2024\/09\/20240831_141335-300x225.jpg 300w, https:\/\/pcpr.elk.pl\/wp-content\/uploads\/2024\/09\/20240831_141335-768x576.jpg 768w, https:\/\/pcpr.elk.pl\/wp-content\/uploads\/2024\/09\/20240831_141335-1536x1152.jpg 1536w, https:\/\/pcpr.elk.pl\/wp-content\/uploads\/2024\/09\/20240831_141335-2048x1536.jpg 2048w, https:\/\/pcpr.elk.pl\/wp-content\/uploads\/2024\/09\/20240831_141335-24x18.jpg 24w, https:\/\/pcpr.elk.pl\/wp-content\/uploads\/2024\/09\/20240831_141335-36x27.jpg 36w, https:\/\/pcpr.elk.pl\/wp-content\/uploads\/2024\/09\/20240831_141335-48x36.jpg 48w\" sizes=\"(max-width: 683px) 100vw, 683px\" \/><\/p>\n<p lang=\"pl-PL\" align=\"JUSTIFY\"><img loading=\"lazy\" class=\"aligncenter size-large wp-image-2708\" src=\"https:\/\/pcpr.elk.pl\/wp-content\/uploads\/2024\/09\/20240831_142135-768x1024.jpg\" alt=\"\" width=\"683\" height=\"911\" srcset=\"https:\/\/pcpr.elk.pl\/wp-content\/uploads\/2024\/09\/20240831_142135-768x1024.jpg 768w, https:\/\/pcpr.elk.pl\/wp-content\/uploads\/2024\/09\/20240831_142135-225x300.jpg 225w, https:\/\/pcpr.elk.pl\/wp-content\/uploads\/2024\/09\/20240831_142135-1152x1536.jpg 1152w, https:\/\/pcpr.elk.pl\/wp-content\/uploads\/2024\/09\/20240831_142135-1536x2048.jpg 1536w, https:\/\/pcpr.elk.pl\/wp-content\/uploads\/2024\/09\/20240831_142135-18x24.jpg 18w, https:\/\/pcpr.elk.pl\/wp-content\/uploads\/2024\/09\/20240831_142135-27x36.jpg 27w, https:\/\/pcpr.elk.pl\/wp-content\/uploads\/2024\/09\/20240831_142135-36x48.jpg 36w, https:\/\/pcpr.elk.pl\/wp-content\/uploads\/2024\/09\/20240831_142135-scaled.jpg 1920w\" sizes=\"(max-width: 683px) 100vw, 683px\" \/><\/p>\n<p lang=\"pl-PL\" align=\"JUSTIFY\"><img loading=\"lazy\" class=\"aligncenter size-large wp-image-2709\" src=\"https:\/\/pcpr.elk.pl\/wp-content\/uploads\/2024\/09\/20240831_141746-1024x768.jpg\" alt=\"\" width=\"683\" height=\"512\" srcset=\"https:\/\/pcpr.elk.pl\/wp-content\/uploads\/2024\/09\/20240831_141746-1024x768.jpg 1024w, https:\/\/pcpr.elk.pl\/wp-content\/uploads\/2024\/09\/20240831_141746-300x225.jpg 300w, https:\/\/pcpr.elk.pl\/wp-content\/uploads\/2024\/09\/20240831_141746-768x576.jpg 768w, https:\/\/pcpr.elk.pl\/wp-content\/uploads\/2024\/09\/20240831_141746-1536x1152.jpg 1536w, https:\/\/pcpr.elk.pl\/wp-content\/uploads\/2024\/09\/20240831_141746-2048x1536.jpg 2048w, https:\/\/pcpr.elk.pl\/wp-content\/uploads\/2024\/09\/20240831_141746-24x18.jpg 24w, https:\/\/pcpr.elk.pl\/wp-content\/uploads\/2024\/09\/20240831_141746-36x27.jpg 36w, https:\/\/pcpr.elk.pl\/wp-content\/uploads\/2024\/09\/20240831_141746-48x36.jpg 48w\" sizes=\"(max-width: 683px) 100vw, 683px\" \/><\/p>\n<p lang=\"pl-PL\" align=\"JUSTIFY\"><img loading=\"lazy\" class=\"aligncenter size-large wp-image-2710\" src=\"https:\/\/pcpr.elk.pl\/wp-content\/uploads\/2024\/09\/20240831_151824-1024x768.jpg\" alt=\"\" width=\"683\" height=\"512\" srcset=\"https:\/\/pcpr.elk.pl\/wp-content\/uploads\/2024\/09\/20240831_151824-1024x768.jpg 1024w, https:\/\/pcpr.elk.pl\/wp-content\/uploads\/2024\/09\/20240831_151824-300x225.jpg 300w, https:\/\/pcpr.elk.pl\/wp-content\/uploads\/2024\/09\/20240831_151824-768x576.jpg 768w, https:\/\/pcpr.elk.pl\/wp-content\/uploads\/2024\/09\/20240831_151824-1536x1152.jpg 1536w, https:\/\/pcpr.elk.pl\/wp-content\/uploads\/2024\/09\/20240831_151824-2048x1536.jpg 2048w, https:\/\/pcpr.elk.pl\/wp-content\/uploads\/2024\/09\/20240831_151824-24x18.jpg 24w, https:\/\/pcpr.elk.pl\/wp-content\/uploads\/2024\/09\/20240831_151824-36x27.jpg 36w, https:\/\/pcpr.elk.pl\/wp-content\/uploads\/2024\/09\/20240831_151824-48x36.jpg 48w\" sizes=\"(max-width: 683px) 100vw, 683px\" \/><\/p>\n<p lang=\"pl-PL\" align=\"JUSTIFY\"><img loading=\"lazy\" class=\"aligncenter size-large wp-image-2711\" src=\"https:\/\/pcpr.elk.pl\/wp-content\/uploads\/2024\/09\/20240831_151724-1024x768.jpg\" alt=\"\" width=\"683\" height=\"512\" srcset=\"https:\/\/pcpr.elk.pl\/wp-content\/uploads\/2024\/09\/20240831_151724-1024x768.jpg 1024w, https:\/\/pcpr.elk.pl\/wp-content\/uploads\/2024\/09\/20240831_151724-300x225.jpg 300w, https:\/\/pcpr.elk.pl\/wp-content\/uploads\/2024\/09\/20240831_151724-768x576.jpg 768w, https:\/\/pcpr.elk.pl\/wp-content\/uploads\/2024\/09\/20240831_151724-1536x1152.jpg 1536w, https:\/\/pcpr.elk.pl\/wp-content\/uploads\/2024\/09\/20240831_151724-2048x1536.jpg 2048w, https:\/\/pcpr.elk.pl\/wp-content\/uploads\/2024\/09\/20240831_151724-24x18.jpg 24w, https:\/\/pcpr.elk.pl\/wp-content\/uploads\/2024\/09\/20240831_151724-36x27.jpg 36w, https:\/\/pcpr.elk.pl\/wp-content\/uploads\/2024\/09\/20240831_151724-48x36.jpg 48w\" sizes=\"(max-width: 683px) 100vw, 683px\" \/><\/p>\n<p lang=\"pl-PL\" align=\"JUSTIFY\"><img loading=\"lazy\" class=\"aligncenter size-large wp-image-2712\" src=\"https:\/\/pcpr.elk.pl\/wp-content\/uploads\/2024\/09\/20240831_144235-1024x768.jpg\" alt=\"\" width=\"683\" height=\"512\" srcset=\"https:\/\/pcpr.elk.pl\/wp-content\/uploads\/2024\/09\/20240831_144235-1024x768.jpg 1024w, https:\/\/pcpr.elk.pl\/wp-content\/uploads\/2024\/09\/20240831_144235-300x225.jpg 300w, https:\/\/pcpr.elk.pl\/wp-content\/uploads\/2024\/09\/20240831_144235-768x576.jpg 768w, https:\/\/pcpr.elk.pl\/wp-content\/uploads\/2024\/09\/20240831_144235-1536x1152.jpg 1536w, https:\/\/pcpr.elk.pl\/wp-content\/uploads\/2024\/09\/20240831_144235-2048x1536.jpg 2048w, https:\/\/pcpr.elk.pl\/wp-content\/uploads\/2024\/09\/20240831_144235-24x18.jpg 24w, https:\/\/pcpr.elk.pl\/wp-content\/uploads\/2024\/09\/20240831_144235-36x27.jpg 36w, https:\/\/pcpr.elk.pl\/wp-content\/uploads\/2024\/09\/20240831_144235-48x36.jpg 48w\" sizes=\"(max-width: 683px) 100vw, 683px\" \/><\/p>\n<p lang=\"pl-PL\" align=\"JUSTIFY\">\u00a0<\/p>\n<p lang=\"pl-PL\" align=\"JUSTIFY\">______________________________________________________________________________________________________________________________<\/p>\n<p lang=\"pl-PL\" align=\"JUSTIFY\"><span style=\"font-family: Arial, sans-serif; color: #333333; background-color: #ffffff;\"><span style=\"font-size: medium; background-color: #ffffff;\">W ramach realizacji projektu &#8222;Krok w przysz\u0142o\u015b\u0107&#8221; ruszy\u0142 <strong>mobilny punkt informacyjno-promocyjny<\/strong>, kt\u00f3rego celem jest propagowanie idei rodzicielstwa zast\u0119pczego.<\/span><\/span><\/p>\n<p lang=\"pl-PL\" align=\"JUSTIFY\"><span style=\"font-family: Arial, sans-serif; color: #333333; background-color: #ffffff;\"><span style=\"font-size: medium; background-color: #ffffff;\">Z ramienia Powiatowego Centrum Pomocy Rodzinie w E\u0142ku, podczas Festiwalu \u015aredniowiecza, piecz\u0119 zast\u0119pcz\u0105 promowa\u0142a Anna Brdys \u2013 Dyrektor Powiatowego Centrum Pomocy Rodzinie w E\u0142ku oraz Karol Malinowski \u2013 koordynator rodzinnej pieczy zast\u0119pczej.<\/span><\/span><\/p>\n<p lang=\"pl-PL\" align=\"JUSTIFY\"><span style=\"font-family: Arial, sans-serif; color: #333333; background-color: #ffffff;\"><span style=\"font-size: medium; background-color: #ffffff;\">Zakup materia\u0142\u00f3w promuj\u0105cych piecz\u0119 zast\u0119pcz\u0105 oraz namiotu informacyjnego zosta\u0142 sfinansowany w ramach projektu &#8222;Krok w przysz\u0142o\u015b\u0107&#8221; wsp\u00f3\u0142finansowanego ze \u015brodk\u00f3w Unii Europejskiej w ramach programu regionalnego Fundusze Europejskie dla Warmii i Mazur (FEWiM) na lata 2021 \u2013 2027, ze \u015brodk\u00f3w Europejskiego Funduszu Spo\u0142ecznego Plus. Priorytet 9: W\u0142\u0105czenie i integracja EFS+, Dzia\u0142anie 9.9: System Pieczy Zast\u0119pczej. <\/span><\/span><\/p>\n<p lang=\"pl-PL\" align=\"JUSTIFY\"><img loading=\"lazy\" class=\"aligncenter size-large wp-image-2671\" src=\"https:\/\/pcpr.elk.pl\/wp-content\/uploads\/2024\/08\/b4I62PXy-1024x768.jpg\" alt=\"\" width=\"683\" height=\"512\" srcset=\"https:\/\/pcpr.elk.pl\/wp-content\/uploads\/2024\/08\/b4I62PXy-1024x768.jpg 1024w, https:\/\/pcpr.elk.pl\/wp-content\/uploads\/2024\/08\/b4I62PXy-300x225.jpg 300w, https:\/\/pcpr.elk.pl\/wp-content\/uploads\/2024\/08\/b4I62PXy-768x576.jpg 768w, https:\/\/pcpr.elk.pl\/wp-content\/uploads\/2024\/08\/b4I62PXy-1536x1152.jpg 1536w, https:\/\/pcpr.elk.pl\/wp-content\/uploads\/2024\/08\/b4I62PXy-24x18.jpg 24w, https:\/\/pcpr.elk.pl\/wp-content\/uploads\/2024\/08\/b4I62PXy-36x27.jpg 36w, https:\/\/pcpr.elk.pl\/wp-content\/uploads\/2024\/08\/b4I62PXy-48x36.jpg 48w, https:\/\/pcpr.elk.pl\/wp-content\/uploads\/2024\/08\/b4I62PXy.jpg 2040w\" sizes=\"(max-width: 683px) 100vw, 683px\" \/> <img loading=\"lazy\" class=\"aligncenter size-large wp-image-2675\" src=\"https:\/\/pcpr.elk.pl\/wp-content\/uploads\/2024\/08\/ZRq_l3Xt-1024x768.jpg\" alt=\"\" width=\"683\" height=\"512\" srcset=\"https:\/\/pcpr.elk.pl\/wp-content\/uploads\/2024\/08\/ZRq_l3Xt-1024x768.jpg 1024w, https:\/\/pcpr.elk.pl\/wp-content\/uploads\/2024\/08\/ZRq_l3Xt-300x225.jpg 300w, https:\/\/pcpr.elk.pl\/wp-content\/uploads\/2024\/08\/ZRq_l3Xt-768x576.jpg 768w, https:\/\/pcpr.elk.pl\/wp-content\/uploads\/2024\/08\/ZRq_l3Xt-1536x1152.jpg 1536w, https:\/\/pcpr.elk.pl\/wp-content\/uploads\/2024\/08\/ZRq_l3Xt-24x18.jpg 24w, https:\/\/pcpr.elk.pl\/wp-content\/uploads\/2024\/08\/ZRq_l3Xt-36x27.jpg 36w, https:\/\/pcpr.elk.pl\/wp-content\/uploads\/2024\/08\/ZRq_l3Xt-48x36.jpg 48w, https:\/\/pcpr.elk.pl\/wp-content\/uploads\/2024\/08\/ZRq_l3Xt.jpg 2016w\" sizes=\"(max-width: 683px) 100vw, 683px\" \/> <img loading=\"lazy\" class=\"aligncenter size-large wp-image-2676\" src=\"https:\/\/pcpr.elk.pl\/wp-content\/uploads\/2024\/08\/KolpLAkP-1024x768.jpg\" alt=\"\" width=\"683\" height=\"512\" srcset=\"https:\/\/pcpr.elk.pl\/wp-content\/uploads\/2024\/08\/KolpLAkP-1024x768.jpg 1024w, https:\/\/pcpr.elk.pl\/wp-content\/uploads\/2024\/08\/KolpLAkP-300x225.jpg 300w, https:\/\/pcpr.elk.pl\/wp-content\/uploads\/2024\/08\/KolpLAkP-768x576.jpg 768w, https:\/\/pcpr.elk.pl\/wp-content\/uploads\/2024\/08\/KolpLAkP-1536x1152.jpg 1536w, https:\/\/pcpr.elk.pl\/wp-content\/uploads\/2024\/08\/KolpLAkP-24x18.jpg 24w, https:\/\/pcpr.elk.pl\/wp-content\/uploads\/2024\/08\/KolpLAkP-36x27.jpg 36w, https:\/\/pcpr.elk.pl\/wp-content\/uploads\/2024\/08\/KolpLAkP-48x36.jpg 48w, https:\/\/pcpr.elk.pl\/wp-content\/uploads\/2024\/08\/KolpLAkP.jpg 2016w\" sizes=\"(max-width: 683px) 100vw, 683px\" \/><\/p>\n<p>______________________________________________________________________________________________________________________________<\/p>\n<p><img loading=\"lazy\" class=\"aligncenter size-large wp-image-2434\" src=\"https:\/\/pcpr.elk.pl\/wp-content\/uploads\/2024\/04\/zestawienie-znakow-kolorowe-1-1024x120.jpg\" alt=\"\" width=\"683\" height=\"80\" srcset=\"https:\/\/pcpr.elk.pl\/wp-content\/uploads\/2024\/04\/zestawienie-znakow-kolorowe-1-1024x120.jpg 1024w, https:\/\/pcpr.elk.pl\/wp-content\/uploads\/2024\/04\/zestawienie-znakow-kolorowe-1-300x35.jpg 300w, https:\/\/pcpr.elk.pl\/wp-content\/uploads\/2024\/04\/zestawienie-znakow-kolorowe-1-768x90.jpg 768w, https:\/\/pcpr.elk.pl\/wp-content\/uploads\/2024\/04\/zestawienie-znakow-kolorowe-1-1536x181.jpg 1536w, https:\/\/pcpr.elk.pl\/wp-content\/uploads\/2024\/04\/zestawienie-znakow-kolorowe-1-2048x241.jpg 2048w, https:\/\/pcpr.elk.pl\/wp-content\/uploads\/2024\/04\/zestawienie-znakow-kolorowe-1-24x3.jpg 24w, https:\/\/pcpr.elk.pl\/wp-content\/uploads\/2024\/04\/zestawienie-znakow-kolorowe-1-36x4.jpg 36w, https:\/\/pcpr.elk.pl\/wp-content\/uploads\/2024\/04\/zestawienie-znakow-kolorowe-1-48x6.jpg 48w\" sizes=\"(max-width: 683px) 100vw, 683px\" \/><\/p>\n<p style=\"text-align: justify;\"><span style=\"font-family: Arial, sans-serif;\"><span style=\"font-size: medium;\">W ramach projektu &#8221; Krok w przysz\u0142o\u015b\u0107&#8221; wsp\u00f3\u0142finansowanego ze \u015brodk\u00f3w Unii Europejskiej w ramach programu regionalnego Fundusze Europejskie dla Warmii i Mazur (FEWiM) na lata 2021 &#8211; 2027, ze \u015brodk\u00f3w Europejskiego Funduszu Spo\u0142ecznego Plus. Priorytet 9: W\u0142\u0105czenie i integracja EFS+, Dzia\u0142anie 9,9: System Pieczy Zast\u0119pczej, <strong>dnia 18 lipca 2024 r. odby\u0142y si\u0119 uroczyste &#8222;Obchody Dnia Pieczy Zast\u0119pczej&#8221;.<\/strong> <\/span><\/span><\/p>\n<p align=\"JUSTIFY\"><span style=\"font-family: Arial, sans-serif;\"><span style=\"font-size: medium;\">W wydarzeniu wzi\u0119\u0142o udzia\u0142 ok. 170 os\u00f3b; rodzice zast\u0119pczy, prowadz\u0105cy rodzinne domy dziecka oraz ich podopieczni. Uczestnikom zapewniono pocz\u0119stunek wyrobami regionalnymi, stanowisko<\/span> <span style=\"font-size: medium;\">z wat\u0105<\/span> <span style=\"font-size: medium;\">cukrow\u0105<\/span><span style=\"font-size: medium;\">,<\/span> <span style=\"font-size: medium;\">popcornem<\/span><span style=\"font-size: medium;\"> oraz liczne atrakcje:<\/span> <span style=\"font-size: medium;\">malowanie<\/span> <span style=\"font-size: medium;\">twarzy<\/span><span style=\"font-size: medium;\">,<\/span><span style=\"font-size: medium;\"> tatua\u017ce brokatowe, <\/span><span style=\"font-size: medium;\">warkoczyki<\/span><span style=\"font-size: medium;\">, dmuchan\u0105 zje\u017cd\u017calnie, liczne stoiska edukacyjne, <\/span><span style=\"font-size: medium;\">gry i zabawy ruchowe wspomagaj\u0105ce rozw\u00f3j spo\u0142eczny i emocjonalny dzieci, zabawy metod\u0105 Klanzy, ta\u0144ce<\/span> <span style=\"font-size: medium;\">integracyjne<\/span> <span style=\"font-size: medium;\">oraz<\/span> <span style=\"font-size: medium;\">gry i<\/span> <span style=\"font-size: medium;\">zabawy<\/span> <span style=\"font-size: medium;\">przy<\/span> <span style=\"font-size: medium;\">muzyce.<\/span><\/span><\/p>\n<p align=\"JUSTIFY\"><img loading=\"lazy\" class=\"aligncenter size-large wp-image-2657\" src=\"https:\/\/pcpr.elk.pl\/wp-content\/uploads\/2024\/08\/A7302473-1024x683.jpg\" alt=\"\" width=\"683\" height=\"456\" srcset=\"https:\/\/pcpr.elk.pl\/wp-content\/uploads\/2024\/08\/A7302473-1024x683.jpg 1024w, https:\/\/pcpr.elk.pl\/wp-content\/uploads\/2024\/08\/A7302473-300x200.jpg 300w, https:\/\/pcpr.elk.pl\/wp-content\/uploads\/2024\/08\/A7302473-768x512.jpg 768w, https:\/\/pcpr.elk.pl\/wp-content\/uploads\/2024\/08\/A7302473-1536x1024.jpg 1536w, https:\/\/pcpr.elk.pl\/wp-content\/uploads\/2024\/08\/A7302473-24x16.jpg 24w, https:\/\/pcpr.elk.pl\/wp-content\/uploads\/2024\/08\/A7302473-36x24.jpg 36w, https:\/\/pcpr.elk.pl\/wp-content\/uploads\/2024\/08\/A7302473-48x32.jpg 48w, https:\/\/pcpr.elk.pl\/wp-content\/uploads\/2024\/08\/A7302473.jpg 1920w\" sizes=\"(max-width: 683px) 100vw, 683px\" \/><\/p>\n<p align=\"JUSTIFY\"><img loading=\"lazy\" class=\"aligncenter size-large wp-image-2658\" src=\"https:\/\/pcpr.elk.pl\/wp-content\/uploads\/2024\/08\/A7302260-1024x683.jpg\" alt=\"\" width=\"683\" height=\"456\" srcset=\"https:\/\/pcpr.elk.pl\/wp-content\/uploads\/2024\/08\/A7302260-1024x683.jpg 1024w, https:\/\/pcpr.elk.pl\/wp-content\/uploads\/2024\/08\/A7302260-300x200.jpg 300w, https:\/\/pcpr.elk.pl\/wp-content\/uploads\/2024\/08\/A7302260-768x512.jpg 768w, https:\/\/pcpr.elk.pl\/wp-content\/uploads\/2024\/08\/A7302260-1536x1024.jpg 1536w, https:\/\/pcpr.elk.pl\/wp-content\/uploads\/2024\/08\/A7302260-24x16.jpg 24w, https:\/\/pcpr.elk.pl\/wp-content\/uploads\/2024\/08\/A7302260-36x24.jpg 36w, https:\/\/pcpr.elk.pl\/wp-content\/uploads\/2024\/08\/A7302260-48x32.jpg 48w, https:\/\/pcpr.elk.pl\/wp-content\/uploads\/2024\/08\/A7302260.jpg 1920w\" sizes=\"(max-width: 683px) 100vw, 683px\" \/><\/p>\n<p align=\"JUSTIFY\"><img loading=\"lazy\" class=\"aligncenter size-large wp-image-2656\" src=\"https:\/\/pcpr.elk.pl\/wp-content\/uploads\/2024\/08\/A7302995-1024x683.jpg\" alt=\"\" width=\"683\" height=\"456\" srcset=\"https:\/\/pcpr.elk.pl\/wp-content\/uploads\/2024\/08\/A7302995-1024x683.jpg 1024w, https:\/\/pcpr.elk.pl\/wp-content\/uploads\/2024\/08\/A7302995-300x200.jpg 300w, https:\/\/pcpr.elk.pl\/wp-content\/uploads\/2024\/08\/A7302995-768x512.jpg 768w, https:\/\/pcpr.elk.pl\/wp-content\/uploads\/2024\/08\/A7302995-1536x1024.jpg 1536w, https:\/\/pcpr.elk.pl\/wp-content\/uploads\/2024\/08\/A7302995-24x16.jpg 24w, https:\/\/pcpr.elk.pl\/wp-content\/uploads\/2024\/08\/A7302995-36x24.jpg 36w, https:\/\/pcpr.elk.pl\/wp-content\/uploads\/2024\/08\/A7302995-48x32.jpg 48w, https:\/\/pcpr.elk.pl\/wp-content\/uploads\/2024\/08\/A7302995.jpg 1920w\" sizes=\"(max-width: 683px) 100vw, 683px\" \/><\/p>\n<p align=\"JUSTIFY\"><img loading=\"lazy\" class=\"aligncenter size-large wp-image-2654\" src=\"https:\/\/pcpr.elk.pl\/wp-content\/uploads\/2024\/08\/A7301768-1024x683.jpg\" alt=\"\" width=\"683\" height=\"456\" srcset=\"https:\/\/pcpr.elk.pl\/wp-content\/uploads\/2024\/08\/A7301768-1024x683.jpg 1024w, https:\/\/pcpr.elk.pl\/wp-content\/uploads\/2024\/08\/A7301768-300x200.jpg 300w, https:\/\/pcpr.elk.pl\/wp-content\/uploads\/2024\/08\/A7301768-768x512.jpg 768w, https:\/\/pcpr.elk.pl\/wp-content\/uploads\/2024\/08\/A7301768-1536x1024.jpg 1536w, https:\/\/pcpr.elk.pl\/wp-content\/uploads\/2024\/08\/A7301768-24x16.jpg 24w, https:\/\/pcpr.elk.pl\/wp-content\/uploads\/2024\/08\/A7301768-36x24.jpg 36w, https:\/\/pcpr.elk.pl\/wp-content\/uploads\/2024\/08\/A7301768-48x32.jpg 48w, https:\/\/pcpr.elk.pl\/wp-content\/uploads\/2024\/08\/A7301768.jpg 1920w\" sizes=\"(max-width: 683px) 100vw, 683px\" \/><\/p>\n<p align=\"JUSTIFY\"><img loading=\"lazy\" class=\"aligncenter size-large wp-image-2653\" src=\"https:\/\/pcpr.elk.pl\/wp-content\/uploads\/2024\/08\/A7301314-1024x683.jpg\" alt=\"\" width=\"683\" height=\"456\" srcset=\"https:\/\/pcpr.elk.pl\/wp-content\/uploads\/2024\/08\/A7301314-1024x683.jpg 1024w, https:\/\/pcpr.elk.pl\/wp-content\/uploads\/2024\/08\/A7301314-300x200.jpg 300w, https:\/\/pcpr.elk.pl\/wp-content\/uploads\/2024\/08\/A7301314-768x512.jpg 768w, https:\/\/pcpr.elk.pl\/wp-content\/uploads\/2024\/08\/A7301314-1536x1024.jpg 1536w, https:\/\/pcpr.elk.pl\/wp-content\/uploads\/2024\/08\/A7301314-24x16.jpg 24w, https:\/\/pcpr.elk.pl\/wp-content\/uploads\/2024\/08\/A7301314-36x24.jpg 36w, https:\/\/pcpr.elk.pl\/wp-content\/uploads\/2024\/08\/A7301314-48x32.jpg 48w, https:\/\/pcpr.elk.pl\/wp-content\/uploads\/2024\/08\/A7301314.jpg 1920w\" sizes=\"(max-width: 683px) 100vw, 683px\" \/><\/p>\n<p align=\"JUSTIFY\"><img loading=\"lazy\" class=\"aligncenter size-large wp-image-2652\" src=\"https:\/\/pcpr.elk.pl\/wp-content\/uploads\/2024\/08\/A7301213-1024x683.jpg\" alt=\"\" width=\"683\" height=\"456\" srcset=\"https:\/\/pcpr.elk.pl\/wp-content\/uploads\/2024\/08\/A7301213-1024x683.jpg 1024w, https:\/\/pcpr.elk.pl\/wp-content\/uploads\/2024\/08\/A7301213-300x200.jpg 300w, https:\/\/pcpr.elk.pl\/wp-content\/uploads\/2024\/08\/A7301213-768x512.jpg 768w, https:\/\/pcpr.elk.pl\/wp-content\/uploads\/2024\/08\/A7301213-1536x1024.jpg 1536w, https:\/\/pcpr.elk.pl\/wp-content\/uploads\/2024\/08\/A7301213-24x16.jpg 24w, https:\/\/pcpr.elk.pl\/wp-content\/uploads\/2024\/08\/A7301213-36x24.jpg 36w, https:\/\/pcpr.elk.pl\/wp-content\/uploads\/2024\/08\/A7301213-48x32.jpg 48w, https:\/\/pcpr.elk.pl\/wp-content\/uploads\/2024\/08\/A7301213.jpg 1920w\" sizes=\"(max-width: 683px) 100vw, 683px\" \/><\/p>\n<p align=\"JUSTIFY\"><img loading=\"lazy\" class=\"aligncenter size-large wp-image-2651\" src=\"https:\/\/pcpr.elk.pl\/wp-content\/uploads\/2024\/08\/A7300924-1024x683.jpg\" alt=\"\" width=\"683\" height=\"456\" srcset=\"https:\/\/pcpr.elk.pl\/wp-content\/uploads\/2024\/08\/A7300924-1024x683.jpg 1024w, https:\/\/pcpr.elk.pl\/wp-content\/uploads\/2024\/08\/A7300924-300x200.jpg 300w, https:\/\/pcpr.elk.pl\/wp-content\/uploads\/2024\/08\/A7300924-768x512.jpg 768w, https:\/\/pcpr.elk.pl\/wp-content\/uploads\/2024\/08\/A7300924-1536x1024.jpg 1536w, https:\/\/pcpr.elk.pl\/wp-content\/uploads\/2024\/08\/A7300924-24x16.jpg 24w, https:\/\/pcpr.elk.pl\/wp-content\/uploads\/2024\/08\/A7300924-36x24.jpg 36w, https:\/\/pcpr.elk.pl\/wp-content\/uploads\/2024\/08\/A7300924-48x32.jpg 48w, https:\/\/pcpr.elk.pl\/wp-content\/uploads\/2024\/08\/A7300924.jpg 1920w\" sizes=\"(max-width: 683px) 100vw, 683px\" \/><\/p>\n<p align=\"JUSTIFY\"><img loading=\"lazy\" class=\"aligncenter size-large wp-image-2650\" src=\"https:\/\/pcpr.elk.pl\/wp-content\/uploads\/2024\/08\/A7303504-1024x683.jpg\" alt=\"\" width=\"683\" height=\"456\" srcset=\"https:\/\/pcpr.elk.pl\/wp-content\/uploads\/2024\/08\/A7303504-1024x683.jpg 1024w, https:\/\/pcpr.elk.pl\/wp-content\/uploads\/2024\/08\/A7303504-300x200.jpg 300w, https:\/\/pcpr.elk.pl\/wp-content\/uploads\/2024\/08\/A7303504-768x512.jpg 768w, https:\/\/pcpr.elk.pl\/wp-content\/uploads\/2024\/08\/A7303504-1536x1024.jpg 1536w, https:\/\/pcpr.elk.pl\/wp-content\/uploads\/2024\/08\/A7303504-24x16.jpg 24w, https:\/\/pcpr.elk.pl\/wp-content\/uploads\/2024\/08\/A7303504-36x24.jpg 36w, https:\/\/pcpr.elk.pl\/wp-content\/uploads\/2024\/08\/A7303504-48x32.jpg 48w, https:\/\/pcpr.elk.pl\/wp-content\/uploads\/2024\/08\/A7303504.jpg 1920w\" sizes=\"(max-width: 683px) 100vw, 683px\" \/><\/p>\n<p align=\"JUSTIFY\"><img loading=\"lazy\" class=\"aligncenter size-large wp-image-2649\" src=\"https:\/\/pcpr.elk.pl\/wp-content\/uploads\/2024\/08\/A7303381-1024x683.jpg\" alt=\"\" width=\"683\" height=\"456\" srcset=\"https:\/\/pcpr.elk.pl\/wp-content\/uploads\/2024\/08\/A7303381-1024x683.jpg 1024w, https:\/\/pcpr.elk.pl\/wp-content\/uploads\/2024\/08\/A7303381-300x200.jpg 300w, https:\/\/pcpr.elk.pl\/wp-content\/uploads\/2024\/08\/A7303381-768x512.jpg 768w, https:\/\/pcpr.elk.pl\/wp-content\/uploads\/2024\/08\/A7303381-1536x1024.jpg 1536w, https:\/\/pcpr.elk.pl\/wp-content\/uploads\/2024\/08\/A7303381-24x16.jpg 24w, https:\/\/pcpr.elk.pl\/wp-content\/uploads\/2024\/08\/A7303381-36x24.jpg 36w, https:\/\/pcpr.elk.pl\/wp-content\/uploads\/2024\/08\/A7303381-48x32.jpg 48w, https:\/\/pcpr.elk.pl\/wp-content\/uploads\/2024\/08\/A7303381.jpg 1920w\" sizes=\"(max-width: 683px) 100vw, 683px\" \/><\/p>\n<p align=\"JUSTIFY\"><img loading=\"lazy\" class=\"aligncenter size-large wp-image-2648\" src=\"https:\/\/pcpr.elk.pl\/wp-content\/uploads\/2024\/08\/A7303356-682x1024.jpg\" alt=\"\" width=\"682\" height=\"1024\" srcset=\"https:\/\/pcpr.elk.pl\/wp-content\/uploads\/2024\/08\/A7303356-682x1024.jpg 682w, https:\/\/pcpr.elk.pl\/wp-content\/uploads\/2024\/08\/A7303356-200x300.jpg 200w, https:\/\/pcpr.elk.pl\/wp-content\/uploads\/2024\/08\/A7303356-768x1152.jpg 768w, https:\/\/pcpr.elk.pl\/wp-content\/uploads\/2024\/08\/A7303356-16x24.jpg 16w, https:\/\/pcpr.elk.pl\/wp-content\/uploads\/2024\/08\/A7303356-24x36.jpg 24w, https:\/\/pcpr.elk.pl\/wp-content\/uploads\/2024\/08\/A7303356-32x48.jpg 32w, https:\/\/pcpr.elk.pl\/wp-content\/uploads\/2024\/08\/A7303356.jpg 853w\" sizes=\"(max-width: 682px) 100vw, 682px\" \/><\/p>\n<p align=\"JUSTIFY\"><img loading=\"lazy\" class=\"aligncenter size-large wp-image-2646\" src=\"https:\/\/pcpr.elk.pl\/wp-content\/uploads\/2024\/08\/A7309975-1024x683.jpg\" alt=\"\" width=\"683\" height=\"456\" srcset=\"https:\/\/pcpr.elk.pl\/wp-content\/uploads\/2024\/08\/A7309975-1024x683.jpg 1024w, https:\/\/pcpr.elk.pl\/wp-content\/uploads\/2024\/08\/A7309975-300x200.jpg 300w, https:\/\/pcpr.elk.pl\/wp-content\/uploads\/2024\/08\/A7309975-768x512.jpg 768w, https:\/\/pcpr.elk.pl\/wp-content\/uploads\/2024\/08\/A7309975-1536x1024.jpg 1536w, https:\/\/pcpr.elk.pl\/wp-content\/uploads\/2024\/08\/A7309975-24x16.jpg 24w, https:\/\/pcpr.elk.pl\/wp-content\/uploads\/2024\/08\/A7309975-36x24.jpg 36w, https:\/\/pcpr.elk.pl\/wp-content\/uploads\/2024\/08\/A7309975-48x32.jpg 48w, https:\/\/pcpr.elk.pl\/wp-content\/uploads\/2024\/08\/A7309975.jpg 1920w\" sizes=\"(max-width: 683px) 100vw, 683px\" \/><\/p>\n<p align=\"JUSTIFY\"><img loading=\"lazy\" class=\"aligncenter size-large wp-image-2647\" src=\"https:\/\/pcpr.elk.pl\/wp-content\/uploads\/2024\/08\/A7303157-1024x683.jpg\" alt=\"\" width=\"683\" height=\"456\" srcset=\"https:\/\/pcpr.elk.pl\/wp-content\/uploads\/2024\/08\/A7303157-1024x683.jpg 1024w, https:\/\/pcpr.elk.pl\/wp-content\/uploads\/2024\/08\/A7303157-300x200.jpg 300w, https:\/\/pcpr.elk.pl\/wp-content\/uploads\/2024\/08\/A7303157-768x512.jpg 768w, https:\/\/pcpr.elk.pl\/wp-content\/uploads\/2024\/08\/A7303157-1536x1024.jpg 1536w, https:\/\/pcpr.elk.pl\/wp-content\/uploads\/2024\/08\/A7303157-24x16.jpg 24w, https:\/\/pcpr.elk.pl\/wp-content\/uploads\/2024\/08\/A7303157-36x24.jpg 36w, https:\/\/pcpr.elk.pl\/wp-content\/uploads\/2024\/08\/A7303157-48x32.jpg 48w, https:\/\/pcpr.elk.pl\/wp-content\/uploads\/2024\/08\/A7303157.jpg 1920w\" sizes=\"(max-width: 683px) 100vw, 683px\" \/><\/p>\n<p align=\"JUSTIFY\">\u00a0<\/p>\n","protected":false},"excerpt":{"rendered":"<p>\u00a0 Szkolenie dla kandydat\u00f3w do pe\u0142nienia funkcji rodziny zast\u0119pczej W dniu 21 lutego 2026 r.\u00a0 10 os\u00f3b uko\u0144czy\u0142o szkolenie dla kandydat\u00f3w do pe\u0142nienia funkcji rodziny zast\u0119pczej, kt\u00f3re rozpocz\u0119\u0142o si\u0119 25 pa\u017adziernika 2025 roku. Przez ostatnie miesi\u0105ce uczestnicy szkolenia zdobywali wiedz\u0119 i umiej\u0119tno\u015bci niezb\u0119dne do zapewnienia dzieciom bezpiecze\u0144stwa, wsparcia oraz stabilnego, pe\u0142nego ciep\u0142a domu. \u00a0 Gratulujemy [&hellip;]<\/p>\n","protected":false},"author":3,"featured_media":0,"parent":0,"menu_order":0,"comment_status":"closed","ping_status":"closed","template":"","meta":[],"_links":{"self":[{"href":"https:\/\/pcpr.elk.pl\/index.php\/wp-json\/wp\/v2\/pages\/2641"}],"collection":[{"href":"https:\/\/pcpr.elk.pl\/index.php\/wp-json\/wp\/v2\/pages"}],"about":[{"href":"https:\/\/pcpr.elk.pl\/index.php\/wp-json\/wp\/v2\/types\/page"}],"author":[{"embeddable":true,"href":"https:\/\/pcpr.elk.pl\/index.php\/wp-json\/wp\/v2\/users\/3"}],"replies":[{"embeddable":true,"href":"https:\/\/pcpr.elk.pl\/index.php\/wp-json\/wp\/v2\/comments?post=2641"}],"version-history":[{"count":49,"href":"https:\/\/pcpr.elk.pl\/index.php\/wp-json\/wp\/v2\/pages\/2641\/revisions"}],"predecessor-version":[{"id":3642,"href":"https:\/\/pcpr.elk.pl\/index.php\/wp-json\/wp\/v2\/pages\/2641\/revisions\/3642"}],"wp:attachment":[{"href":"https:\/\/pcpr.elk.pl\/index.php\/wp-json\/wp\/v2\/media?parent=2641"}],"curies":[{"name":"wp","href":"https:\/\/api.w.org\/{rel}","templated":true}]}}